{"id":5547,"date":"2023-02-01T16:40:05","date_gmt":"2023-02-01T21:40:05","guid":{"rendered":"https:\/\/www.convention.qc.ca\/?page_id=5547"},"modified":"2023-04-24T09:57:29","modified_gmt":"2023-04-24T13:57:29","slug":"works-art","status":"publish","type":"page","link":"https:\/\/www.convention.qc.ca\/en\/about\/works-art\/","title":{"rendered":"Works of Art"},"content":{"rendered":"<div  class=\"item wysiwyg component-paragraph component-no-padding \" ><div class=\"container\">\n<p><\/p>\n<\/div><\/div>\n\n<div  class=\"item wysiwyg component-media-text\"><div class=\"container\" >\n<div class=\"wp-block-media-text alignwide is-stacked-on-mobile\"><figure class=\"wp-block-media-text__media\"><img loading=\"lazy\" decoding=\"async\" width=\"1024\" height=\"657\" src=\"https:\/\/www.convention.qc.ca\/wp-content\/uploads\/quatuordAirainWEB-1024x657.jpg\" alt=\"\" class=\"wp-image-6972 size-full\" srcset=\"https:\/\/www.convention.qc.ca\/wp-content\/uploads\/quatuordAirainWEB-1024x657.jpg 1024w, https:\/\/www.convention.qc.ca\/wp-content\/uploads\/quatuordAirainWEB-700x449.jpg 700w, https:\/\/www.convention.qc.ca\/wp-content\/uploads\/quatuordAirainWEB-768x493.jpg 768w, https:\/\/www.convention.qc.ca\/wp-content\/uploads\/quatuordAirainWEB-1536x986.jpg 1536w, https:\/\/www.convention.qc.ca\/wp-content\/uploads\/quatuordAirainWEB-2048x1314.jpg 2048w, https:\/\/www.convention.qc.ca\/wp-content\/uploads\/quatuordAirainWEB-400x257.jpg 400w\" sizes=\"auto, (max-width: 1024px) 100vw, 1024px\" \/><\/figure><div class=\"wp-block-media-text__content\"><div  class=\"item wysiwyg component-paragraph component-no-padding \" ><div class=\"container\">\n<p><\/p>\n<\/div><\/div>\n\n<div  class=\"item wysiwyg component-heading component-no-padding \" ><div class=\"container\">\n<h2 class=\"wp-block-heading\">Quatuor d\u2019airain&nbsp;(The Bronze Quartet, Lucienne Payan-Cornet)<\/h2>\n<\/div><\/div>\n\n<div  class=\"item wysiwyg component-paragraph component-no-padding \" ><div class=\"container\">\n<p>The four bronze forms depict the successive positions of an imposing beast powerfully leaping. Four stages of a movement make tangible the relationship between space and time in a mighty outburst of freedom.<\/p>\n<\/div><\/div><\/div><\/div>\n<\/div><\/div>\n\n<div  class=\"item wysiwyg component-media-text\"><div class=\"container\" >\n<div class=\"wp-block-media-text alignwide has-media-on-the-right is-stacked-on-mobile\"><div class=\"wp-block-media-text__content\"><div  class=\"item wysiwyg component-paragraph component-no-padding \" ><div class=\"container\">\n<p><\/p>\n<\/div><\/div>\n\n<div  class=\"item wysiwyg component-heading component-no-padding \" ><div class=\"container\">\n<h2 class=\"wp-block-heading\">Monument pour A (Monument for A, Rose-Marie Goulet)<\/h2>\n<\/div><\/div>\n\n<div  class=\"item wysiwyg component-paragraph component-no-padding \" ><div class=\"container\">\n<p>The inscriptions etched into the ground, spherical elements set on high, and the pictorial treatment of the big walls and ceilings of the lobby are part of the event experience. The treatment of the entrance lobby upper walls and ceilings, with their contrasting shades and gradations of blue, provide a third dimension of the same work.<\/p>\n<\/div><\/div><\/div><figure class=\"wp-block-media-text__media\"><img loading=\"lazy\" decoding=\"async\" width=\"1024\" height=\"682\" src=\"https:\/\/www.convention.qc.ca\/wp-content\/uploads\/LesFestifs-com-Table-du-Cardinal-Centre-des-Congres-20220519-35-WEB-WEB-1024x682.jpg\" alt=\"Groupe de personnes debout dans le grand hall du Centre des congr\u00e8s de Qubec\" class=\"wp-image-7201 size-full\" srcset=\"https:\/\/www.convention.qc.ca\/wp-content\/uploads\/LesFestifs-com-Table-du-Cardinal-Centre-des-Congres-20220519-35-WEB-WEB-1024x682.jpg 1024w, https:\/\/www.convention.qc.ca\/wp-content\/uploads\/LesFestifs-com-Table-du-Cardinal-Centre-des-Congres-20220519-35-WEB-WEB-700x466.jpg 700w, https:\/\/www.convention.qc.ca\/wp-content\/uploads\/LesFestifs-com-Table-du-Cardinal-Centre-des-Congres-20220519-35-WEB-WEB-768x512.jpg 768w, https:\/\/www.convention.qc.ca\/wp-content\/uploads\/LesFestifs-com-Table-du-Cardinal-Centre-des-Congres-20220519-35-WEB-WEB-1536x1024.jpg 1536w, https:\/\/www.convention.qc.ca\/wp-content\/uploads\/LesFestifs-com-Table-du-Cardinal-Centre-des-Congres-20220519-35-WEB-WEB-2048x1365.jpg 2048w, https:\/\/www.convention.qc.ca\/wp-content\/uploads\/LesFestifs-com-Table-du-Cardinal-Centre-des-Congres-20220519-35-WEB-WEB-400x267.jpg 400w\" sizes=\"auto, (max-width: 1024px) 100vw, 1024px\" \/><figcaption class=\"wp-element-caption\">Photo: Les Festifs<\/figcaption><\/figure><\/div>\n<\/div><\/div>\n\n<div  class=\"item wysiwyg component-media-text\"><div class=\"container\" >\n<div class=\"wp-block-media-text alignwide is-stacked-on-mobile\"><figure class=\"wp-block-media-text__media\"><img loading=\"lazy\" decoding=\"async\" width=\"1024\" height=\"683\" src=\"https:\/\/www.convention.qc.ca\/wp-content\/uploads\/SocieteDuCentreDesCongresDeQuebec3-WEB-1024x683.jpg\" alt=\"\" class=\"wp-image-6974 size-full\" srcset=\"https:\/\/www.convention.qc.ca\/wp-content\/uploads\/SocieteDuCentreDesCongresDeQuebec3-WEB-1024x683.jpg 1024w, https:\/\/www.convention.qc.ca\/wp-content\/uploads\/SocieteDuCentreDesCongresDeQuebec3-WEB-700x467.jpg 700w, https:\/\/www.convention.qc.ca\/wp-content\/uploads\/SocieteDuCentreDesCongresDeQuebec3-WEB-768x512.jpg 768w, https:\/\/www.convention.qc.ca\/wp-content\/uploads\/SocieteDuCentreDesCongresDeQuebec3-WEB-1536x1024.jpg 1536w, https:\/\/www.convention.qc.ca\/wp-content\/uploads\/SocieteDuCentreDesCongresDeQuebec3-WEB-2048x1365.jpg 2048w, https:\/\/www.convention.qc.ca\/wp-content\/uploads\/SocieteDuCentreDesCongresDeQuebec3-WEB-400x267.jpg 400w\" sizes=\"auto, (max-width: 1024px) 100vw, 1024px\" \/><\/figure><div class=\"wp-block-media-text__content\"><div  class=\"item wysiwyg component-paragraph component-no-padding \" ><div class=\"container\">\n<p><\/p>\n<\/div><\/div>\n\n<div  class=\"item wysiwyg component-heading component-no-padding \" ><div class=\"container\">\n<h2 class=\"wp-block-heading\">D\u2019un lieu \u00e0 l\u2019autre (From One Place to the Other, Chantal S\u00e9guin))<\/h2>\n<\/div><\/div>\n\n<div  class=\"item wysiwyg component-paragraph component-no-padding \" ><div class=\"container\">\n<p>D\u2019un lieu \u00e0 l\u2019autre&nbsp;inhabits the stairs leading from the main lobby to the street. Some 100 upside-down stainless-steel figures are depicted in mid-stride on the ceiling and on hanging ladders. The concept problematizes in-between, meeting, and transitional spaces by taking a contemporary look at stairs as sculptural form.<\/p>\n<\/div><\/div><\/div><\/div>\n<\/div><\/div>\n\n<div  class=\"item wysiwyg component-heading component-no-padding \" ><div class=\"container\">\n<h2 class=\"wp-block-heading\">Paraiso (Ren\u00e9 Derouin, artiste)<\/h2>\n<\/div><\/div>\n\n<div  class=\"item wysiwyg component-paragraph component-no-padding \" ><div class=\"container\">\n<p>Para\u00edso&nbsp;is a 2,40 m x 31 m mural representing the duality of the baroque, figured in the heritage of Mexico with its blending of the great Mesoamerican and colonial Spanish cultures, then filtered by the artist through the lens of his own, Qu\u00e9bec, culture.<\/p>\n<\/div><\/div>\n\n<div  class=\"item wysiwyg component-image\"><div class=\"container\" >\n<figure class=\"wp-block-image size-large\"><img loading=\"lazy\" decoding=\"async\" width=\"1024\" height=\"683\" src=\"https:\/\/www.convention.qc.ca\/wp-content\/uploads\/Paraiso-2023-02-WEB-1024x683.jpg\" alt=\"\" class=\"wp-image-7937\" srcset=\"https:\/\/www.convention.qc.ca\/wp-content\/uploads\/Paraiso-2023-02-WEB-1024x683.jpg 1024w, https:\/\/www.convention.qc.ca\/wp-content\/uploads\/Paraiso-2023-02-WEB-700x467.jpg 700w, https:\/\/www.convention.qc.ca\/wp-content\/uploads\/Paraiso-2023-02-WEB-768x512.jpg 768w, https:\/\/www.convention.qc.ca\/wp-content\/uploads\/Paraiso-2023-02-WEB-1536x1024.jpg 1536w, https:\/\/www.convention.qc.ca\/wp-content\/uploads\/Paraiso-2023-02-WEB-2048x1366.jpg 2048w, https:\/\/www.convention.qc.ca\/wp-content\/uploads\/Paraiso-2023-02-WEB-400x267.jpg 400w\" sizes=\"auto, (max-width: 1024px) 100vw, 1024px\" \/><\/figure>\n<\/div><\/div>","protected":false},"excerpt":{"rendered":"Explore the works of art at the Qu\u00e9bec City Convention Centre and read more about the diversity of Qu\u00e9bec artists that make up our artistic legacy.","protected":false},"author":1,"featured_media":6974,"parent":5274,"menu_order":7,"comment_status":"closed","ping_status":"closed","template":"","meta":{"_acf_changed":false,"footnotes":""},"class_list":["post-5547","page","type-page","status-publish","has-post-thumbnail","hentry"],"acf":[],"yoast_head":"<!-- This site is optimized with the Yoast SEO plugin v26.7 - https:\/\/yoast.com\/wordpress\/plugins\/seo\/ -->\n<title>Works of Art | Qu\u00e9bec City Convention Centre<\/title>\n<meta name=\"description\" content=\"Explore the works of art at the Qu\u00e9bec City Convention Centre and read about the diversity of Qu\u00e9bec artists that make up our artistic legacy.\" \/>\n<meta name=\"robots\" content=\"index, follow, max-snippet:-1, max-image-preview:large, max-video-preview:-1\" \/>\n<link rel=\"canonical\" href=\"https:\/\/www.convention.qc.ca\/en\/about\/works-art\/\" \/>\n<meta property=\"og:locale\" content=\"en_US\" \/>\n<meta property=\"og:type\" content=\"article\" \/>\n<meta property=\"og:title\" content=\"Works of Art | Qu\u00e9bec City Convention Centre\" \/>\n<meta property=\"og:description\" content=\"Explore the works of art at the Qu\u00e9bec City Convention Centre and read about the diversity of Qu\u00e9bec artists that make up our artistic legacy.\" \/>\n<meta property=\"og:url\" content=\"https:\/\/www.convention.qc.ca\/en\/about\/works-art\/\" \/>\n<meta property=\"og:site_name\" content=\"Qu\u00e9bec City Convention Centre\" \/>\n<meta property=\"article:publisher\" content=\"https:\/\/www.facebook.com\/congresquebec\/\" \/>\n<meta property=\"article:modified_time\" content=\"2023-04-24T13:57:29+00:00\" \/>\n<meta property=\"og:image\" content=\"https:\/\/www.convention.qc.ca\/wp-content\/uploads\/SocieteDuCentreDesCongresDeQuebec3-WEB-scaled.jpg\" \/>\n\t<meta property=\"og:image:width\" content=\"2560\" \/>\n\t<meta property=\"og:image:height\" content=\"1706\" \/>\n\t<meta property=\"og:image:type\" content=\"image\/jpeg\" \/>\n<meta name=\"twitter:card\" content=\"summary_large_image\" \/>\n<meta name=\"twitter:site\" content=\"@quebeccongres\" \/>\n<meta name=\"twitter:label1\" content=\"Est. reading time\" \/>\n\t<meta name=\"twitter:data1\" content=\"2 minutes\" \/>\n<script type=\"application\/ld+json\" class=\"yoast-schema-graph\">{\"@context\":\"https:\/\/schema.org\",\"@graph\":[{\"@type\":\"WebPage\",\"@id\":\"https:\/\/www.convention.qc.ca\/en\/about\/works-art\/\",\"url\":\"https:\/\/www.convention.qc.ca\/en\/about\/works-art\/\",\"name\":\"Works of Art | Qu\u00e9bec City Convention Centre\",\"isPartOf\":{\"@id\":\"https:\/\/www.convention.qc.ca\/en\/#website\"},\"primaryImageOfPage\":{\"@id\":\"https:\/\/www.convention.qc.ca\/en\/about\/works-art\/#primaryimage\"},\"image\":{\"@id\":\"https:\/\/www.convention.qc.ca\/en\/about\/works-art\/#primaryimage\"},\"thumbnailUrl\":\"https:\/\/www.convention.qc.ca\/wp-content\/uploads\/SocieteDuCentreDesCongresDeQuebec3-WEB-scaled.jpg\",\"datePublished\":\"2023-02-01T21:40:05+00:00\",\"dateModified\":\"2023-04-24T13:57:29+00:00\",\"description\":\"Explore the works of art at the Qu\u00e9bec City Convention Centre and read about the diversity of Qu\u00e9bec artists that make up our artistic legacy.\",\"breadcrumb\":{\"@id\":\"https:\/\/www.convention.qc.ca\/en\/about\/works-art\/#breadcrumb\"},\"inLanguage\":\"en-US\",\"potentialAction\":[{\"@type\":\"ReadAction\",\"target\":[\"https:\/\/www.convention.qc.ca\/en\/about\/works-art\/\"]}]},{\"@type\":\"ImageObject\",\"inLanguage\":\"en-US\",\"@id\":\"https:\/\/www.convention.qc.ca\/en\/about\/works-art\/#primaryimage\",\"url\":\"https:\/\/www.convention.qc.ca\/wp-content\/uploads\/SocieteDuCentreDesCongresDeQuebec3-WEB-scaled.jpg\",\"contentUrl\":\"https:\/\/www.convention.qc.ca\/wp-content\/uploads\/SocieteDuCentreDesCongresDeQuebec3-WEB-scaled.jpg\",\"width\":2560,\"height\":1706},{\"@type\":\"BreadcrumbList\",\"@id\":\"https:\/\/www.convention.qc.ca\/en\/about\/works-art\/#breadcrumb\",\"itemListElement\":[{\"@type\":\"ListItem\",\"position\":1,\"name\":\"Accueil\",\"item\":\"https:\/\/www.convention.qc.ca\/en\/\"},{\"@type\":\"ListItem\",\"position\":2,\"name\":\"About\",\"item\":\"https:\/\/www.convention.qc.ca\/en\/about\/\"},{\"@type\":\"ListItem\",\"position\":3,\"name\":\"Works of Art\"}]},{\"@type\":\"WebSite\",\"@id\":\"https:\/\/www.convention.qc.ca\/en\/#website\",\"url\":\"https:\/\/www.convention.qc.ca\/en\/\",\"name\":\"Centre des congr\u00e8s de Qu\u00e9bec\",\"description\":\"Convention and exhibition center in Quebec City\",\"publisher\":{\"@id\":\"https:\/\/www.convention.qc.ca\/en\/#organization\"},\"potentialAction\":[{\"@type\":\"SearchAction\",\"target\":{\"@type\":\"EntryPoint\",\"urlTemplate\":\"https:\/\/www.convention.qc.ca\/en\/?s={search_term_string}\"},\"query-input\":{\"@type\":\"PropertyValueSpecification\",\"valueRequired\":true,\"valueName\":\"search_term_string\"}}],\"inLanguage\":\"en-US\"},{\"@type\":\"Organization\",\"@id\":\"https:\/\/www.convention.qc.ca\/en\/#organization\",\"name\":\"Centre des congr\u00e8s de Qu\u00e9bec\",\"url\":\"https:\/\/www.convention.qc.ca\/en\/\",\"logo\":{\"@type\":\"ImageObject\",\"inLanguage\":\"en-US\",\"@id\":\"https:\/\/www.convention.qc.ca\/en\/#\/schema\/logo\/image\/\",\"url\":\"https:\/\/www.convention.qc.ca\/wp-content\/uploads\/poster.png\",\"contentUrl\":\"https:\/\/www.convention.qc.ca\/wp-content\/uploads\/poster.png\",\"width\":1200,\"height\":630,\"caption\":\"Centre des congr\u00e8s de Qu\u00e9bec\"},\"image\":{\"@id\":\"https:\/\/www.convention.qc.ca\/en\/#\/schema\/logo\/image\/\"},\"sameAs\":[\"https:\/\/www.facebook.com\/congresquebec\/\",\"https:\/\/x.com\/quebeccongres\",\"https:\/\/www.instagram.com\/quebeccongres\/\",\"https:\/\/www.linkedin.com\/company\/congresquebec\"]}]}<\/script>\n<!-- \/ Yoast SEO plugin. -->","yoast_head_json":{"title":"Works of Art | Qu\u00e9bec City Convention Centre","description":"Explore the works of art at the Qu\u00e9bec City Convention Centre and read about the diversity of Qu\u00e9bec artists that make up our artistic legacy.","robots":{"index":"index","follow":"follow","max-snippet":"max-snippet:-1","max-image-preview":"max-image-preview:large","max-video-preview":"max-video-preview:-1"},"canonical":"https:\/\/www.convention.qc.ca\/en\/about\/works-art\/","og_locale":"en_US","og_type":"article","og_title":"Works of Art | Qu\u00e9bec City Convention Centre","og_description":"Explore the works of art at the Qu\u00e9bec City Convention Centre and read about the diversity of Qu\u00e9bec artists that make up our artistic legacy.","og_url":"https:\/\/www.convention.qc.ca\/en\/about\/works-art\/","og_site_name":"Qu\u00e9bec City Convention Centre","article_publisher":"https:\/\/www.facebook.com\/congresquebec\/","article_modified_time":"2023-04-24T13:57:29+00:00","og_image":[{"width":2560,"height":1706,"url":"https:\/\/www.convention.qc.ca\/wp-content\/uploads\/SocieteDuCentreDesCongresDeQuebec3-WEB-scaled.jpg","type":"image\/jpeg"}],"twitter_card":"summary_large_image","twitter_site":"@quebeccongres","twitter_misc":{"Est. reading time":"2 minutes"},"schema":{"@context":"https:\/\/schema.org","@graph":[{"@type":"WebPage","@id":"https:\/\/www.convention.qc.ca\/en\/about\/works-art\/","url":"https:\/\/www.convention.qc.ca\/en\/about\/works-art\/","name":"Works of Art | Qu\u00e9bec City Convention Centre","isPartOf":{"@id":"https:\/\/www.convention.qc.ca\/en\/#website"},"primaryImageOfPage":{"@id":"https:\/\/www.convention.qc.ca\/en\/about\/works-art\/#primaryimage"},"image":{"@id":"https:\/\/www.convention.qc.ca\/en\/about\/works-art\/#primaryimage"},"thumbnailUrl":"https:\/\/www.convention.qc.ca\/wp-content\/uploads\/SocieteDuCentreDesCongresDeQuebec3-WEB-scaled.jpg","datePublished":"2023-02-01T21:40:05+00:00","dateModified":"2023-04-24T13:57:29+00:00","description":"Explore the works of art at the Qu\u00e9bec City Convention Centre and read about the diversity of Qu\u00e9bec artists that make up our artistic legacy.","breadcrumb":{"@id":"https:\/\/www.convention.qc.ca\/en\/about\/works-art\/#breadcrumb"},"inLanguage":"en-US","potentialAction":[{"@type":"ReadAction","target":["https:\/\/www.convention.qc.ca\/en\/about\/works-art\/"]}]},{"@type":"ImageObject","inLanguage":"en-US","@id":"https:\/\/www.convention.qc.ca\/en\/about\/works-art\/#primaryimage","url":"https:\/\/www.convention.qc.ca\/wp-content\/uploads\/SocieteDuCentreDesCongresDeQuebec3-WEB-scaled.jpg","contentUrl":"https:\/\/www.convention.qc.ca\/wp-content\/uploads\/SocieteDuCentreDesCongresDeQuebec3-WEB-scaled.jpg","width":2560,"height":1706},{"@type":"BreadcrumbList","@id":"https:\/\/www.convention.qc.ca\/en\/about\/works-art\/#breadcrumb","itemListElement":[{"@type":"ListItem","position":1,"name":"Accueil","item":"https:\/\/www.convention.qc.ca\/en\/"},{"@type":"ListItem","position":2,"name":"About","item":"https:\/\/www.convention.qc.ca\/en\/about\/"},{"@type":"ListItem","position":3,"name":"Works of Art"}]},{"@type":"WebSite","@id":"https:\/\/www.convention.qc.ca\/en\/#website","url":"https:\/\/www.convention.qc.ca\/en\/","name":"Centre des congr\u00e8s de Qu\u00e9bec","description":"Convention and exhibition center in Quebec City","publisher":{"@id":"https:\/\/www.convention.qc.ca\/en\/#organization"},"potentialAction":[{"@type":"SearchAction","target":{"@type":"EntryPoint","urlTemplate":"https:\/\/www.convention.qc.ca\/en\/?s={search_term_string}"},"query-input":{"@type":"PropertyValueSpecification","valueRequired":true,"valueName":"search_term_string"}}],"inLanguage":"en-US"},{"@type":"Organization","@id":"https:\/\/www.convention.qc.ca\/en\/#organization","name":"Centre des congr\u00e8s de Qu\u00e9bec","url":"https:\/\/www.convention.qc.ca\/en\/","logo":{"@type":"ImageObject","inLanguage":"en-US","@id":"https:\/\/www.convention.qc.ca\/en\/#\/schema\/logo\/image\/","url":"https:\/\/www.convention.qc.ca\/wp-content\/uploads\/poster.png","contentUrl":"https:\/\/www.convention.qc.ca\/wp-content\/uploads\/poster.png","width":1200,"height":630,"caption":"Centre des congr\u00e8s de Qu\u00e9bec"},"image":{"@id":"https:\/\/www.convention.qc.ca\/en\/#\/schema\/logo\/image\/"},"sameAs":["https:\/\/www.facebook.com\/congresquebec\/","https:\/\/x.com\/quebeccongres","https:\/\/www.instagram.com\/quebeccongres\/","https:\/\/www.linkedin.com\/company\/congresquebec"]}]}},"_links":{"self":[{"href":"https:\/\/www.convention.qc.ca\/en\/wp-json\/wp\/v2\/pages\/5547","targetHints":{"allow":["GET"]}}],"collection":[{"href":"https:\/\/www.convention.qc.ca\/en\/wp-json\/wp\/v2\/pages"}],"about":[{"href":"https:\/\/www.convention.qc.ca\/en\/wp-json\/wp\/v2\/types\/page"}],"author":[{"embeddable":true,"href":"https:\/\/www.convention.qc.ca\/en\/wp-json\/wp\/v2\/users\/1"}],"replies":[{"embeddable":true,"href":"https:\/\/www.convention.qc.ca\/en\/wp-json\/wp\/v2\/comments?post=5547"}],"version-history":[{"count":8,"href":"https:\/\/www.convention.qc.ca\/en\/wp-json\/wp\/v2\/pages\/5547\/revisions"}],"predecessor-version":[{"id":12533,"href":"https:\/\/www.convention.qc.ca\/en\/wp-json\/wp\/v2\/pages\/5547\/revisions\/12533"}],"up":[{"embeddable":true,"href":"https:\/\/www.convention.qc.ca\/en\/wp-json\/wp\/v2\/pages\/5274"}],"wp:featuredmedia":[{"embeddable":true,"href":"https:\/\/www.convention.qc.ca\/en\/wp-json\/wp\/v2\/media\/6974"}],"wp:attachment":[{"href":"https:\/\/www.convention.qc.ca\/en\/wp-json\/wp\/v2\/media?parent=5547"}],"curies":[{"name":"wp","href":"https:\/\/api.w.org\/{rel}","templated":true}]}}