{"id":5274,"date":"2023-02-01T14:16:55","date_gmt":"2023-02-01T19:16:55","guid":{"rendered":"https:\/\/www.convention.qc.ca\/?page_id=5274"},"modified":"2024-05-22T14:28:02","modified_gmt":"2024-05-22T18:28:02","slug":"about","status":"publish","type":"page","link":"https:\/\/www.convention.qc.ca\/en\/about\/","title":{"rendered":"About"},"content":{"rendered":"\n<div  class=\"item component-cta-banner component-no-padding\">\n    <section class=\"block-cta-banner js-a11y-block-link  block-cta-banner--is-common block-cta-banner--is-light\">\n        <div class=\"container\">\n            <div class=\"row\">\n                <div class=\"col-xs-12\">\n                    <div class=\"block-cta-banner__container\">\n                        <div class=\"block-cta-banner__content\">\n                                                            <h2 class=\"block-cta-banner__title\">CEO Message<\/h2>\n                                                        \n                            \n                                                            <a\n                                  class=\"block-cta-banner__link js-call-to-action-link\"\n                                  href=\"https:\/\/www.convention.qc.ca\/en\/about\/ceo-message\/\"\n                                  target=\"\"\n                                  data-a11y-link\n                                  data-name=\"CEO Message\"\n                                  data-label=\"Read the CEO Message\"\n                                >\n                                    <span>Read the CEO Message<\/span>\n                                    <svg width=\"14px\" height=\"15px\" aria-hidden=\"true\" focusable=\"false\"><use xlink:href=\"#ico-arrow-right\"><\/use><\/svg>\n                                <\/a>\n                                                    <\/div>\n                    <\/div>\n                    \n                                    <\/div>\n            <\/div>\n        <\/div>\n    <\/section>\n<\/div>\n\n\n<div  class=\"item component-cta-banner \">\n    <section class=\"block-cta-banner js-a11y-block-link block-cta-banner--is-reverse block-cta-banner--is-common block-cta-banner--is-dark\">\n        <div class=\"container\">\n            <div class=\"row\">\n                <div class=\"col-xs-12\">\n                    <div class=\"block-cta-banner__container\">\n                        <div class=\"block-cta-banner__content\">\n                                                            <h2 class=\"block-cta-banner__title\">Mission, Vision and Structure<\/h2>\n                                                        \n                            \n                                                            <a\n                                  class=\"block-cta-banner__link js-call-to-action-link\"\n                                  href=\"https:\/\/www.convention.qc.ca\/en\/about\/mission-vision-structure\/\"\n                                  target=\"\"\n                                  data-a11y-link\n                                  data-name=\"Mission, Vision and Structure\"\n                                  data-label=\"Learn more\"\n                                >\n                                    <span>Learn more<\/span>\n                                    <svg width=\"14px\" height=\"15px\" aria-hidden=\"true\" focusable=\"false\"><use xlink:href=\"#ico-arrow-right\"><\/use><\/svg>\n                                <\/a>\n                                                    <\/div>\n                    <\/div>\n                    \n                                    <\/div>\n            <\/div>\n        <\/div>\n    <\/section>\n<\/div>\n\n\n<div  class=\"item component-linked-posts \">\n    <div class=\"box\">\n        <div class=\"container\">\n            <div class=\"box__header row\">\n                <div class=\"col-xs-12 col-md-8\">\n                                    <\/div>\n\n                            <\/div>\n\n            <div class=\"box__list row\" role=\"list\">\n                \n                                <div class=\"col-xs-12 col-sm-4\" role=\"listitem\">\n                    <article class=\"article-card article-card--posts js-a11y-block-link\">\n                        <div class=\"article-card__thumbnail\">\n                                                            <img loading=\"lazy\" decoding=\"async\" width=\"1024\" height=\"837\" src=\"https:\/\/www.convention.qc.ca\/wp-content\/uploads\/construction-centre-congres-quebec-1995-1024x837.jpg\" class=\"attachment-large size-large wp-post-image\" alt=\"Chantier de construction du Centre des congr\u00e8s de Qu\u00e9bec, avec 2 grues, le Hilton au loin, et une structure de bois o\u00f9 2 travailleurs grimpent.\" srcset=\"https:\/\/www.convention.qc.ca\/wp-content\/uploads\/construction-centre-congres-quebec-1995-1024x837.jpg 1024w, https:\/\/www.convention.qc.ca\/wp-content\/uploads\/construction-centre-congres-quebec-1995-700x572.jpg 700w, https:\/\/www.convention.qc.ca\/wp-content\/uploads\/construction-centre-congres-quebec-1995-768x628.jpg 768w, https:\/\/www.convention.qc.ca\/wp-content\/uploads\/construction-centre-congres-quebec-1995-1536x1255.jpg 1536w, https:\/\/www.convention.qc.ca\/wp-content\/uploads\/construction-centre-congres-quebec-1995-2048x1674.jpg 2048w, https:\/\/www.convention.qc.ca\/wp-content\/uploads\/construction-centre-congres-quebec-1995-400x327.jpg 400w\" sizes=\"auto, (max-width: 1024px) 100vw, 1024px\" \/>                                                    <\/div>\n                        <div class=\"article-card__content\">\n                            <a href=\"https:\/\/www.convention.qc.ca\/en\/about\/history\/\" class=\"article-card__title\" data-a11y-link>\n                                History                            <\/a>\n                            <p class=\"article-card__excerpt\">Explore the history of the Qu\u00e9bec City Convention Centre, its important dates and moments since its opening in 1996.<\/p>\n\n                            \n                                                    <\/div>\n                    <\/article>\n                <\/div>\n                                <div class=\"col-xs-12 col-sm-4\" role=\"listitem\">\n                    <article class=\"article-card article-card--posts js-a11y-block-link\">\n                        <div class=\"article-card__thumbnail\">\n                                                            <img loading=\"lazy\" decoding=\"async\" width=\"498\" height=\"290\" src=\"https:\/\/www.convention.qc.ca\/wp-content\/uploads\/toit-vert-abeilles-498x290-1.jpg\" class=\"attachment-large size-large wp-post-image\" alt=\"\" srcset=\"https:\/\/www.convention.qc.ca\/wp-content\/uploads\/toit-vert-abeilles-498x290-1.jpg 498w, https:\/\/www.convention.qc.ca\/wp-content\/uploads\/toit-vert-abeilles-498x290-1-400x233.jpg 400w\" sizes=\"auto, (max-width: 498px) 100vw, 498px\" \/>                                                    <\/div>\n                        <div class=\"article-card__content\">\n                            <a href=\"https:\/\/www.convention.qc.ca\/en\/about\/sustainability-commitment\/\" class=\"article-card__title\" data-a11y-link>\n                                Sustainability Commitment                            <\/a>\n                            <p class=\"article-card__excerpt\">Discover the policies and action plans deployed over the years to guide the Quebec City Convention Centre&#8217;s sustainable commitment.<\/p>\n\n                            \n                                                    <\/div>\n                    <\/article>\n                <\/div>\n                                <div class=\"col-xs-12 col-sm-4\" role=\"listitem\">\n                    <article class=\"article-card article-card--posts js-a11y-block-link\">\n                        <div class=\"article-card__thumbnail\">\n                                                            <img loading=\"lazy\" decoding=\"async\" width=\"1024\" height=\"683\" src=\"https:\/\/www.convention.qc.ca\/wp-content\/uploads\/Moisson_Quebec_\u252c\u00aePascaleRosenthal\u252c\u00aePascaleRosenthal-2-WEB-1024x683.jpg\" class=\"attachment-large size-large wp-post-image\" alt=\"Homme avec un masque qui met des aliments dans une bo\u00eete. 2 rang\u00e9es de biscuits C\u00e9l\u00e9bration de Leclerc sur une table.\" srcset=\"https:\/\/www.convention.qc.ca\/wp-content\/uploads\/Moisson_Quebec_\u252c\u00aePascaleRosenthal\u252c\u00aePascaleRosenthal-2-WEB-1024x683.jpg 1024w, https:\/\/www.convention.qc.ca\/wp-content\/uploads\/Moisson_Quebec_\u252c\u00aePascaleRosenthal\u252c\u00aePascaleRosenthal-2-WEB-700x467.jpg 700w, https:\/\/www.convention.qc.ca\/wp-content\/uploads\/Moisson_Quebec_\u252c\u00aePascaleRosenthal\u252c\u00aePascaleRosenthal-2-WEB-768x512.jpg 768w, https:\/\/www.convention.qc.ca\/wp-content\/uploads\/Moisson_Quebec_\u252c\u00aePascaleRosenthal\u252c\u00aePascaleRosenthal-2-WEB-1536x1024.jpg 1536w, https:\/\/www.convention.qc.ca\/wp-content\/uploads\/Moisson_Quebec_\u252c\u00aePascaleRosenthal\u252c\u00aePascaleRosenthal-2-WEB-2048x1366.jpg 2048w, https:\/\/www.convention.qc.ca\/wp-content\/uploads\/Moisson_Quebec_\u252c\u00aePascaleRosenthal\u252c\u00aePascaleRosenthal-2-WEB-400x267.jpg 400w\" sizes=\"auto, (max-width: 1024px) 100vw, 1024px\" \/>                                                    <\/div>\n                        <div class=\"article-card__content\">\n                            <a href=\"https:\/\/www.convention.qc.ca\/en\/about\/contributing-community\/\" class=\"article-card__title\" data-a11y-link>\n                                Contributing to the Community                            <\/a>\n                            <p class=\"article-card__excerpt\">Learn more about the impact and contribution of the Qu\u00e9bec City Convention Centre to the community and economy of Qu\u00e9bec.<\/p>\n\n                            \n                                                    <\/div>\n                    <\/article>\n                <\/div>\n                            <\/div>\n        <\/div>\n    <\/div>\n<\/div>\n\n\n\n<div  class=\"item component-cta-banner component-no-padding\">\n    <section class=\"block-cta-banner js-a11y-block-link  block-cta-banner--is-common block-cta-banner--is-dark\">\n        <div class=\"container\">\n            <div class=\"row\">\n                <div class=\"col-xs-12\">\n                    <div class=\"block-cta-banner__container\">\n                        <div class=\"block-cta-banner__content\">\n                                                            <h2 class=\"block-cta-banner__title\">Awards, Certifications and Affiliations <\/h2>\n                                                        \n                            \n                                                            <a\n                                  class=\"block-cta-banner__link js-call-to-action-link\"\n                                  href=\"https:\/\/www.convention.qc.ca\/en\/about\/awards-certifications-affiliations\/\"\n                                  target=\"\"\n                                  data-a11y-link\n                                  data-name=\"Awards, Certifications and Affiliations \"\n                                  data-label=\"See Awards\"\n                                >\n                                    <span>See Awards<\/span>\n                                    <svg width=\"14px\" height=\"15px\" aria-hidden=\"true\" focusable=\"false\"><use xlink:href=\"#ico-arrow-right\"><\/use><\/svg>\n                                <\/a>\n                                                    <\/div>\n                    <\/div>\n                    \n                                    <\/div>\n            <\/div>\n        <\/div>\n    <\/section>\n<\/div>\n\n\n<div  class=\"item component-cta-banner component-no-padding\">\n    <section class=\"block-cta-banner js-a11y-block-link block-cta-banner--is-reverse block-cta-banner--is-common block-cta-banner--is-light\">\n        <div class=\"container\">\n            <div class=\"row\">\n                <div class=\"col-xs-12\">\n                    <div class=\"block-cta-banner__container\">\n                        <div class=\"block-cta-banner__content\">\n                                                            <h2 class=\"block-cta-banner__title\">Governance and Board of Directors<\/h2>\n                                                        \n                            \n                                                            <a\n                                  class=\"block-cta-banner__link js-call-to-action-link\"\n                                  href=\"https:\/\/www.convention.qc.ca\/en\/about\/governance-board-directors\/\"\n                                  target=\"\"\n                                  data-a11y-link\n                                  data-name=\"Governance and Board of Directors\"\n                                  data-label=\"Learn More on the Board\"\n                                >\n                                    <span>Learn More on the Board<\/span>\n                                    <svg width=\"14px\" height=\"15px\" aria-hidden=\"true\" focusable=\"false\"><use xlink:href=\"#ico-arrow-right\"><\/use><\/svg>\n                                <\/a>\n                                                    <\/div>\n                    <\/div>\n                    \n                                    <\/div>\n            <\/div>\n        <\/div>\n    <\/section>\n<\/div>\n\n\n<div  class=\"item component-cta-banner component-no-padding\">\n    <section class=\"block-cta-banner js-a11y-block-link  block-cta-banner--is-common block-cta-banner--is-dark\">\n        <div class=\"container\">\n            <div class=\"row\">\n                <div class=\"col-xs-12\">\n                    <div class=\"block-cta-banner__container\">\n                        <div class=\"block-cta-banner__content\">\n                                                            <h2 class=\"block-cta-banner__title\">Management Team<\/h2>\n                                                        \n                            \n                                                            <a\n                                  class=\"block-cta-banner__link js-call-to-action-link\"\n                                  href=\"https:\/\/www.convention.qc.ca\/en\/about\/management-team\/\"\n                                  target=\"\"\n                                  data-a11y-link\n                                  data-name=\"Management Team\"\n                                  data-label=\"Learn More on the Team\"\n                                >\n                                    <span>Learn More on the Team<\/span>\n                                    <svg width=\"14px\" height=\"15px\" aria-hidden=\"true\" focusable=\"false\"><use xlink:href=\"#ico-arrow-right\"><\/use><\/svg>\n                                <\/a>\n                                                    <\/div>\n                    <\/div>\n                    \n                                    <\/div>\n            <\/div>\n        <\/div>\n    <\/section>\n<\/div>\n\n\n<div  class=\"item component-linked-posts \">\n    <div class=\"box\">\n        <div class=\"container\">\n            <div class=\"box__header row\">\n                <div class=\"col-xs-12 col-md-8\">\n                                    <\/div>\n\n                            <\/div>\n\n            <div class=\"box__list row\" role=\"list\">\n                \n                                <div class=\"col-xs-12 col-sm-4\" role=\"listitem\">\n                    <article class=\"article-card article-card--posts js-a11y-block-link\">\n                        <div class=\"article-card__thumbnail\">\n                                                            <img loading=\"lazy\" decoding=\"async\" width=\"1024\" height=\"576\" src=\"https:\/\/www.convention.qc.ca\/wp-content\/uploads\/Mock-up-Rapport-annuel-2024-2025-1024x576.png\" class=\"attachment-large size-large wp-post-image\" alt=\"Rapport annuel 2024-2025 de la Soci\u00e9t\u00e9 du Centre des congr\u00e8s de Qu\u00e9bec en version imprim\u00e9e, d\u00e9pos\u00e9e sur une table de bois.\" srcset=\"https:\/\/www.convention.qc.ca\/wp-content\/uploads\/Mock-up-Rapport-annuel-2024-2025-1024x576.png 1024w, https:\/\/www.convention.qc.ca\/wp-content\/uploads\/Mock-up-Rapport-annuel-2024-2025-700x394.png 700w, https:\/\/www.convention.qc.ca\/wp-content\/uploads\/Mock-up-Rapport-annuel-2024-2025-768x432.png 768w, https:\/\/www.convention.qc.ca\/wp-content\/uploads\/Mock-up-Rapport-annuel-2024-2025-400x225.png 400w, https:\/\/www.convention.qc.ca\/wp-content\/uploads\/Mock-up-Rapport-annuel-2024-2025.png 1152w\" sizes=\"auto, (max-width: 1024px) 100vw, 1024px\" \/>                                                    <\/div>\n                        <div class=\"article-card__content\">\n                            <a href=\"https:\/\/www.convention.qc.ca\/en\/about\/publications\/\" class=\"article-card__title\" data-a11y-link>\n                                Publications                            <\/a>\n                            <p class=\"article-card__excerpt\">Read annual reports and other documents published over the years by the Soci\u00e9t\u00e9 du Centre des congr\u00e8s de Qu\u00e9bec.<\/p>\n\n                            \n                                                    <\/div>\n                    <\/article>\n                <\/div>\n                                <div class=\"col-xs-12 col-sm-4\" role=\"listitem\">\n                    <article class=\"article-card article-card--posts js-a11y-block-link\">\n                        <div class=\"article-card__thumbnail\">\n                                                            <img loading=\"lazy\" decoding=\"async\" width=\"1024\" height=\"683\" src=\"https:\/\/www.convention.qc.ca\/wp-content\/uploads\/SocieteDuCentreDesCongresDeQuebec3-WEB-1024x683.jpg\" class=\"attachment-large size-large wp-post-image\" alt=\"\" srcset=\"https:\/\/www.convention.qc.ca\/wp-content\/uploads\/SocieteDuCentreDesCongresDeQuebec3-WEB-1024x683.jpg 1024w, https:\/\/www.convention.qc.ca\/wp-content\/uploads\/SocieteDuCentreDesCongresDeQuebec3-WEB-700x467.jpg 700w, https:\/\/www.convention.qc.ca\/wp-content\/uploads\/SocieteDuCentreDesCongresDeQuebec3-WEB-768x512.jpg 768w, https:\/\/www.convention.qc.ca\/wp-content\/uploads\/SocieteDuCentreDesCongresDeQuebec3-WEB-1536x1024.jpg 1536w, https:\/\/www.convention.qc.ca\/wp-content\/uploads\/SocieteDuCentreDesCongresDeQuebec3-WEB-2048x1365.jpg 2048w, https:\/\/www.convention.qc.ca\/wp-content\/uploads\/SocieteDuCentreDesCongresDeQuebec3-WEB-400x267.jpg 400w\" sizes=\"auto, (max-width: 1024px) 100vw, 1024px\" \/>                                                    <\/div>\n                        <div class=\"article-card__content\">\n                            <a href=\"https:\/\/www.convention.qc.ca\/en\/about\/works-art\/\" class=\"article-card__title\" data-a11y-link>\n                                Works of Art                            <\/a>\n                            <p class=\"article-card__excerpt\">Explore the works of art at the Qu\u00e9bec City Convention Centre and read more about the diversity of Qu\u00e9bec artists that make up our artistic legacy.<\/p>\n\n                            \n                                                    <\/div>\n                    <\/article>\n                <\/div>\n                            <\/div>\n        <\/div>\n    <\/div>\n<\/div>\n\n\n\n<div  class=\"item component-cta-banner component-no-padding\">\n    <section class=\"block-cta-banner js-a11y-block-link  block-cta-banner--is-common block-cta-banner--is-dark\">\n        <div class=\"container\">\n            <div class=\"row\">\n                <div class=\"col-xs-12\">\n                    <div class=\"block-cta-banner__container\">\n                        <div class=\"block-cta-banner__content\">\n                                                            <h2 class=\"block-cta-banner__title\">Access to Information<\/h2>\n                                                        \n                            \n                                                            <a\n                                  class=\"block-cta-banner__link js-call-to-action-link\"\n                                  href=\"https:\/\/www.convention.qc.ca\/en\/about\/acces-information\/\"\n                                  target=\"\"\n                                  data-a11y-link\n                                  data-name=\"Access to Information\"\n                                  data-label=\"Learn More Access to Information\"\n                                >\n                                    <span>Learn More Access to Information<\/span>\n                                    <svg width=\"14px\" height=\"15px\" aria-hidden=\"true\" focusable=\"false\"><use xlink:href=\"#ico-arrow-right\"><\/use><\/svg>\n                                <\/a>\n                                                    <\/div>\n                    <\/div>\n                    \n                                    <\/div>\n            <\/div>\n        <\/div>\n    <\/section>\n<\/div>\n\n\n<div  class=\"item component-cta-banner component-no-padding\">\n    <section class=\"block-cta-banner js-a11y-block-link block-cta-banner--is-reverse block-cta-banner--is-common block-cta-banner--is-light\">\n        <div class=\"container\">\n            <div class=\"row\">\n                <div class=\"col-xs-12\">\n                    <div class=\"block-cta-banner__container\">\n                        <div class=\"block-cta-banner__content\">\n                                                            <h2 class=\"block-cta-banner__title\">Privacy Policy<\/h2>\n                                                        \n                            \n                                                            <a\n                                  class=\"block-cta-banner__link js-call-to-action-link\"\n                                  href=\"https:\/\/www.convention.qc.ca\/en\/about\/privacy-policy\/\"\n                                  target=\"\"\n                                  data-a11y-link\n                                  data-name=\"Privacy Policy\"\n                                  data-label=\"See Policy\"\n                                >\n                                    <span>See Policy<\/span>\n                                    <svg width=\"14px\" height=\"15px\" aria-hidden=\"true\" focusable=\"false\"><use xlink:href=\"#ico-arrow-right\"><\/use><\/svg>\n                                <\/a>\n                                                    <\/div>\n                    <\/div>\n                    \n                                    <\/div>\n            <\/div>\n        <\/div>\n    <\/section>\n<\/div>\n\n<div  class=\"item wysiwyg component-paragraph component-no-padding \" ><div class=\"container\">\n<p><\/p>\n<\/div><\/div>","protected":false},"excerpt":{"rendered":"Learn more on the Convention Centre&#8217;s governance, management and commitment to its community. ","protected":false},"author":1,"featured_media":13884,"parent":0,"menu_order":-70,"comment_status":"closed","ping_status":"closed","template":"","meta":{"_acf_changed":false,"footnotes":""},"class_list":["post-5274","page","type-page","status-publish","has-post-thumbnail","hentry"],"acf":[],"yoast_head":"<!-- This site is optimized with the Yoast SEO plugin v26.7 - https:\/\/yoast.com\/wordpress\/plugins\/seo\/ -->\n<title>About | Qu\u00e9bec City Convention Centre<\/title>\n<meta name=\"description\" content=\"Learn more on the Convention Centre&#039;s governance, management and commitment to its community.\" \/>\n<meta name=\"robots\" content=\"index, follow, max-snippet:-1, max-image-preview:large, max-video-preview:-1\" \/>\n<link rel=\"canonical\" href=\"https:\/\/www.convention.qc.ca\/en\/about\/\" \/>\n<meta property=\"og:locale\" content=\"en_US\" \/>\n<meta property=\"og:type\" content=\"article\" \/>\n<meta property=\"og:title\" content=\"About | Qu\u00e9bec City Convention Centre\" \/>\n<meta property=\"og:description\" content=\"Learn more on the Convention Centre&#039;s governance, management and commitment to its community.\" \/>\n<meta property=\"og:url\" content=\"https:\/\/www.convention.qc.ca\/en\/about\/\" \/>\n<meta property=\"og:site_name\" content=\"Qu\u00e9bec City Convention Centre\" \/>\n<meta property=\"article:publisher\" content=\"https:\/\/www.facebook.com\/congresquebec\/\" \/>\n<meta property=\"article:modified_time\" content=\"2024-05-22T18:28:02+00:00\" \/>\n<meta property=\"og:image\" content=\"https:\/\/www.convention.qc.ca\/wp-content\/uploads\/RA-22-23-mockup-00-scaled.jpg\" \/>\n\t<meta property=\"og:image:width\" content=\"2560\" \/>\n\t<meta property=\"og:image:height\" content=\"1707\" \/>\n\t<meta property=\"og:image:type\" content=\"image\/jpeg\" \/>\n<meta name=\"twitter:card\" content=\"summary_large_image\" \/>\n<meta name=\"twitter:site\" content=\"@quebeccongres\" \/>\n<meta name=\"twitter:label1\" content=\"Est. reading time\" \/>\n\t<meta name=\"twitter:data1\" content=\"1 minute\" \/>\n<script type=\"application\/ld+json\" class=\"yoast-schema-graph\">{\"@context\":\"https:\/\/schema.org\",\"@graph\":[{\"@type\":\"WebPage\",\"@id\":\"https:\/\/www.convention.qc.ca\/en\/about\/\",\"url\":\"https:\/\/www.convention.qc.ca\/en\/about\/\",\"name\":\"About | Qu\u00e9bec City Convention Centre\",\"isPartOf\":{\"@id\":\"https:\/\/www.convention.qc.ca\/en\/#website\"},\"primaryImageOfPage\":{\"@id\":\"https:\/\/www.convention.qc.ca\/en\/about\/#primaryimage\"},\"image\":{\"@id\":\"https:\/\/www.convention.qc.ca\/en\/about\/#primaryimage\"},\"thumbnailUrl\":\"https:\/\/www.convention.qc.ca\/wp-content\/uploads\/RA-22-23-mockup-00-scaled.jpg\",\"datePublished\":\"2023-02-01T19:16:55+00:00\",\"dateModified\":\"2024-05-22T18:28:02+00:00\",\"description\":\"Learn more on the Convention Centre's governance, management and commitment to its community.\",\"breadcrumb\":{\"@id\":\"https:\/\/www.convention.qc.ca\/en\/about\/#breadcrumb\"},\"inLanguage\":\"en-US\",\"potentialAction\":[{\"@type\":\"ReadAction\",\"target\":[\"https:\/\/www.convention.qc.ca\/en\/about\/\"]}]},{\"@type\":\"ImageObject\",\"inLanguage\":\"en-US\",\"@id\":\"https:\/\/www.convention.qc.ca\/en\/about\/#primaryimage\",\"url\":\"https:\/\/www.convention.qc.ca\/wp-content\/uploads\/RA-22-23-mockup-00-scaled.jpg\",\"contentUrl\":\"https:\/\/www.convention.qc.ca\/wp-content\/uploads\/RA-22-23-mockup-00-scaled.jpg\",\"width\":2560,\"height\":1707,\"caption\":\"Cover of the 2022-2023 annual report of the Qu\u00e9bec City Convention Centre.\"},{\"@type\":\"BreadcrumbList\",\"@id\":\"https:\/\/www.convention.qc.ca\/en\/about\/#breadcrumb\",\"itemListElement\":[{\"@type\":\"ListItem\",\"position\":1,\"name\":\"Accueil\",\"item\":\"https:\/\/www.convention.qc.ca\/en\/\"},{\"@type\":\"ListItem\",\"position\":2,\"name\":\"About\"}]},{\"@type\":\"WebSite\",\"@id\":\"https:\/\/www.convention.qc.ca\/en\/#website\",\"url\":\"https:\/\/www.convention.qc.ca\/en\/\",\"name\":\"Centre des congr\u00e8s de Qu\u00e9bec\",\"description\":\"Convention and exhibition center in Quebec City\",\"publisher\":{\"@id\":\"https:\/\/www.convention.qc.ca\/en\/#organization\"},\"potentialAction\":[{\"@type\":\"SearchAction\",\"target\":{\"@type\":\"EntryPoint\",\"urlTemplate\":\"https:\/\/www.convention.qc.ca\/en\/?s={search_term_string}\"},\"query-input\":{\"@type\":\"PropertyValueSpecification\",\"valueRequired\":true,\"valueName\":\"search_term_string\"}}],\"inLanguage\":\"en-US\"},{\"@type\":\"Organization\",\"@id\":\"https:\/\/www.convention.qc.ca\/en\/#organization\",\"name\":\"Centre des congr\u00e8s de Qu\u00e9bec\",\"url\":\"https:\/\/www.convention.qc.ca\/en\/\",\"logo\":{\"@type\":\"ImageObject\",\"inLanguage\":\"en-US\",\"@id\":\"https:\/\/www.convention.qc.ca\/en\/#\/schema\/logo\/image\/\",\"url\":\"https:\/\/www.convention.qc.ca\/wp-content\/uploads\/poster.png\",\"contentUrl\":\"https:\/\/www.convention.qc.ca\/wp-content\/uploads\/poster.png\",\"width\":1200,\"height\":630,\"caption\":\"Centre des congr\u00e8s de Qu\u00e9bec\"},\"image\":{\"@id\":\"https:\/\/www.convention.qc.ca\/en\/#\/schema\/logo\/image\/\"},\"sameAs\":[\"https:\/\/www.facebook.com\/congresquebec\/\",\"https:\/\/x.com\/quebeccongres\",\"https:\/\/www.instagram.com\/quebeccongres\/\",\"https:\/\/www.linkedin.com\/company\/congresquebec\"]}]}<\/script>\n<!-- \/ Yoast SEO plugin. -->","yoast_head_json":{"title":"About | Qu\u00e9bec City Convention Centre","description":"Learn more on the Convention Centre's governance, management and commitment to its community.","robots":{"index":"index","follow":"follow","max-snippet":"max-snippet:-1","max-image-preview":"max-image-preview:large","max-video-preview":"max-video-preview:-1"},"canonical":"https:\/\/www.convention.qc.ca\/en\/about\/","og_locale":"en_US","og_type":"article","og_title":"About | Qu\u00e9bec City Convention Centre","og_description":"Learn more on the Convention Centre's governance, management and commitment to its community.","og_url":"https:\/\/www.convention.qc.ca\/en\/about\/","og_site_name":"Qu\u00e9bec City Convention Centre","article_publisher":"https:\/\/www.facebook.com\/congresquebec\/","article_modified_time":"2024-05-22T18:28:02+00:00","og_image":[{"width":2560,"height":1707,"url":"https:\/\/www.convention.qc.ca\/wp-content\/uploads\/RA-22-23-mockup-00-scaled.jpg","type":"image\/jpeg"}],"twitter_card":"summary_large_image","twitter_site":"@quebeccongres","twitter_misc":{"Est. reading time":"1 minute"},"schema":{"@context":"https:\/\/schema.org","@graph":[{"@type":"WebPage","@id":"https:\/\/www.convention.qc.ca\/en\/about\/","url":"https:\/\/www.convention.qc.ca\/en\/about\/","name":"About | Qu\u00e9bec City Convention Centre","isPartOf":{"@id":"https:\/\/www.convention.qc.ca\/en\/#website"},"primaryImageOfPage":{"@id":"https:\/\/www.convention.qc.ca\/en\/about\/#primaryimage"},"image":{"@id":"https:\/\/www.convention.qc.ca\/en\/about\/#primaryimage"},"thumbnailUrl":"https:\/\/www.convention.qc.ca\/wp-content\/uploads\/RA-22-23-mockup-00-scaled.jpg","datePublished":"2023-02-01T19:16:55+00:00","dateModified":"2024-05-22T18:28:02+00:00","description":"Learn more on the Convention Centre's governance, management and commitment to its community.","breadcrumb":{"@id":"https:\/\/www.convention.qc.ca\/en\/about\/#breadcrumb"},"inLanguage":"en-US","potentialAction":[{"@type":"ReadAction","target":["https:\/\/www.convention.qc.ca\/en\/about\/"]}]},{"@type":"ImageObject","inLanguage":"en-US","@id":"https:\/\/www.convention.qc.ca\/en\/about\/#primaryimage","url":"https:\/\/www.convention.qc.ca\/wp-content\/uploads\/RA-22-23-mockup-00-scaled.jpg","contentUrl":"https:\/\/www.convention.qc.ca\/wp-content\/uploads\/RA-22-23-mockup-00-scaled.jpg","width":2560,"height":1707,"caption":"Cover of the 2022-2023 annual report of the Qu\u00e9bec City Convention Centre."},{"@type":"BreadcrumbList","@id":"https:\/\/www.convention.qc.ca\/en\/about\/#breadcrumb","itemListElement":[{"@type":"ListItem","position":1,"name":"Accueil","item":"https:\/\/www.convention.qc.ca\/en\/"},{"@type":"ListItem","position":2,"name":"About"}]},{"@type":"WebSite","@id":"https:\/\/www.convention.qc.ca\/en\/#website","url":"https:\/\/www.convention.qc.ca\/en\/","name":"Centre des congr\u00e8s de Qu\u00e9bec","description":"Convention and exhibition center in Quebec City","publisher":{"@id":"https:\/\/www.convention.qc.ca\/en\/#organization"},"potentialAction":[{"@type":"SearchAction","target":{"@type":"EntryPoint","urlTemplate":"https:\/\/www.convention.qc.ca\/en\/?s={search_term_string}"},"query-input":{"@type":"PropertyValueSpecification","valueRequired":true,"valueName":"search_term_string"}}],"inLanguage":"en-US"},{"@type":"Organization","@id":"https:\/\/www.convention.qc.ca\/en\/#organization","name":"Centre des congr\u00e8s de Qu\u00e9bec","url":"https:\/\/www.convention.qc.ca\/en\/","logo":{"@type":"ImageObject","inLanguage":"en-US","@id":"https:\/\/www.convention.qc.ca\/en\/#\/schema\/logo\/image\/","url":"https:\/\/www.convention.qc.ca\/wp-content\/uploads\/poster.png","contentUrl":"https:\/\/www.convention.qc.ca\/wp-content\/uploads\/poster.png","width":1200,"height":630,"caption":"Centre des congr\u00e8s de Qu\u00e9bec"},"image":{"@id":"https:\/\/www.convention.qc.ca\/en\/#\/schema\/logo\/image\/"},"sameAs":["https:\/\/www.facebook.com\/congresquebec\/","https:\/\/x.com\/quebeccongres","https:\/\/www.instagram.com\/quebeccongres\/","https:\/\/www.linkedin.com\/company\/congresquebec"]}]}},"_links":{"self":[{"href":"https:\/\/www.convention.qc.ca\/en\/wp-json\/wp\/v2\/pages\/5274","targetHints":{"allow":["GET"]}}],"collection":[{"href":"https:\/\/www.convention.qc.ca\/en\/wp-json\/wp\/v2\/pages"}],"about":[{"href":"https:\/\/www.convention.qc.ca\/en\/wp-json\/wp\/v2\/types\/page"}],"author":[{"embeddable":true,"href":"https:\/\/www.convention.qc.ca\/en\/wp-json\/wp\/v2\/users\/1"}],"replies":[{"embeddable":true,"href":"https:\/\/www.convention.qc.ca\/en\/wp-json\/wp\/v2\/comments?post=5274"}],"version-history":[{"count":22,"href":"https:\/\/www.convention.qc.ca\/en\/wp-json\/wp\/v2\/pages\/5274\/revisions"}],"predecessor-version":[{"id":15621,"href":"https:\/\/www.convention.qc.ca\/en\/wp-json\/wp\/v2\/pages\/5274\/revisions\/15621"}],"wp:featuredmedia":[{"embeddable":true,"href":"https:\/\/www.convention.qc.ca\/en\/wp-json\/wp\/v2\/media\/13884"}],"wp:attachment":[{"href":"https:\/\/www.convention.qc.ca\/en\/wp-json\/wp\/v2\/media?parent=5274"}],"curies":[{"name":"wp","href":"https:\/\/api.w.org\/{rel}","templated":true}]}}