{"id":5112,"date":"2022-12-19T11:37:55","date_gmt":"2022-12-19T16:37:55","guid":{"rendered":"https:\/\/www.convention.qc.ca\/?page_id=5112"},"modified":"2023-03-29T14:17:27","modified_gmt":"2023-03-29T18:17:27","slug":"contact","status":"publish","type":"page","link":"https:\/\/www.convention.qc.ca\/en\/contact\/","title":{"rendered":"Contact"},"content":{"rendered":"\n<div  class=\"item component-cta-split\">\n    <section class=\"block-cta-split \">\n        <div class=\"container\">\n            <div class=\"row\">\n                <div class=\"col-xs-12\">\n                    <div class=\"block-cta-split__container\">\n                        <div class=\"block-cta-split__section js-a11y-block-link\">\n                                                            <div class=\"block-cta-split__picture\">\n                                    <img loading=\"lazy\" decoding=\"async\" width=\"850\" height=\"435\" src=\"https:\/\/www.convention.qc.ca\/wp-content\/uploads\/CCQ-equipe-ventes-2016-WEB-850x435-1.jpg\" class=\"attachment-full size-full\" alt=\"\" srcset=\"https:\/\/www.convention.qc.ca\/wp-content\/uploads\/CCQ-equipe-ventes-2016-WEB-850x435-1.jpg 850w, https:\/\/www.convention.qc.ca\/wp-content\/uploads\/CCQ-equipe-ventes-2016-WEB-850x435-1-700x358.jpg 700w, https:\/\/www.convention.qc.ca\/wp-content\/uploads\/CCQ-equipe-ventes-2016-WEB-850x435-1-768x393.jpg 768w, https:\/\/www.convention.qc.ca\/wp-content\/uploads\/CCQ-equipe-ventes-2016-WEB-850x435-1-400x205.jpg 400w\" sizes=\"auto, (max-width: 850px) 100vw, 850px\" \/>                                <\/div>\n                            \n                            <div class=\"block-cta-split__content\">\n                                <h2 class=\"block-cta-split__title\">Sales Team<\/h2>\n                                <div class=\"block-cta-split__text\">\n                                    <p>Contact our sales team today to discuss your event and your projects!<\/p>\n                                <\/div>\n\n                                                                    <a\n                                      class=\"block-cta-split__link js-call-to-action-link\"\n                                      href=\"https:\/\/www.convention.qc.ca\/en\/contact\/sales-team\/\"\n                                      target=\"\"\n                                      data-a11y-link\n                                      data-name=\"Sales Team\"\n                                      data-label=\"Contact our Sales Team\"\n                                    >\n                                        <span>Contact our Sales Team<\/span>\n                                        <svg width=\"14px\" height=\"15px\" aria-hidden=\"true\" focusable=\"false\"><use xlink:href=\"#ico-arrow-right\"><\/use><\/svg>\n                                    <\/a>\n                                                            <\/div>\n                        <\/div>\n\n                        <div class=\"block-cta-split__section js-a11y-block-link\">\n                            <div class=\"block-cta-split__content\">\n                                <h2 class=\"block-cta-split__title\">Customer Care Team<\/h2>\n                                <div class=\"block-cta-split__text\">\n                                    <p>Our customer experience team will make your event at the Convention Centre a hassle-free experience.<\/p>\n                                <\/div>\n\n                                                                    <a\n                                      class=\"block-cta-split__link js-call-to-action-link\"\n                                      href=\"https:\/\/www.convention.qc.ca\/en\/contact\/customer-experience-team\/\"\n                                      target=\"\"\n                                      data-a11y-link\n                                      data-name=\"Customer Care Team\"\n                                      data-label=\"Contact our Customer Experience Team\"\n                                    >\n                                        <span>Contact our Customer Experience Team<\/span>\n                                        <svg width=\"14px\" height=\"15px\" aria-hidden=\"true\" focusable=\"false\"><use xlink:href=\"#ico-arrow-right\"><\/use><\/svg>\n                                    <\/a>\n                                                            <\/div>\n\n                                                            <div class=\"block-cta-split__picture\">\n                                    <img loading=\"lazy\" decoding=\"async\" width=\"850\" height=\"435\" src=\"https:\/\/www.convention.qc.ca\/wp-content\/uploads\/CCQ-equipe-coordo-2016-WEB-850x435-1.jpg\" class=\"attachment-full size-full\" alt=\"\" srcset=\"https:\/\/www.convention.qc.ca\/wp-content\/uploads\/CCQ-equipe-coordo-2016-WEB-850x435-1.jpg 850w, https:\/\/www.convention.qc.ca\/wp-content\/uploads\/CCQ-equipe-coordo-2016-WEB-850x435-1-700x358.jpg 700w, https:\/\/www.convention.qc.ca\/wp-content\/uploads\/CCQ-equipe-coordo-2016-WEB-850x435-1-768x393.jpg 768w, https:\/\/www.convention.qc.ca\/wp-content\/uploads\/CCQ-equipe-coordo-2016-WEB-850x435-1-400x205.jpg 400w\" sizes=\"auto, (max-width: 850px) 100vw, 850px\" \/>                                <\/div>\n                                                    <\/div>\n                    <\/div>\n                <\/div>\n            <\/div>\n        <\/div>\n    <\/section>\n<\/div>\n\n\n<div  class=\"item component-linked-posts \">\n    <div class=\"box\">\n        <div class=\"container\">\n            <div class=\"box__header row\">\n                <div class=\"col-xs-12 col-md-8\">\n                    <h2 class=\"h3\">How Can We Help You?<\/h2>                <\/div>\n\n                            <\/div>\n\n            <div class=\"box__list row\" role=\"list\">\n                \n                                <div class=\"col-xs-12 col-sm-4\" role=\"listitem\">\n                    <article class=\"article-card article-card--posts js-a11y-block-link\">\n                        <div class=\"article-card__thumbnail\">\n                                                            <img loading=\"lazy\" decoding=\"async\" width=\"1024\" height=\"573\" src=\"https:\/\/www.convention.qc.ca\/wp-content\/uploads\/atesser-equipe-contact-question-scaled-e1709136655339-1024x573.jpg\" class=\"attachment-large size-large wp-post-image\" alt=\"Aline Tesser qui r\u00e9pond \u00e0 des questions lors d&#039;un \u00e9v\u00e9nement.\" srcset=\"https:\/\/www.convention.qc.ca\/wp-content\/uploads\/atesser-equipe-contact-question-scaled-e1709136655339-1024x573.jpg 1024w, https:\/\/www.convention.qc.ca\/wp-content\/uploads\/atesser-equipe-contact-question-scaled-e1709136655339-700x392.jpg 700w, https:\/\/www.convention.qc.ca\/wp-content\/uploads\/atesser-equipe-contact-question-scaled-e1709136655339-768x430.jpg 768w, https:\/\/www.convention.qc.ca\/wp-content\/uploads\/atesser-equipe-contact-question-scaled-e1709136655339-1536x859.jpg 1536w, https:\/\/www.convention.qc.ca\/wp-content\/uploads\/atesser-equipe-contact-question-scaled-e1709136655339-2048x1145.jpg 2048w, https:\/\/www.convention.qc.ca\/wp-content\/uploads\/atesser-equipe-contact-question-scaled-e1709136655339-400x224.jpg 400w\" sizes=\"auto, (max-width: 1024px) 100vw, 1024px\" \/>                                                    <\/div>\n                        <div class=\"article-card__content\">\n                            <a href=\"https:\/\/www.convention.qc.ca\/en\/contact\/sales-contact-form\/\" class=\"article-card__title\" data-a11y-link>\n                                I Have a Question for the Sales Team                            <\/a>\n                            <p class=\"article-card__excerpt\">Get in touch with our anything but conventional team for a future event.<\/p>\n\n                            \n                                                    <\/div>\n                    <\/article>\n                <\/div>\n                                <div class=\"col-xs-12 col-sm-4\" role=\"listitem\">\n                    <article class=\"article-card article-card--posts js-a11y-block-link\">\n                        <div class=\"article-card__thumbnail\">\n                                                            <img loading=\"lazy\" decoding=\"async\" width=\"1024\" height=\"683\" src=\"https:\/\/www.convention.qc.ca\/wp-content\/uploads\/Salle-diffusion-2000D-\u00a9CCQ-34-WEB-1024x683.jpg\" class=\"attachment-large size-large wp-post-image\" alt=\"\" srcset=\"https:\/\/www.convention.qc.ca\/wp-content\/uploads\/Salle-diffusion-2000D-\u00a9CCQ-34-WEB-1024x683.jpg 1024w, https:\/\/www.convention.qc.ca\/wp-content\/uploads\/Salle-diffusion-2000D-\u00a9CCQ-34-WEB-700x467.jpg 700w, https:\/\/www.convention.qc.ca\/wp-content\/uploads\/Salle-diffusion-2000D-\u00a9CCQ-34-WEB-768x512.jpg 768w, https:\/\/www.convention.qc.ca\/wp-content\/uploads\/Salle-diffusion-2000D-\u00a9CCQ-34-WEB-1536x1024.jpg 1536w, https:\/\/www.convention.qc.ca\/wp-content\/uploads\/Salle-diffusion-2000D-\u00a9CCQ-34-WEB-2048x1366.jpg 2048w, https:\/\/www.convention.qc.ca\/wp-content\/uploads\/Salle-diffusion-2000D-\u00a9CCQ-34-WEB-400x267.jpg 400w\" sizes=\"auto, (max-width: 1024px) 100vw, 1024px\" \/>                                                    <\/div>\n                        <div class=\"article-card__content\">\n                            <a href=\"https:\/\/www.convention.qc.ca\/en\/contact\/information-request\/\" class=\"article-card__title\" data-a11y-link>\n                                I Have a Question                            <\/a>\n                            <p class=\"article-card__excerpt\">Contact us if you have a question about the Centre, if you are looking for  information or to share a comment.<\/p>\n\n                            \n                                                    <\/div>\n                    <\/article>\n                <\/div>\n                                <div class=\"col-xs-12 col-sm-4\" role=\"listitem\">\n                    <article class=\"article-card article-card--posts js-a11y-block-link\">\n                        <div class=\"article-card__thumbnail\">\n                                                            <img loading=\"lazy\" decoding=\"async\" width=\"1024\" height=\"683\" src=\"https:\/\/www.convention.qc.ca\/wp-content\/uploads\/eductour-2019-chapelle-amerique-fr-partenaire-rencontre-1024x683.jpg\" class=\"attachment-large size-large wp-post-image\" alt=\"A man and a woman sitiing at a table with papers on the table.\" srcset=\"https:\/\/www.convention.qc.ca\/wp-content\/uploads\/eductour-2019-chapelle-amerique-fr-partenaire-rencontre-1024x683.jpg 1024w, https:\/\/www.convention.qc.ca\/wp-content\/uploads\/eductour-2019-chapelle-amerique-fr-partenaire-rencontre-700x467.jpg 700w, https:\/\/www.convention.qc.ca\/wp-content\/uploads\/eductour-2019-chapelle-amerique-fr-partenaire-rencontre-768x512.jpg 768w, https:\/\/www.convention.qc.ca\/wp-content\/uploads\/eductour-2019-chapelle-amerique-fr-partenaire-rencontre-1536x1024.jpg 1536w, https:\/\/www.convention.qc.ca\/wp-content\/uploads\/eductour-2019-chapelle-amerique-fr-partenaire-rencontre-2048x1366.jpg 2048w, https:\/\/www.convention.qc.ca\/wp-content\/uploads\/eductour-2019-chapelle-amerique-fr-partenaire-rencontre-400x267.jpg 400w\" sizes=\"auto, (max-width: 1024px) 100vw, 1024px\" \/>                                                    <\/div>\n                        <div class=\"article-card__content\">\n                            <a href=\"https:\/\/www.convention.qc.ca\/en\/contact\/request-for-proposal\/\" class=\"article-card__title\" data-a11y-link>\n                                I Want to Fill Out a Request for Proposal                            <\/a>\n                            <p class=\"article-card__excerpt\">Send us a request for proposal to receive a personalized proposal tailored to your specifications.<\/p>\n\n                            \n                                                    <\/div>\n                    <\/article>\n                <\/div>\n                            <\/div>\n        <\/div>\n    <\/div>\n<\/div>\n","protected":false},"excerpt":{"rendered":"Get the Centre&#8217;s contact information or get in touch with our teams to plan your next event. ","protected":false},"author":1,"featured_media":6657,"parent":0,"menu_order":-60,"comment_status":"closed","ping_status":"closed","template":"","meta":{"_acf_changed":false,"footnotes":""},"class_list":["post-5112","page","type-page","status-publish","has-post-thumbnail","hentry"],"acf":[],"yoast_head":"<!-- This site is optimized with the Yoast SEO plugin v26.7 - https:\/\/yoast.com\/wordpress\/plugins\/seo\/ -->\n<title>Contact | Qu\u00e9bec City Convention Centre<\/title>\n<meta name=\"description\" content=\"Get the Convention Centre&#039;s contact information or get in touch with our teams to plan your next event.\" \/>\n<meta name=\"robots\" content=\"index, follow, max-snippet:-1, max-image-preview:large, max-video-preview:-1\" \/>\n<link rel=\"canonical\" href=\"https:\/\/www.convention.qc.ca\/en\/contact\/\" \/>\n<meta property=\"og:locale\" content=\"en_US\" \/>\n<meta property=\"og:type\" content=\"article\" \/>\n<meta property=\"og:title\" content=\"Contact | Qu\u00e9bec City Convention Centre\" \/>\n<meta property=\"og:description\" content=\"Get the Convention Centre&#039;s contact information or get in touch with our teams to plan your next event.\" \/>\n<meta property=\"og:url\" content=\"https:\/\/www.convention.qc.ca\/en\/contact\/\" \/>\n<meta property=\"og:site_name\" content=\"Qu\u00e9bec City Convention Centre\" \/>\n<meta property=\"article:publisher\" content=\"https:\/\/www.facebook.com\/congresquebec\/\" \/>\n<meta property=\"article:modified_time\" content=\"2023-03-29T18:17:27+00:00\" \/>\n<meta property=\"og:image\" content=\"https:\/\/www.convention.qc.ca\/wp-content\/uploads\/atesser-equipe-contact-question-scaled.jpg\" \/>\n\t<meta property=\"og:image:width\" content=\"2560\" \/>\n\t<meta property=\"og:image:height\" content=\"1706\" \/>\n\t<meta property=\"og:image:type\" content=\"image\/jpeg\" \/>\n<meta name=\"twitter:card\" content=\"summary_large_image\" \/>\n<meta name=\"twitter:site\" content=\"@quebeccongres\" \/>\n<script type=\"application\/ld+json\" class=\"yoast-schema-graph\">{\"@context\":\"https:\/\/schema.org\",\"@graph\":[{\"@type\":\"WebPage\",\"@id\":\"https:\/\/www.convention.qc.ca\/en\/contact\/\",\"url\":\"https:\/\/www.convention.qc.ca\/en\/contact\/\",\"name\":\"Contact | Qu\u00e9bec City Convention Centre\",\"isPartOf\":{\"@id\":\"https:\/\/www.convention.qc.ca\/en\/#website\"},\"primaryImageOfPage\":{\"@id\":\"https:\/\/www.convention.qc.ca\/en\/contact\/#primaryimage\"},\"image\":{\"@id\":\"https:\/\/www.convention.qc.ca\/en\/contact\/#primaryimage\"},\"thumbnailUrl\":\"https:\/\/www.convention.qc.ca\/wp-content\/uploads\/atesser-equipe-contact-question-scaled-e1709136655339.jpg\",\"datePublished\":\"2022-12-19T16:37:55+00:00\",\"dateModified\":\"2023-03-29T18:17:27+00:00\",\"description\":\"Get the Convention Centre's contact information or get in touch with our teams to plan your next event.\",\"breadcrumb\":{\"@id\":\"https:\/\/www.convention.qc.ca\/en\/contact\/#breadcrumb\"},\"inLanguage\":\"en-US\",\"potentialAction\":[{\"@type\":\"ReadAction\",\"target\":[\"https:\/\/www.convention.qc.ca\/en\/contact\/\"]}]},{\"@type\":\"ImageObject\",\"inLanguage\":\"en-US\",\"@id\":\"https:\/\/www.convention.qc.ca\/en\/contact\/#primaryimage\",\"url\":\"https:\/\/www.convention.qc.ca\/wp-content\/uploads\/atesser-equipe-contact-question-scaled-e1709136655339.jpg\",\"contentUrl\":\"https:\/\/www.convention.qc.ca\/wp-content\/uploads\/atesser-equipe-contact-question-scaled-e1709136655339.jpg\",\"width\":2555,\"height\":1429,\"caption\":\"Aline Tesser qui r\u00e9pond \u00e0 des questions lors d'un \u00e9v\u00e9nement.\"},{\"@type\":\"BreadcrumbList\",\"@id\":\"https:\/\/www.convention.qc.ca\/en\/contact\/#breadcrumb\",\"itemListElement\":[{\"@type\":\"ListItem\",\"position\":1,\"name\":\"Accueil\",\"item\":\"https:\/\/www.convention.qc.ca\/en\/\"},{\"@type\":\"ListItem\",\"position\":2,\"name\":\"Contact\"}]},{\"@type\":\"WebSite\",\"@id\":\"https:\/\/www.convention.qc.ca\/en\/#website\",\"url\":\"https:\/\/www.convention.qc.ca\/en\/\",\"name\":\"Centre des congr\u00e8s de Qu\u00e9bec\",\"description\":\"Convention and exhibition center in Quebec City\",\"publisher\":{\"@id\":\"https:\/\/www.convention.qc.ca\/en\/#organization\"},\"potentialAction\":[{\"@type\":\"SearchAction\",\"target\":{\"@type\":\"EntryPoint\",\"urlTemplate\":\"https:\/\/www.convention.qc.ca\/en\/?s={search_term_string}\"},\"query-input\":{\"@type\":\"PropertyValueSpecification\",\"valueRequired\":true,\"valueName\":\"search_term_string\"}}],\"inLanguage\":\"en-US\"},{\"@type\":\"Organization\",\"@id\":\"https:\/\/www.convention.qc.ca\/en\/#organization\",\"name\":\"Centre des congr\u00e8s de Qu\u00e9bec\",\"url\":\"https:\/\/www.convention.qc.ca\/en\/\",\"logo\":{\"@type\":\"ImageObject\",\"inLanguage\":\"en-US\",\"@id\":\"https:\/\/www.convention.qc.ca\/en\/#\/schema\/logo\/image\/\",\"url\":\"https:\/\/www.convention.qc.ca\/wp-content\/uploads\/poster.png\",\"contentUrl\":\"https:\/\/www.convention.qc.ca\/wp-content\/uploads\/poster.png\",\"width\":1200,\"height\":630,\"caption\":\"Centre des congr\u00e8s de Qu\u00e9bec\"},\"image\":{\"@id\":\"https:\/\/www.convention.qc.ca\/en\/#\/schema\/logo\/image\/\"},\"sameAs\":[\"https:\/\/www.facebook.com\/congresquebec\/\",\"https:\/\/x.com\/quebeccongres\",\"https:\/\/www.instagram.com\/quebeccongres\/\",\"https:\/\/www.linkedin.com\/company\/congresquebec\"]}]}<\/script>\n<!-- \/ Yoast SEO plugin. -->","yoast_head_json":{"title":"Contact | Qu\u00e9bec City Convention Centre","description":"Get the Convention Centre's contact information or get in touch with our teams to plan your next event.","robots":{"index":"index","follow":"follow","max-snippet":"max-snippet:-1","max-image-preview":"max-image-preview:large","max-video-preview":"max-video-preview:-1"},"canonical":"https:\/\/www.convention.qc.ca\/en\/contact\/","og_locale":"en_US","og_type":"article","og_title":"Contact | Qu\u00e9bec City Convention Centre","og_description":"Get the Convention Centre's contact information or get in touch with our teams to plan your next event.","og_url":"https:\/\/www.convention.qc.ca\/en\/contact\/","og_site_name":"Qu\u00e9bec City Convention Centre","article_publisher":"https:\/\/www.facebook.com\/congresquebec\/","article_modified_time":"2023-03-29T18:17:27+00:00","og_image":[{"width":2560,"height":1706,"url":"https:\/\/www.convention.qc.ca\/wp-content\/uploads\/atesser-equipe-contact-question-scaled.jpg","type":"image\/jpeg"}],"twitter_card":"summary_large_image","twitter_site":"@quebeccongres","schema":{"@context":"https:\/\/schema.org","@graph":[{"@type":"WebPage","@id":"https:\/\/www.convention.qc.ca\/en\/contact\/","url":"https:\/\/www.convention.qc.ca\/en\/contact\/","name":"Contact | Qu\u00e9bec City Convention Centre","isPartOf":{"@id":"https:\/\/www.convention.qc.ca\/en\/#website"},"primaryImageOfPage":{"@id":"https:\/\/www.convention.qc.ca\/en\/contact\/#primaryimage"},"image":{"@id":"https:\/\/www.convention.qc.ca\/en\/contact\/#primaryimage"},"thumbnailUrl":"https:\/\/www.convention.qc.ca\/wp-content\/uploads\/atesser-equipe-contact-question-scaled-e1709136655339.jpg","datePublished":"2022-12-19T16:37:55+00:00","dateModified":"2023-03-29T18:17:27+00:00","description":"Get the Convention Centre's contact information or get in touch with our teams to plan your next event.","breadcrumb":{"@id":"https:\/\/www.convention.qc.ca\/en\/contact\/#breadcrumb"},"inLanguage":"en-US","potentialAction":[{"@type":"ReadAction","target":["https:\/\/www.convention.qc.ca\/en\/contact\/"]}]},{"@type":"ImageObject","inLanguage":"en-US","@id":"https:\/\/www.convention.qc.ca\/en\/contact\/#primaryimage","url":"https:\/\/www.convention.qc.ca\/wp-content\/uploads\/atesser-equipe-contact-question-scaled-e1709136655339.jpg","contentUrl":"https:\/\/www.convention.qc.ca\/wp-content\/uploads\/atesser-equipe-contact-question-scaled-e1709136655339.jpg","width":2555,"height":1429,"caption":"Aline Tesser qui r\u00e9pond \u00e0 des questions lors d'un \u00e9v\u00e9nement."},{"@type":"BreadcrumbList","@id":"https:\/\/www.convention.qc.ca\/en\/contact\/#breadcrumb","itemListElement":[{"@type":"ListItem","position":1,"name":"Accueil","item":"https:\/\/www.convention.qc.ca\/en\/"},{"@type":"ListItem","position":2,"name":"Contact"}]},{"@type":"WebSite","@id":"https:\/\/www.convention.qc.ca\/en\/#website","url":"https:\/\/www.convention.qc.ca\/en\/","name":"Centre des congr\u00e8s de Qu\u00e9bec","description":"Convention and exhibition center in Quebec City","publisher":{"@id":"https:\/\/www.convention.qc.ca\/en\/#organization"},"potentialAction":[{"@type":"SearchAction","target":{"@type":"EntryPoint","urlTemplate":"https:\/\/www.convention.qc.ca\/en\/?s={search_term_string}"},"query-input":{"@type":"PropertyValueSpecification","valueRequired":true,"valueName":"search_term_string"}}],"inLanguage":"en-US"},{"@type":"Organization","@id":"https:\/\/www.convention.qc.ca\/en\/#organization","name":"Centre des congr\u00e8s de Qu\u00e9bec","url":"https:\/\/www.convention.qc.ca\/en\/","logo":{"@type":"ImageObject","inLanguage":"en-US","@id":"https:\/\/www.convention.qc.ca\/en\/#\/schema\/logo\/image\/","url":"https:\/\/www.convention.qc.ca\/wp-content\/uploads\/poster.png","contentUrl":"https:\/\/www.convention.qc.ca\/wp-content\/uploads\/poster.png","width":1200,"height":630,"caption":"Centre des congr\u00e8s de Qu\u00e9bec"},"image":{"@id":"https:\/\/www.convention.qc.ca\/en\/#\/schema\/logo\/image\/"},"sameAs":["https:\/\/www.facebook.com\/congresquebec\/","https:\/\/x.com\/quebeccongres","https:\/\/www.instagram.com\/quebeccongres\/","https:\/\/www.linkedin.com\/company\/congresquebec"]}]}},"_links":{"self":[{"href":"https:\/\/www.convention.qc.ca\/en\/wp-json\/wp\/v2\/pages\/5112","targetHints":{"allow":["GET"]}}],"collection":[{"href":"https:\/\/www.convention.qc.ca\/en\/wp-json\/wp\/v2\/pages"}],"about":[{"href":"https:\/\/www.convention.qc.ca\/en\/wp-json\/wp\/v2\/types\/page"}],"author":[{"embeddable":true,"href":"https:\/\/www.convention.qc.ca\/en\/wp-json\/wp\/v2\/users\/1"}],"replies":[{"embeddable":true,"href":"https:\/\/www.convention.qc.ca\/en\/wp-json\/wp\/v2\/comments?post=5112"}],"version-history":[{"count":7,"href":"https:\/\/www.convention.qc.ca\/en\/wp-json\/wp\/v2\/pages\/5112\/revisions"}],"predecessor-version":[{"id":7391,"href":"https:\/\/www.convention.qc.ca\/en\/wp-json\/wp\/v2\/pages\/5112\/revisions\/7391"}],"wp:featuredmedia":[{"embeddable":true,"href":"https:\/\/www.convention.qc.ca\/en\/wp-json\/wp\/v2\/media\/6657"}],"wp:attachment":[{"href":"https:\/\/www.convention.qc.ca\/en\/wp-json\/wp\/v2\/media?parent=5112"}],"curies":[{"name":"wp","href":"https:\/\/api.w.org\/{rel}","templated":true}]}}