{"id":7585,"date":"2022-01-18T10:26:00","date_gmt":"2022-01-18T15:26:00","guid":{"rendered":"https:\/\/www.convention.qc.ca\/nouvelles\/15-ans-ecoresponsabilite-evenementielle\/"},"modified":"2023-04-14T11:41:45","modified_gmt":"2023-04-14T15:41:45","slug":"15-years-eco-friendly-events","status":"publish","type":"communiques","link":"https:\/\/www.convention.qc.ca\/en\/news\/15-years-eco-friendly-events\/","title":{"rendered":"15 Years of Eco-Friendly Events"},"content":{"rendered":"<div  class=\"item wysiwyg component-paragraph component-no-padding \" ><div class=\"container\">\n<p>At the Qu\u00e9bec City Convention Centre, eco-friendly events have always been a priority. Our turnkey program for the organization of eco-friendly events was launched 15 years ago. Today, this concept is standard practice. However, in 2007, the program was new to the industry and made the Qu\u00e9bec City Convention Centre the first in Canada to launch such an initiative.<\/p>\n<\/div><\/div>\n\n<div  class=\"item wysiwyg component-paragraph component-no-padding \" ><div class=\"container\">\n<p>     <\/p>\n<\/div><\/div>\n\n<div  class=\"item wysiwyg component-media-text\"><div class=\"container\" >\n<div class=\"wp-block-media-text alignwide is-stacked-on-mobile\"><figure class=\"wp-block-media-text__media\"><img loading=\"lazy\" decoding=\"async\" width=\"1024\" height=\"682\" src=\"https:\/\/www.convention.qc.ca\/wp-content\/uploads\/FQM-2017-ilot-multimatiere-LR-1024x682-1.jpg\" alt=\"Poubelle \u00e0 plusieurs sections, appel\u00e9e Il\u00f4t multimati\u00e8re. On peux y composter, recycler ou jeter nos d\u00e9chets.\" class=\"wp-image-7457 size-full\" srcset=\"https:\/\/www.convention.qc.ca\/wp-content\/uploads\/FQM-2017-ilot-multimatiere-LR-1024x682-1.jpg 1024w, https:\/\/www.convention.qc.ca\/wp-content\/uploads\/FQM-2017-ilot-multimatiere-LR-1024x682-1-700x466.jpg 700w, https:\/\/www.convention.qc.ca\/wp-content\/uploads\/FQM-2017-ilot-multimatiere-LR-1024x682-1-768x512.jpg 768w, https:\/\/www.convention.qc.ca\/wp-content\/uploads\/FQM-2017-ilot-multimatiere-LR-1024x682-1-400x266.jpg 400w\" sizes=\"auto, (max-width: 1024px) 100vw, 1024px\" \/><\/figure><div class=\"wp-block-media-text__content\"><div  class=\"item wysiwyg component-heading component-no-padding \" ><div class=\"container\">\n<h2 class=\"wp-block-heading\">Outstanding building management and sustainable operations<\/h2>\n<\/div><\/div>\n\n<div  class=\"item wysiwyg component-paragraph component-no-padding \" ><div class=\"container\">\n<p>Since the Convention Centre opened in 1996, the teams in charge have ensured that visitors are offered a green building that meets the highest sustainability standards. As early as 2001, the residual material collection system was implemented in the building, when the concept was still in its infancy. Marc Poirier, Director of Building Management and Event Support, explained:&nbsp;<em>\u201cEvents generate a lot of waste. This became a major concern for us during our first years of operation. Event organizers were quick to follow suit. When they started talking to us about zero-waste events, we were already aware and ready to meet that demand.\u201d<\/em><\/p>\n<\/div><\/div><\/div><\/div>\n<\/div><\/div>\n\n<div  class=\"item wysiwyg component-heading component-no-padding \" ><div class=\"container\">\n<h2 class=\"wp-block-heading\">Better informed customers<\/h2>\n<\/div><\/div>\n\n<div  class=\"item wysiwyg component-paragraph component-no-padding \" ><div class=\"container\">\n<p>Clients\u2019 needs have evolved over the years. They now expect their event venues to demonstrate a firm commitment to sustainability throughout their operations. It\u2019s a promise the Qu\u00e9bec City Convention Centre can easily keep: every event we host automatically meets the requirements of Level 1 of the&nbsp;<a class=\"\" href=\"https:\/\/www.bnq.qc.ca\/en\/standardization\/sustainable-development\/responsible-event-management.html\" target=\"_blank\" rel=\"noreferrer noopener\">BNQ 9700-253 \u2013 Responsible Event Management standard<\/a>.&nbsp;<em>\u201cOur clients are increasingly knowledgeable and experienced regarding eco-friendly events. Their creativity, combined with the support offered by our teams, allows us to implement concrete and adapted actions to reduce the ecological footprint of the activities and events we organize,\u201d<\/em>&nbsp;added Mr. Poirier.<\/p>\n<\/div><\/div>\n\n<div  class=\"item wysiwyg component-columns\"><div class=\"container\" >\n<div class=\"wp-block-columns is-layout-flex wp-container-core-columns-is-layout-9d6595d7 wp-block-columns-is-layout-flex\">\n<div class=\"wp-block-column is-layout-flow wp-block-column-is-layout-flow\"><div  class=\"item wysiwyg component-image\"><div class=\"container\" >\n<figure class=\"wp-block-image size-full\"><img loading=\"lazy\" decoding=\"async\" width=\"1024\" height=\"683\" src=\"https:\/\/www.convention.qc.ca\/wp-content\/uploads\/Boite-Recuperation-Masques-1024x683-1.jpg\" alt=\"\" class=\"wp-image-7567\" srcset=\"https:\/\/www.convention.qc.ca\/wp-content\/uploads\/Boite-Recuperation-Masques-1024x683-1.jpg 1024w, https:\/\/www.convention.qc.ca\/wp-content\/uploads\/Boite-Recuperation-Masques-1024x683-1-700x467.jpg 700w, https:\/\/www.convention.qc.ca\/wp-content\/uploads\/Boite-Recuperation-Masques-1024x683-1-768x512.jpg 768w, https:\/\/www.convention.qc.ca\/wp-content\/uploads\/Boite-Recuperation-Masques-1024x683-1-400x267.jpg 400w\" sizes=\"auto, (max-width: 1024px) 100vw, 1024px\" \/><\/figure>\n<\/div><\/div><\/div>\n\n\n\n<div class=\"wp-block-column is-layout-flow wp-block-column-is-layout-flow\"><div  class=\"item wysiwyg component-image\"><div class=\"container\" >\n<figure class=\"wp-block-image size-full\"><img loading=\"lazy\" decoding=\"async\" width=\"828\" height=\"534\" src=\"https:\/\/www.convention.qc.ca\/wp-content\/uploads\/fontaines_remplissage_gourdes-2.jpg\" alt=\"\" class=\"wp-image-7583\" srcset=\"https:\/\/www.convention.qc.ca\/wp-content\/uploads\/fontaines_remplissage_gourdes-2.jpg 828w, https:\/\/www.convention.qc.ca\/wp-content\/uploads\/fontaines_remplissage_gourdes-2-700x451.jpg 700w, https:\/\/www.convention.qc.ca\/wp-content\/uploads\/fontaines_remplissage_gourdes-2-768x495.jpg 768w, https:\/\/www.convention.qc.ca\/wp-content\/uploads\/fontaines_remplissage_gourdes-2-400x258.jpg 400w\" sizes=\"auto, (max-width: 828px) 100vw, 828px\" \/><\/figure>\n<\/div><\/div><\/div>\n\n\n\n<div class=\"wp-block-column is-layout-flow wp-block-column-is-layout-flow\"><div  class=\"item wysiwyg component-image\"><div class=\"container\" >\n<figure class=\"wp-block-image size-full\"><img loading=\"lazy\" decoding=\"async\" width=\"1024\" height=\"667\" src=\"https:\/\/www.convention.qc.ca\/wp-content\/uploads\/salle-mecanique-test-eau.jpg\" alt=\"\" class=\"wp-image-7571\" srcset=\"https:\/\/www.convention.qc.ca\/wp-content\/uploads\/salle-mecanique-test-eau.jpg 1024w, https:\/\/www.convention.qc.ca\/wp-content\/uploads\/salle-mecanique-test-eau-700x456.jpg 700w, https:\/\/www.convention.qc.ca\/wp-content\/uploads\/salle-mecanique-test-eau-768x500.jpg 768w, https:\/\/www.convention.qc.ca\/wp-content\/uploads\/salle-mecanique-test-eau-400x261.jpg 400w\" sizes=\"auto, (max-width: 1024px) 100vw, 1024px\" \/><\/figure>\n<\/div><\/div><\/div>\n<\/div>\n<\/div><\/div>\n\n<div  class=\"item wysiwyg component-heading component-no-padding \" ><div class=\"container\">\n<h2 class=\"wp-block-heading\">Several other initiatives since 2007<\/h2>\n<\/div><\/div>\n\n<div  class=\"item wysiwyg component-paragraph component-no-padding \" ><div class=\"container\">\n<p>In addition to an eco-friendly event program launched in 2007, the Qu\u00e9bec City Convention Centre has implemented several other green initiatives since then\u2014always with the objective of offering users a building that will mitigate its ecological footprint. Incandescent lights have been replaced with&nbsp;<a href=\"https:\/\/www.convention.qc.ca\/en\/news\/energy-efficiency-quebec-city-convention-centre\/\">LED bulbs<\/a>,&nbsp;which consume 75% less energy. All the water fountains in the halls are connected directly to Qu\u00e9bec City\u2019s water system. What\u2019s more: the&nbsp;<a href=\"https:\/\/www.convention.qc.ca\/en\/news\/16-new-fountains-reduce-single-use-plastic\/\">water fountains<\/a>&nbsp;are contactless to facilitate filling water bottles or other reusable containers. Visitors\u2019 and staff\u2019s procedural masks can now be recovered through the&nbsp;<a class=\"\" href=\"https:\/\/gozerorecycle.com\/\" target=\"_blank\" rel=\"noreferrer noopener\">Go Zero boxes<\/a>. The Qu\u00e9bec City Convention Centre has also carried out broader initiatives that have been put in place to manage its&nbsp;energy performance&nbsp;based on the number of events and customer needs.&nbsp;<em>\u201cWhat is fascinating about sustainable development and the event industry is that there is always a way to improve practices and ways of doing things, especially with new technologies that open up new horizons,\u201d<\/em>&nbsp;concluded Mr. Poirier.<\/p>\n<\/div><\/div>","protected":false},"excerpt":{"rendered":"Eco-friendly events are a priority and our turnkey program for the organization of eco-friendly events was launched 15 years ago.","protected":false},"featured_media":7574,"parent":0,"template":"","categorie-communiques":[614],"class_list":["post-7585","communiques","type-communiques","status-publish","has-post-thumbnail","hentry","categorie-communiques-sustainability"],"acf":[],"yoast_head":"<!-- This site is optimized with the Yoast SEO plugin v26.7 - https:\/\/yoast.com\/wordpress\/plugins\/seo\/ -->\n<title>15 Years of Eco-Friendly Events | Qu\u00e9bec City Convention Centre<\/title>\n<meta name=\"description\" content=\"Eco-friendly events are a priority and our turnkey program for the organization of eco-friendly events was launched 15 years ago.\" \/>\n<meta name=\"robots\" content=\"index, follow, max-snippet:-1, max-image-preview:large, max-video-preview:-1\" \/>\n<link rel=\"canonical\" href=\"https:\/\/www.convention.qc.ca\/en\/news\/15-years-eco-friendly-events\/\" \/>\n<meta property=\"og:locale\" content=\"en_US\" \/>\n<meta property=\"og:type\" content=\"article\" \/>\n<meta property=\"og:title\" content=\"15 Years of Eco-Friendly Events | Qu\u00e9bec City Convention Centre\" \/>\n<meta property=\"og:description\" content=\"Eco-friendly events are a priority and our turnkey program for the organization of eco-friendly events was launched 15 years ago.\" \/>\n<meta property=\"og:url\" content=\"https:\/\/www.convention.qc.ca\/en\/news\/15-years-eco-friendly-events\/\" \/>\n<meta property=\"og:site_name\" content=\"Qu\u00e9bec City Convention Centre\" \/>\n<meta property=\"article:publisher\" content=\"https:\/\/www.facebook.com\/congresquebec\/\" \/>\n<meta property=\"article:modified_time\" content=\"2023-04-14T15:41:45+00:00\" \/>\n<meta property=\"og:image\" content=\"https:\/\/www.convention.qc.ca\/wp-content\/uploads\/CCQ-Batiment-Vert-1024x538-1.jpg\" \/>\n\t<meta property=\"og:image:width\" content=\"1024\" \/>\n\t<meta property=\"og:image:height\" content=\"538\" \/>\n\t<meta property=\"og:image:type\" content=\"image\/jpeg\" \/>\n<meta name=\"twitter:card\" content=\"summary_large_image\" \/>\n<meta name=\"twitter:site\" content=\"@quebeccongres\" \/>\n<meta name=\"twitter:label1\" content=\"Est. reading time\" \/>\n\t<meta name=\"twitter:data1\" content=\"4 minutes\" \/>\n<script type=\"application\/ld+json\" class=\"yoast-schema-graph\">{\"@context\":\"https:\/\/schema.org\",\"@graph\":[{\"@type\":\"WebPage\",\"@id\":\"https:\/\/www.convention.qc.ca\/en\/news\/15-years-eco-friendly-events\/\",\"url\":\"https:\/\/www.convention.qc.ca\/en\/news\/15-years-eco-friendly-events\/\",\"name\":\"15 Years of Eco-Friendly Events | Qu\u00e9bec City Convention Centre\",\"isPartOf\":{\"@id\":\"https:\/\/www.convention.qc.ca\/en\/#website\"},\"primaryImageOfPage\":{\"@id\":\"https:\/\/www.convention.qc.ca\/en\/news\/15-years-eco-friendly-events\/#primaryimage\"},\"image\":{\"@id\":\"https:\/\/www.convention.qc.ca\/en\/news\/15-years-eco-friendly-events\/#primaryimage\"},\"thumbnailUrl\":\"https:\/\/www.convention.qc.ca\/wp-content\/uploads\/CCQ-Batiment-Vert-1024x538-1.jpg\",\"datePublished\":\"2022-01-18T15:26:00+00:00\",\"dateModified\":\"2023-04-14T15:41:45+00:00\",\"description\":\"Eco-friendly events are a priority and our turnkey program for the organization of eco-friendly events was launched 15 years ago.\",\"breadcrumb\":{\"@id\":\"https:\/\/www.convention.qc.ca\/en\/news\/15-years-eco-friendly-events\/#breadcrumb\"},\"inLanguage\":\"en-US\",\"potentialAction\":[{\"@type\":\"ReadAction\",\"target\":[\"https:\/\/www.convention.qc.ca\/en\/news\/15-years-eco-friendly-events\/\"]}]},{\"@type\":\"ImageObject\",\"inLanguage\":\"en-US\",\"@id\":\"https:\/\/www.convention.qc.ca\/en\/news\/15-years-eco-friendly-events\/#primaryimage\",\"url\":\"https:\/\/www.convention.qc.ca\/wp-content\/uploads\/CCQ-Batiment-Vert-1024x538-1.jpg\",\"contentUrl\":\"https:\/\/www.convention.qc.ca\/wp-content\/uploads\/CCQ-Batiment-Vert-1024x538-1.jpg\",\"width\":1024,\"height\":538},{\"@type\":\"BreadcrumbList\",\"@id\":\"https:\/\/www.convention.qc.ca\/en\/news\/15-years-eco-friendly-events\/#breadcrumb\",\"itemListElement\":[{\"@type\":\"ListItem\",\"position\":1,\"name\":\"Accueil\",\"item\":\"https:\/\/www.convention.qc.ca\/en\/\"},{\"@type\":\"ListItem\",\"position\":2,\"name\":\"Nouvelles\",\"item\":\"https:\/\/www.convention.qc.ca\/en\/news\/\"},{\"@type\":\"ListItem\",\"position\":3,\"name\":\"15 Years of Eco-Friendly Events\"}]},{\"@type\":\"WebSite\",\"@id\":\"https:\/\/www.convention.qc.ca\/en\/#website\",\"url\":\"https:\/\/www.convention.qc.ca\/en\/\",\"name\":\"Centre des congr\u00e8s de Qu\u00e9bec\",\"description\":\"Convention and exhibition center in Quebec City\",\"publisher\":{\"@id\":\"https:\/\/www.convention.qc.ca\/en\/#organization\"},\"potentialAction\":[{\"@type\":\"SearchAction\",\"target\":{\"@type\":\"EntryPoint\",\"urlTemplate\":\"https:\/\/www.convention.qc.ca\/en\/?s={search_term_string}\"},\"query-input\":{\"@type\":\"PropertyValueSpecification\",\"valueRequired\":true,\"valueName\":\"search_term_string\"}}],\"inLanguage\":\"en-US\"},{\"@type\":\"Organization\",\"@id\":\"https:\/\/www.convention.qc.ca\/en\/#organization\",\"name\":\"Centre des congr\u00e8s de Qu\u00e9bec\",\"url\":\"https:\/\/www.convention.qc.ca\/en\/\",\"logo\":{\"@type\":\"ImageObject\",\"inLanguage\":\"en-US\",\"@id\":\"https:\/\/www.convention.qc.ca\/en\/#\/schema\/logo\/image\/\",\"url\":\"https:\/\/www.convention.qc.ca\/wp-content\/uploads\/poster.png\",\"contentUrl\":\"https:\/\/www.convention.qc.ca\/wp-content\/uploads\/poster.png\",\"width\":1200,\"height\":630,\"caption\":\"Centre des congr\u00e8s de Qu\u00e9bec\"},\"image\":{\"@id\":\"https:\/\/www.convention.qc.ca\/en\/#\/schema\/logo\/image\/\"},\"sameAs\":[\"https:\/\/www.facebook.com\/congresquebec\/\",\"https:\/\/x.com\/quebeccongres\",\"https:\/\/www.instagram.com\/quebeccongres\/\",\"https:\/\/www.linkedin.com\/company\/congresquebec\"]}]}<\/script>\n<!-- \/ Yoast SEO plugin. -->","yoast_head_json":{"title":"15 Years of Eco-Friendly Events | Qu\u00e9bec City Convention Centre","description":"Eco-friendly events are a priority and our turnkey program for the organization of eco-friendly events was launched 15 years ago.","robots":{"index":"index","follow":"follow","max-snippet":"max-snippet:-1","max-image-preview":"max-image-preview:large","max-video-preview":"max-video-preview:-1"},"canonical":"https:\/\/www.convention.qc.ca\/en\/news\/15-years-eco-friendly-events\/","og_locale":"en_US","og_type":"article","og_title":"15 Years of Eco-Friendly Events | Qu\u00e9bec City Convention Centre","og_description":"Eco-friendly events are a priority and our turnkey program for the organization of eco-friendly events was launched 15 years ago.","og_url":"https:\/\/www.convention.qc.ca\/en\/news\/15-years-eco-friendly-events\/","og_site_name":"Qu\u00e9bec City Convention Centre","article_publisher":"https:\/\/www.facebook.com\/congresquebec\/","article_modified_time":"2023-04-14T15:41:45+00:00","og_image":[{"width":1024,"height":538,"url":"https:\/\/www.convention.qc.ca\/wp-content\/uploads\/CCQ-Batiment-Vert-1024x538-1.jpg","type":"image\/jpeg"}],"twitter_card":"summary_large_image","twitter_site":"@quebeccongres","twitter_misc":{"Est. reading time":"4 minutes"},"schema":{"@context":"https:\/\/schema.org","@graph":[{"@type":"WebPage","@id":"https:\/\/www.convention.qc.ca\/en\/news\/15-years-eco-friendly-events\/","url":"https:\/\/www.convention.qc.ca\/en\/news\/15-years-eco-friendly-events\/","name":"15 Years of Eco-Friendly Events | Qu\u00e9bec City Convention Centre","isPartOf":{"@id":"https:\/\/www.convention.qc.ca\/en\/#website"},"primaryImageOfPage":{"@id":"https:\/\/www.convention.qc.ca\/en\/news\/15-years-eco-friendly-events\/#primaryimage"},"image":{"@id":"https:\/\/www.convention.qc.ca\/en\/news\/15-years-eco-friendly-events\/#primaryimage"},"thumbnailUrl":"https:\/\/www.convention.qc.ca\/wp-content\/uploads\/CCQ-Batiment-Vert-1024x538-1.jpg","datePublished":"2022-01-18T15:26:00+00:00","dateModified":"2023-04-14T15:41:45+00:00","description":"Eco-friendly events are a priority and our turnkey program for the organization of eco-friendly events was launched 15 years ago.","breadcrumb":{"@id":"https:\/\/www.convention.qc.ca\/en\/news\/15-years-eco-friendly-events\/#breadcrumb"},"inLanguage":"en-US","potentialAction":[{"@type":"ReadAction","target":["https:\/\/www.convention.qc.ca\/en\/news\/15-years-eco-friendly-events\/"]}]},{"@type":"ImageObject","inLanguage":"en-US","@id":"https:\/\/www.convention.qc.ca\/en\/news\/15-years-eco-friendly-events\/#primaryimage","url":"https:\/\/www.convention.qc.ca\/wp-content\/uploads\/CCQ-Batiment-Vert-1024x538-1.jpg","contentUrl":"https:\/\/www.convention.qc.ca\/wp-content\/uploads\/CCQ-Batiment-Vert-1024x538-1.jpg","width":1024,"height":538},{"@type":"BreadcrumbList","@id":"https:\/\/www.convention.qc.ca\/en\/news\/15-years-eco-friendly-events\/#breadcrumb","itemListElement":[{"@type":"ListItem","position":1,"name":"Accueil","item":"https:\/\/www.convention.qc.ca\/en\/"},{"@type":"ListItem","position":2,"name":"Nouvelles","item":"https:\/\/www.convention.qc.ca\/en\/news\/"},{"@type":"ListItem","position":3,"name":"15 Years of Eco-Friendly Events"}]},{"@type":"WebSite","@id":"https:\/\/www.convention.qc.ca\/en\/#website","url":"https:\/\/www.convention.qc.ca\/en\/","name":"Centre des congr\u00e8s de Qu\u00e9bec","description":"Convention and exhibition center in Quebec City","publisher":{"@id":"https:\/\/www.convention.qc.ca\/en\/#organization"},"potentialAction":[{"@type":"SearchAction","target":{"@type":"EntryPoint","urlTemplate":"https:\/\/www.convention.qc.ca\/en\/?s={search_term_string}"},"query-input":{"@type":"PropertyValueSpecification","valueRequired":true,"valueName":"search_term_string"}}],"inLanguage":"en-US"},{"@type":"Organization","@id":"https:\/\/www.convention.qc.ca\/en\/#organization","name":"Centre des congr\u00e8s de Qu\u00e9bec","url":"https:\/\/www.convention.qc.ca\/en\/","logo":{"@type":"ImageObject","inLanguage":"en-US","@id":"https:\/\/www.convention.qc.ca\/en\/#\/schema\/logo\/image\/","url":"https:\/\/www.convention.qc.ca\/wp-content\/uploads\/poster.png","contentUrl":"https:\/\/www.convention.qc.ca\/wp-content\/uploads\/poster.png","width":1200,"height":630,"caption":"Centre des congr\u00e8s de Qu\u00e9bec"},"image":{"@id":"https:\/\/www.convention.qc.ca\/en\/#\/schema\/logo\/image\/"},"sameAs":["https:\/\/www.facebook.com\/congresquebec\/","https:\/\/x.com\/quebeccongres","https:\/\/www.instagram.com\/quebeccongres\/","https:\/\/www.linkedin.com\/company\/congresquebec"]}]}},"_links":{"self":[{"href":"https:\/\/www.convention.qc.ca\/en\/wp-json\/wp\/v2\/communiques\/7585","targetHints":{"allow":["GET"]}}],"collection":[{"href":"https:\/\/www.convention.qc.ca\/en\/wp-json\/wp\/v2\/communiques"}],"about":[{"href":"https:\/\/www.convention.qc.ca\/en\/wp-json\/wp\/v2\/types\/communiques"}],"wp:featuredmedia":[{"embeddable":true,"href":"https:\/\/www.convention.qc.ca\/en\/wp-json\/wp\/v2\/media\/7574"}],"wp:attachment":[{"href":"https:\/\/www.convention.qc.ca\/en\/wp-json\/wp\/v2\/media?parent=7585"}],"wp:term":[{"taxonomy":"categorie-communiques","embeddable":true,"href":"https:\/\/www.convention.qc.ca\/en\/wp-json\/wp\/v2\/categorie-communiques?post=7585"}],"curies":[{"name":"wp","href":"https:\/\/api.w.org\/{rel}","templated":true}]}}