{"id":20988,"date":"2026-04-29T17:13:48","date_gmt":"2026-04-29T21:13:48","guid":{"rendered":"https:\/\/www.convention.qc.ca\/?post_type=communiques&#038;p=20988"},"modified":"2026-04-29T17:22:46","modified_gmt":"2026-04-29T21:22:46","slug":"air-connectivity-growth-quebec-city","status":"publish","type":"communiques","link":"https:\/\/www.convention.qc.ca\/en\/news\/air-connectivity-growth-quebec-city\/","title":{"rendered":"Washington, New York, Paris: Qu\u00e9bec City Strengthens Air Links with Major Convention Hubs"},"content":{"rendered":"<div  class=\"item wysiwyg component-paragraph component-no-padding \" ><div class=\"container\">\n<p>As global competition to host major international conventions intensifies, the Qu\u00e9bec City Convention Centre is seeing its appeal soar, thanks to record-breaking growth in air travel from Qu\u00e9bec City Jean Lesage International Airport (YQB). In 2026, the number of seats on flights to the capital reached an all-time high, allowing the Convention Centre to offer event planners and participants enhanced accessibility to its world-class facilities.<\/p>\n<\/div><\/div>\n\n<div  class=\"item wysiwyg component-media-text\"><div class=\"container\" >\n<div class=\"wp-block-media-text has-media-on-the-right is-stacked-on-mobile is-vertically-aligned-center\" style=\"grid-template-columns:auto 40%\"><div class=\"wp-block-media-text__content\"><div  class=\"item wysiwyg component-heading component-no-padding \" ><div class=\"container\">\n<h2 class=\"wp-block-heading\"><strong>Unrivalled Growth in Canada<\/strong><\/h2>\n<\/div><\/div>\n\n<div  class=\"item wysiwyg component-paragraph component-no-padding \" ><div class=\"container\">\n<p>With a 15% increase in seat capacity, YQB has recorded the highest growth rate among major Canadian airports this year. An additional <a href=\"https:\/\/www.aeroportdequebec.com\/en\/about\/news\/unprecedented-selection-flights-yqb\" target=\"_blank\" rel=\"noreferrer noopener\">376,456 seats have been added<\/a> to the schedule, bringing total capacity to nearly 3 million.<\/p>\n<\/div><\/div>\n\n<div  class=\"item wysiwyg component-paragraph component-no-padding \" ><div class=\"container\">\n<p>For event organizers, this surge translates into simplified logistics and expanded international reach:<\/p>\n<\/div><\/div>\n\n<div  class=\"item wysiwyg component-list component-no-padding \" ><div class=\"container\">\n<ul class=\"wp-block-list\">\n<li><strong>North American Hubs:<\/strong> Increased flight density to Vancouver, Calgary, and Chicago optimizes travel for Canadian and American participants by reducing layovers.<\/li>\n\n\n\n<li><strong>Strong Growth in U.S. Service <\/strong>(+44%)<strong>:<\/strong> The arrival of American Airlines on the New York (JFK) route complements existing service to Newark (EWR). Furthermore, service to Washington (IAD) provides direct access to decision-makers from major associations based in the U.S. capital.<\/li>\n\n\n\n<li><strong>European Breakthrough <\/strong>(+111%)<strong>: <\/strong>In addition to Paris, new direct links to Nantes and Marseille now allow European delegates to reach Qu\u00e9bec City without additional stopovers.<\/li>\n<\/ul>\n<\/div><\/div><\/div><figure class=\"wp-block-media-text__media\"><img loading=\"lazy\" decoding=\"async\" width=\"1024\" height=\"766\" src=\"https:\/\/www.convention.qc.ca\/wp-content\/uploads\/Vols-directs-YQB-2026-3-1024x766.png\" alt=\"Airplane taking off from the runway at Qu\u00e9bec City Jean Lesage International Airport\" class=\"wp-image-20985 size-full\" srcset=\"https:\/\/www.convention.qc.ca\/wp-content\/uploads\/Vols-directs-YQB-2026-3-1024x766.png 1024w, https:\/\/www.convention.qc.ca\/wp-content\/uploads\/Vols-directs-YQB-2026-3-700x523.png 700w, https:\/\/www.convention.qc.ca\/wp-content\/uploads\/Vols-directs-YQB-2026-3-768x574.png 768w, https:\/\/www.convention.qc.ca\/wp-content\/uploads\/Vols-directs-YQB-2026-3-400x299.png 400w, https:\/\/www.convention.qc.ca\/wp-content\/uploads\/Vols-directs-YQB-2026-3.png 1434w\" sizes=\"auto, (max-width: 1024px) 100vw, 1024px\" \/><\/figure><\/div>\n<\/div><\/div>\n\n\n<div  class=\"item component-cta-banner component-no-padding\">\n    <section class=\"block-cta-banner  block-cta-banner--is-reverse block-cta-banner--is-common block-cta-banner--is-light\">\n        <div class=\"container\">\n            <div class=\"row\">\n                <div class=\"col-xs-12\">\n                    <div class=\"block-cta-banner__container\">\n                        <div class=\"block-cta-banner__content\">\n                                                        \n                                                            <div class=\"block-cta-banner__text\">\n                                    <p><em>&#8220;Increased air connectivity is a decisive factor when choosing a destination. This boost in capacity significantly strengthens our attractiveness and allows us to compete with the largest business hubs in the country,&#8221;<\/em> says Caroline Lepage, President and CEO of the Qu\u00e9bec City Convention Centre.<\/p>\n                                <\/div>\n                            \n                                                    <\/div>\n                    <\/div>\n                    \n                                    <\/div>\n            <\/div>\n        <\/div>\n    <\/section>\n<\/div>\n\n<div  class=\"item wysiwyg component-heading component-no-padding \" ><div class=\"container\">\n<h2 class=\"wp-block-heading\"><strong>A Long-Term Strategic Vision<\/strong><\/h2>\n<\/div><\/div>\n\n<div  class=\"item wysiwyg component-list component-no-padding \" ><div class=\"container\">\n<ul class=\"wp-block-list\"><\/ul>\n<\/div><\/div>\n\n<div  class=\"item wysiwyg component-paragraph component-no-padding \" ><div class=\"container\">\n<p>Far from being a temporary spike, this growth is part of a sustainable strategy. YQB is targeting 2.4 million passengers by 2030, a strong vote of confidence from airlines. For planners, this longevity guarantees reliable connections for events scheduled in the medium and long term.<\/p>\n<\/div><\/div>\n\n<div  class=\"item wysiwyg component-heading component-no-padding \" ><div class=\"container\">\n<h2 class=\"wp-block-heading\"><strong>The Qu\u00e9bec Experience: Fluidity and Proximity<\/strong><\/h2>\n<\/div><\/div>\n\n<div  class=\"item wysiwyg component-paragraph component-no-padding \" ><div class=\"container\">\n<p>Beyond the skies, Qu\u00e9bec City prides itself on being a &#8220;human-scale&#8221; destination. Efficiency continues on the ground:<\/p>\n<\/div><\/div>\n\n<div  class=\"item wysiwyg component-list component-no-padding \" ><div class=\"container\">\n<ul class=\"wp-block-list\">\n<li><strong>Speed:<\/strong> Airport-to-downtown transfers in under 20 minutes.<\/li>\n\n\n\n<li><strong>Physical Connectivity:<\/strong> The Qu\u00e9bec City Convention Centre is directly linked via indoor walkways to the Hilton Qu\u00e9bec and Delta Hotels by Marriott.<\/li>\n\n\n\n<li><strong>Efficiency:<\/strong> Reduced wait times, fostering a seamless and stress-free delegate experience.<\/li>\n<\/ul>\n<\/div><\/div>\n\n<div  class=\"item wysiwyg component-paragraph component-no-padding \" ><div class=\"container\">\n<p>With this improved accessibility, the Qu\u00e9bec City Convention Centre now possesses all the levers needed to propel the region to new heights on the global business events stage.<\/p>\n<\/div><\/div>\n\n\n<div  class=\"item component-cta-banner \">\n    <section class=\"block-cta-banner js-a11y-block-link block-cta-banner--is-reverse block-cta-banner--with-picture block-cta-banner--is-light\">\n        <div class=\"container\">\n            <div class=\"row\">\n                <div class=\"col-xs-12\">\n                    <div class=\"block-cta-banner__container\">\n                        <div class=\"block-cta-banner__content\">\n                                                            <h2 class=\"block-cta-banner__title\">The Salon YQB Welcomes You<\/h2>\n                                                        \n                                                            <div class=\"block-cta-banner__text\">\n                                    <p>Designed specifically for the modern professional, this relaxation space in the heart of the Convention Centre mirrors the comfort and tranquility of a premium airport lounge.<\/p>\n                                <\/div>\n                            \n                                                            <a\n                                  class=\"block-cta-banner__link js-call-to-action-link\"\n                                  href=\"https:\/\/www.convention.qc.ca\/en\/news\/salon-yqb-lounge-partnership-airport-jean-lesage\/\"\n                                  target=\"_blank\"\n                                  data-a11y-link\n                                  data-name=\"The Salon YQB Welcomes You\"\n                                  data-label=\"Discover the Salon YQB\"\n                                >\n                                    <span>Discover the Salon YQB<\/span>\n                                    <svg width=\"14px\" height=\"15px\" aria-hidden=\"true\" focusable=\"false\"><use xlink:href=\"#ico-arrow-right\"><\/use><\/svg>\n                                <\/a>\n                                                    <\/div>\n                    <\/div>\n                    \n                                            <div class=\"block-cta-banner__picture\">\n                            <img loading=\"lazy\" decoding=\"async\" width=\"2560\" height=\"1920\" src=\"https:\/\/www.convention.qc.ca\/wp-content\/uploads\/Salon-YQB-CCQ-7-scaled.jpeg\" class=\"attachment-full size-full\" alt=\"Armchairs, a screen, a coffee machine and other furnishings installed in the Salon YQB (formerly the Lounge), set in a softly lit atmosphere.\" srcset=\"https:\/\/www.convention.qc.ca\/wp-content\/uploads\/Salon-YQB-CCQ-7-scaled.jpeg 2560w, https:\/\/www.convention.qc.ca\/wp-content\/uploads\/Salon-YQB-CCQ-7-700x525.jpeg 700w, https:\/\/www.convention.qc.ca\/wp-content\/uploads\/Salon-YQB-CCQ-7-1024x768.jpeg 1024w, https:\/\/www.convention.qc.ca\/wp-content\/uploads\/Salon-YQB-CCQ-7-768x576.jpeg 768w, https:\/\/www.convention.qc.ca\/wp-content\/uploads\/Salon-YQB-CCQ-7-1536x1152.jpeg 1536w, https:\/\/www.convention.qc.ca\/wp-content\/uploads\/Salon-YQB-CCQ-7-2048x1536.jpeg 2048w, https:\/\/www.convention.qc.ca\/wp-content\/uploads\/Salon-YQB-CCQ-7-400x300.jpeg 400w\" sizes=\"auto, (max-width: 2560px) 100vw, 2560px\" \/>                        <\/div>\n                                    <\/div>\n            <\/div>\n        <\/div>\n    <\/section>\n<\/div>","protected":false},"excerpt":{"rendered":"The attractiveness of the Qu\u00e9bec City Convention Centre is increasing thanks to record growth in air transportation from Qu\u00e9bec City Jean Lesage International Airport.","protected":false},"featured_media":20987,"parent":0,"template":"","categorie-communiques":[611,615,627],"class_list":["post-20988","communiques","type-communiques","status-publish","has-post-thumbnail","hentry","categorie-communiques-destination-and-attractions","categorie-communiques-press-releases","categorie-communiques-services"],"acf":[],"yoast_head":"<!-- This site is optimized with the Yoast SEO plugin v26.7 - https:\/\/yoast.com\/wordpress\/plugins\/seo\/ -->\n<title>Qu\u00e9bec City Strengthens Air Links with Major Convention Hubs | Qu\u00e9bec City Convention Centre<\/title>\n<meta name=\"description\" content=\"The attractiveness of the Qu\u00e9bec City Convention Centre is increasing thanks to record growth in air transportation from Qu\u00e9bec City Jean Lesage International Airport.\" \/>\n<meta name=\"robots\" content=\"index, follow, max-snippet:-1, max-image-preview:large, max-video-preview:-1\" \/>\n<link rel=\"canonical\" href=\"https:\/\/www.convention.qc.ca\/en\/news\/air-connectivity-growth-quebec-city\/\" \/>\n<meta property=\"og:locale\" content=\"en_US\" \/>\n<meta property=\"og:type\" content=\"article\" \/>\n<meta property=\"og:title\" content=\"Qu\u00e9bec City Strengthens Air Links with Major Convention Hubs | Qu\u00e9bec City Convention Centre\" \/>\n<meta property=\"og:description\" content=\"The attractiveness of the Qu\u00e9bec City Convention Centre is increasing thanks to record growth in air transportation from Qu\u00e9bec City Jean Lesage International Airport.\" \/>\n<meta property=\"og:url\" content=\"https:\/\/www.convention.qc.ca\/en\/news\/air-connectivity-growth-quebec-city\/\" \/>\n<meta property=\"og:site_name\" content=\"Qu\u00e9bec City Convention Centre\" \/>\n<meta property=\"article:publisher\" content=\"https:\/\/www.facebook.com\/congresquebec\/\" \/>\n<meta property=\"article:modified_time\" content=\"2026-04-29T21:22:46+00:00\" \/>\n<meta property=\"og:image\" content=\"https:\/\/www.convention.qc.ca\/wp-content\/uploads\/Vols-directs-YQB-2026-2-2-1024x764.png\" \/>\n\t<meta property=\"og:image:width\" content=\"1024\" \/>\n\t<meta property=\"og:image:height\" content=\"764\" \/>\n\t<meta property=\"og:image:type\" content=\"image\/png\" \/>\n<meta name=\"twitter:card\" content=\"summary_large_image\" \/>\n<meta name=\"twitter:site\" content=\"@quebeccongres\" \/>\n<meta name=\"twitter:label1\" content=\"Est. reading time\" \/>\n\t<meta name=\"twitter:data1\" content=\"3 minutes\" \/>\n<script type=\"application\/ld+json\" class=\"yoast-schema-graph\">{\"@context\":\"https:\/\/schema.org\",\"@graph\":[{\"@type\":\"WebPage\",\"@id\":\"https:\/\/www.convention.qc.ca\/en\/news\/air-connectivity-growth-quebec-city\/\",\"url\":\"https:\/\/www.convention.qc.ca\/en\/news\/air-connectivity-growth-quebec-city\/\",\"name\":\"Qu\u00e9bec City Strengthens Air Links with Major Convention Hubs | Qu\u00e9bec City Convention Centre\",\"isPartOf\":{\"@id\":\"https:\/\/www.convention.qc.ca\/en\/#website\"},\"primaryImageOfPage\":{\"@id\":\"https:\/\/www.convention.qc.ca\/en\/news\/air-connectivity-growth-quebec-city\/#primaryimage\"},\"image\":{\"@id\":\"https:\/\/www.convention.qc.ca\/en\/news\/air-connectivity-growth-quebec-city\/#primaryimage\"},\"thumbnailUrl\":\"https:\/\/www.convention.qc.ca\/wp-content\/uploads\/Vols-directs-YQB-2026-2-2.png\",\"datePublished\":\"2026-04-29T21:13:48+00:00\",\"dateModified\":\"2026-04-29T21:22:46+00:00\",\"description\":\"The attractiveness of the Qu\u00e9bec City Convention Centre is increasing thanks to record growth in air transportation from Qu\u00e9bec City Jean Lesage International Airport.\",\"breadcrumb\":{\"@id\":\"https:\/\/www.convention.qc.ca\/en\/news\/air-connectivity-growth-quebec-city\/#breadcrumb\"},\"inLanguage\":\"en-US\",\"potentialAction\":[{\"@type\":\"ReadAction\",\"target\":[\"https:\/\/www.convention.qc.ca\/en\/news\/air-connectivity-growth-quebec-city\/\"]}]},{\"@type\":\"ImageObject\",\"inLanguage\":\"en-US\",\"@id\":\"https:\/\/www.convention.qc.ca\/en\/news\/air-connectivity-growth-quebec-city\/#primaryimage\",\"url\":\"https:\/\/www.convention.qc.ca\/wp-content\/uploads\/Vols-directs-YQB-2026-2-2.png\",\"contentUrl\":\"https:\/\/www.convention.qc.ca\/wp-content\/uploads\/Vols-directs-YQB-2026-2-2.png\",\"width\":1436,\"height\":1072,\"caption\":\"Vue a\u00e9rienne de la tour de contr\u00f4le de l'a\u00e9roport international Jean-Lesage de Qu\u00e9bec avec des montagnes aux couleurs de l'automne en arri\u00e8re-plan et un ciel bleu\"},{\"@type\":\"BreadcrumbList\",\"@id\":\"https:\/\/www.convention.qc.ca\/en\/news\/air-connectivity-growth-quebec-city\/#breadcrumb\",\"itemListElement\":[{\"@type\":\"ListItem\",\"position\":1,\"name\":\"Accueil\",\"item\":\"https:\/\/www.convention.qc.ca\/en\/\"},{\"@type\":\"ListItem\",\"position\":2,\"name\":\"Nouvelles\",\"item\":\"https:\/\/www.convention.qc.ca\/en\/news\/\"},{\"@type\":\"ListItem\",\"position\":3,\"name\":\"Washington, New York, Paris: Qu\u00e9bec City Strengthens Air Links with Major Convention Hubs\"}]},{\"@type\":\"WebSite\",\"@id\":\"https:\/\/www.convention.qc.ca\/en\/#website\",\"url\":\"https:\/\/www.convention.qc.ca\/en\/\",\"name\":\"Centre des congr\u00e8s de Qu\u00e9bec\",\"description\":\"Convention and exhibition center in Quebec City\",\"publisher\":{\"@id\":\"https:\/\/www.convention.qc.ca\/en\/#organization\"},\"potentialAction\":[{\"@type\":\"SearchAction\",\"target\":{\"@type\":\"EntryPoint\",\"urlTemplate\":\"https:\/\/www.convention.qc.ca\/en\/?s={search_term_string}\"},\"query-input\":{\"@type\":\"PropertyValueSpecification\",\"valueRequired\":true,\"valueName\":\"search_term_string\"}}],\"inLanguage\":\"en-US\"},{\"@type\":\"Organization\",\"@id\":\"https:\/\/www.convention.qc.ca\/en\/#organization\",\"name\":\"Centre des congr\u00e8s de Qu\u00e9bec\",\"url\":\"https:\/\/www.convention.qc.ca\/en\/\",\"logo\":{\"@type\":\"ImageObject\",\"inLanguage\":\"en-US\",\"@id\":\"https:\/\/www.convention.qc.ca\/en\/#\/schema\/logo\/image\/\",\"url\":\"https:\/\/www.convention.qc.ca\/wp-content\/uploads\/poster.png\",\"contentUrl\":\"https:\/\/www.convention.qc.ca\/wp-content\/uploads\/poster.png\",\"width\":1200,\"height\":630,\"caption\":\"Centre des congr\u00e8s de Qu\u00e9bec\"},\"image\":{\"@id\":\"https:\/\/www.convention.qc.ca\/en\/#\/schema\/logo\/image\/\"},\"sameAs\":[\"https:\/\/www.facebook.com\/congresquebec\/\",\"https:\/\/x.com\/quebeccongres\",\"https:\/\/www.instagram.com\/quebeccongres\/\",\"https:\/\/www.linkedin.com\/company\/congresquebec\"]}]}<\/script>\n<!-- \/ Yoast SEO plugin. -->","yoast_head_json":{"title":"Qu\u00e9bec City Strengthens Air Links with Major Convention Hubs | Qu\u00e9bec City Convention Centre","description":"The attractiveness of the Qu\u00e9bec City Convention Centre is increasing thanks to record growth in air transportation from Qu\u00e9bec City Jean Lesage International Airport.","robots":{"index":"index","follow":"follow","max-snippet":"max-snippet:-1","max-image-preview":"max-image-preview:large","max-video-preview":"max-video-preview:-1"},"canonical":"https:\/\/www.convention.qc.ca\/en\/news\/air-connectivity-growth-quebec-city\/","og_locale":"en_US","og_type":"article","og_title":"Qu\u00e9bec City Strengthens Air Links with Major Convention Hubs | Qu\u00e9bec City Convention Centre","og_description":"The attractiveness of the Qu\u00e9bec City Convention Centre is increasing thanks to record growth in air transportation from Qu\u00e9bec City Jean Lesage International Airport.","og_url":"https:\/\/www.convention.qc.ca\/en\/news\/air-connectivity-growth-quebec-city\/","og_site_name":"Qu\u00e9bec City Convention Centre","article_publisher":"https:\/\/www.facebook.com\/congresquebec\/","article_modified_time":"2026-04-29T21:22:46+00:00","og_image":[{"width":1024,"height":764,"url":"https:\/\/www.convention.qc.ca\/wp-content\/uploads\/Vols-directs-YQB-2026-2-2-1024x764.png","type":"image\/png"}],"twitter_card":"summary_large_image","twitter_site":"@quebeccongres","twitter_misc":{"Est. reading time":"3 minutes"},"schema":{"@context":"https:\/\/schema.org","@graph":[{"@type":"WebPage","@id":"https:\/\/www.convention.qc.ca\/en\/news\/air-connectivity-growth-quebec-city\/","url":"https:\/\/www.convention.qc.ca\/en\/news\/air-connectivity-growth-quebec-city\/","name":"Qu\u00e9bec City Strengthens Air Links with Major Convention Hubs | Qu\u00e9bec City Convention Centre","isPartOf":{"@id":"https:\/\/www.convention.qc.ca\/en\/#website"},"primaryImageOfPage":{"@id":"https:\/\/www.convention.qc.ca\/en\/news\/air-connectivity-growth-quebec-city\/#primaryimage"},"image":{"@id":"https:\/\/www.convention.qc.ca\/en\/news\/air-connectivity-growth-quebec-city\/#primaryimage"},"thumbnailUrl":"https:\/\/www.convention.qc.ca\/wp-content\/uploads\/Vols-directs-YQB-2026-2-2.png","datePublished":"2026-04-29T21:13:48+00:00","dateModified":"2026-04-29T21:22:46+00:00","description":"The attractiveness of the Qu\u00e9bec City Convention Centre is increasing thanks to record growth in air transportation from Qu\u00e9bec City Jean Lesage International Airport.","breadcrumb":{"@id":"https:\/\/www.convention.qc.ca\/en\/news\/air-connectivity-growth-quebec-city\/#breadcrumb"},"inLanguage":"en-US","potentialAction":[{"@type":"ReadAction","target":["https:\/\/www.convention.qc.ca\/en\/news\/air-connectivity-growth-quebec-city\/"]}]},{"@type":"ImageObject","inLanguage":"en-US","@id":"https:\/\/www.convention.qc.ca\/en\/news\/air-connectivity-growth-quebec-city\/#primaryimage","url":"https:\/\/www.convention.qc.ca\/wp-content\/uploads\/Vols-directs-YQB-2026-2-2.png","contentUrl":"https:\/\/www.convention.qc.ca\/wp-content\/uploads\/Vols-directs-YQB-2026-2-2.png","width":1436,"height":1072,"caption":"Vue a\u00e9rienne de la tour de contr\u00f4le de l'a\u00e9roport international Jean-Lesage de Qu\u00e9bec avec des montagnes aux couleurs de l'automne en arri\u00e8re-plan et un ciel bleu"},{"@type":"BreadcrumbList","@id":"https:\/\/www.convention.qc.ca\/en\/news\/air-connectivity-growth-quebec-city\/#breadcrumb","itemListElement":[{"@type":"ListItem","position":1,"name":"Accueil","item":"https:\/\/www.convention.qc.ca\/en\/"},{"@type":"ListItem","position":2,"name":"Nouvelles","item":"https:\/\/www.convention.qc.ca\/en\/news\/"},{"@type":"ListItem","position":3,"name":"Washington, New York, Paris: Qu\u00e9bec City Strengthens Air Links with Major Convention Hubs"}]},{"@type":"WebSite","@id":"https:\/\/www.convention.qc.ca\/en\/#website","url":"https:\/\/www.convention.qc.ca\/en\/","name":"Centre des congr\u00e8s de Qu\u00e9bec","description":"Convention and exhibition center in Quebec City","publisher":{"@id":"https:\/\/www.convention.qc.ca\/en\/#organization"},"potentialAction":[{"@type":"SearchAction","target":{"@type":"EntryPoint","urlTemplate":"https:\/\/www.convention.qc.ca\/en\/?s={search_term_string}"},"query-input":{"@type":"PropertyValueSpecification","valueRequired":true,"valueName":"search_term_string"}}],"inLanguage":"en-US"},{"@type":"Organization","@id":"https:\/\/www.convention.qc.ca\/en\/#organization","name":"Centre des congr\u00e8s de Qu\u00e9bec","url":"https:\/\/www.convention.qc.ca\/en\/","logo":{"@type":"ImageObject","inLanguage":"en-US","@id":"https:\/\/www.convention.qc.ca\/en\/#\/schema\/logo\/image\/","url":"https:\/\/www.convention.qc.ca\/wp-content\/uploads\/poster.png","contentUrl":"https:\/\/www.convention.qc.ca\/wp-content\/uploads\/poster.png","width":1200,"height":630,"caption":"Centre des congr\u00e8s de Qu\u00e9bec"},"image":{"@id":"https:\/\/www.convention.qc.ca\/en\/#\/schema\/logo\/image\/"},"sameAs":["https:\/\/www.facebook.com\/congresquebec\/","https:\/\/x.com\/quebeccongres","https:\/\/www.instagram.com\/quebeccongres\/","https:\/\/www.linkedin.com\/company\/congresquebec"]}]}},"_links":{"self":[{"href":"https:\/\/www.convention.qc.ca\/en\/wp-json\/wp\/v2\/communiques\/20988","targetHints":{"allow":["GET"]}}],"collection":[{"href":"https:\/\/www.convention.qc.ca\/en\/wp-json\/wp\/v2\/communiques"}],"about":[{"href":"https:\/\/www.convention.qc.ca\/en\/wp-json\/wp\/v2\/types\/communiques"}],"wp:featuredmedia":[{"embeddable":true,"href":"https:\/\/www.convention.qc.ca\/en\/wp-json\/wp\/v2\/media\/20987"}],"wp:attachment":[{"href":"https:\/\/www.convention.qc.ca\/en\/wp-json\/wp\/v2\/media?parent=20988"}],"wp:term":[{"taxonomy":"categorie-communiques","embeddable":true,"href":"https:\/\/www.convention.qc.ca\/en\/wp-json\/wp\/v2\/categorie-communiques?post=20988"}],"curies":[{"name":"wp","href":"https:\/\/api.w.org\/{rel}","templated":true}]}}