{"id":19557,"date":"2025-10-27T12:59:22","date_gmt":"2025-10-27T16:59:22","guid":{"rendered":"https:\/\/www.convention.qc.ca\/?post_type=communiques&#038;p=19557"},"modified":"2025-11-12T14:49:14","modified_gmt":"2025-11-12T19:49:14","slug":"cedric-stpierre-new-executive-chef-maestro-culinaire","status":"publish","type":"communiques","link":"https:\/\/www.convention.qc.ca\/en\/news\/cedric-stpierre-new-executive-chef-maestro-culinaire\/","title":{"rendered":"C\u00e9dric St-Pierre, New Executive Chef at Maestro Culinaire"},"content":{"rendered":"<div  class=\"item wysiwyg component-columns\"><div class=\"container\" >\n<div class=\"wp-block-columns is-layout-flex wp-container-core-columns-is-layout-9d6595d7 wp-block-columns-is-layout-flex\">\n<div class=\"wp-block-column is-layout-flow wp-block-column-is-layout-flow\"><div  class=\"item wysiwyg component-paragraph component-no-padding \" ><div class=\"container\">\n<p>The Qu\u00e9bec City Convention Centre and its exclusive food service partner, <a href=\"https:\/\/www.convention.qc.ca\/en\/event-planners\/services\/food-and-beverage\/\">Maestro Culinaire<\/a>, are pleased to announce the appointment of C\u00e9dric St-Pierre as their new Executive Chef.<br><br>A graduate of the Institut de tourisme et d\u2019h\u00f4tellerie du Qu\u00e9bec (ITHQ), Chef St-Pierre first came to public attention on the TV show <em>Les chefs!<\/em> (2015), where he reached the semi-finals. <br><br>He went on to lead the kitchens of several prestigious establishments in Montr\u00e9al and the Laurentians, including H\u00f4tel Place d\u2019Armes (Terrasse Place d\u2019Armes, banquets, Brasserie 701, Kyo Bar Japonais), Club priv\u00e9 357C, and Est\u00e9rel Resort.<\/p>\n<\/div><\/div><\/div>\n\n\n\n<div class=\"wp-block-column is-layout-flow wp-block-column-is-layout-flow\"><div  class=\"item wysiwyg component-image\"><div class=\"container\" >\n<figure class=\"wp-block-image size-full\"><img loading=\"lazy\" decoding=\"async\" width=\"693\" height=\"693\" src=\"https:\/\/www.convention.qc.ca\/wp-content\/uploads\/Chef-Cedric-StPierre-2025.jpg\" alt=\"Black-and-white portrait of C\u00e9dric St-Pierre, executive chef at Maestro Culinaire since November 2025.\" class=\"wp-image-19625\" srcset=\"https:\/\/www.convention.qc.ca\/wp-content\/uploads\/Chef-Cedric-StPierre-2025.jpg 693w, https:\/\/www.convention.qc.ca\/wp-content\/uploads\/Chef-Cedric-StPierre-2025-400x400.jpg 400w\" sizes=\"auto, (max-width: 693px) 100vw, 693px\" \/><figcaption class=\"wp-element-caption\">Photo: Kesnel-Charles Pelletier<\/figcaption><\/figure>\n<\/div><\/div><\/div>\n\n\n\n<div class=\"wp-block-column is-layout-flow wp-block-column-is-layout-flow\"><div  class=\"item wysiwyg component-image\"><div class=\"container\" >\n<figure class=\"wp-block-image size-full\"><img loading=\"lazy\" decoding=\"async\" width=\"1051\" height=\"701\" src=\"https:\/\/www.convention.qc.ca\/wp-content\/uploads\/Cedric-Stpierre-LesChefs-2015-Credit-YannTurcotte.png\" alt=\"C\u00e9dric St-Pierre on the TV show Les chefs! (2015)\" class=\"wp-image-19550\" style=\"aspect-ratio:1;object-fit:cover\" srcset=\"https:\/\/www.convention.qc.ca\/wp-content\/uploads\/Cedric-Stpierre-LesChefs-2015-Credit-YannTurcotte.png 1051w, https:\/\/www.convention.qc.ca\/wp-content\/uploads\/Cedric-Stpierre-LesChefs-2015-Credit-YannTurcotte-700x467.png 700w, https:\/\/www.convention.qc.ca\/wp-content\/uploads\/Cedric-Stpierre-LesChefs-2015-Credit-YannTurcotte-1024x683.png 1024w, https:\/\/www.convention.qc.ca\/wp-content\/uploads\/Cedric-Stpierre-LesChefs-2015-Credit-YannTurcotte-768x512.png 768w, https:\/\/www.convention.qc.ca\/wp-content\/uploads\/Cedric-Stpierre-LesChefs-2015-Credit-YannTurcotte-400x267.png 400w\" sizes=\"auto, (max-width: 1051px) 100vw, 1051px\" \/><figcaption class=\"wp-element-caption\">C\u00e9dric St-Pierre on the TV show Les chefs! (2015)<\/figcaption><\/figure>\n<\/div><\/div><\/div>\n<\/div>\n<\/div><\/div>\n\n<div  class=\"item wysiwyg component-paragraph component-no-padding \" ><div class=\"container\">\n<p>Creative, passionate, and known for his strong communication skills, Chef St-Pierre brings inspired leadership and a refined culinary vision to Maestro Culinaire. His arrival is already energizing the team and shaping the company\u2019s long-term culinary strategy. This appointment perfectly reflects Maestro Culinaire\u2019s continued growth and its commitment to offering memorable gastronomic experiences for the Qu\u00e9bec City Convention Centre\u2019s guests.<\/p>\n<\/div><\/div>\n\n<div  class=\"item wysiwyg component-media-text\"><div class=\"container\" >\n<div class=\"wp-block-media-text is-stacked-on-mobile is-vertically-aligned-center\" style=\"grid-template-columns:45% auto\"><figure class=\"wp-block-media-text__media\"><img loading=\"lazy\" decoding=\"async\" width=\"1024\" height=\"563\" src=\"https:\/\/www.convention.qc.ca\/wp-content\/uploads\/Maestro-Culinaire-Montage-Assiettes-1024x563.jpg\" alt=\"Maestro Culinaire waitress preparing plates for a banquet at the Qu\u00e9bec City Convention Centre.\" class=\"wp-image-19556 size-full\" srcset=\"https:\/\/www.convention.qc.ca\/wp-content\/uploads\/Maestro-Culinaire-Montage-Assiettes-1024x563.jpg 1024w, https:\/\/www.convention.qc.ca\/wp-content\/uploads\/Maestro-Culinaire-Montage-Assiettes-700x385.jpg 700w, https:\/\/www.convention.qc.ca\/wp-content\/uploads\/Maestro-Culinaire-Montage-Assiettes-768x422.jpg 768w, https:\/\/www.convention.qc.ca\/wp-content\/uploads\/Maestro-Culinaire-Montage-Assiettes-1536x845.jpg 1536w, https:\/\/www.convention.qc.ca\/wp-content\/uploads\/Maestro-Culinaire-Montage-Assiettes-2048x1126.jpg 2048w, https:\/\/www.convention.qc.ca\/wp-content\/uploads\/Maestro-Culinaire-Montage-Assiettes-400x220.jpg 400w\" sizes=\"auto, (max-width: 1024px) 100vw, 1024px\" \/><\/figure><div class=\"wp-block-media-text__content\"><div  class=\"item wysiwyg component-heading component-no-padding \" ><div class=\"container\">\n<h2 class=\"wp-block-heading\"><strong>A Food Experience Beyond Convention<\/strong><\/h2>\n<\/div><\/div>\n\n<div  class=\"item wysiwyg component-paragraph component-no-padding \" ><div class=\"container\">\n<p>Always attentive to client needs, Maestro Culinaire highlights local ingredients through menus that invite guests to discover new flavours and sensations. This dedicated culinary brigade redefines event catering by combining performance, excellence, and <a href=\"https:\/\/www.convention.qc.ca\/en\/event-planners\/sustainability\/eco-friendly-food-services-events\/\">eco-conscious practices<\/a>.<\/p>\n<\/div><\/div>\n\n<div  class=\"item wysiwyg component-buttons component-no-padding \" ><div class=\"container\">\n<div class=\"wp-block-buttons is-layout-flex wp-block-buttons-is-layout-flex\">\n<div class=\"wp-block-button\"><a class=\"wp-block-button__link wp-element-button\" href=\"https:\/\/www.convention.qc.ca\/en\/event-planners\/services\/food-and-beverage\/\">Discover Food Services<\/a><\/div>\n<\/div>\n<\/div><\/div><\/div><\/div>\n<\/div><\/div>","protected":false},"excerpt":{"rendered":"Qu\u00e9bec City Convention Centre and its partner Maestro Culinaire are pleased to welcome C\u00e9dric St-Pierre as their new Executive Chef.","protected":false},"featured_media":19627,"parent":0,"template":"","categorie-communiques":[608,626],"class_list":["post-19557","communiques","type-communiques","status-publish","has-post-thumbnail","hentry","categorie-communiques-food-and-beverage","categorie-communiques-nominations-and-awards"],"acf":[],"yoast_head":"<!-- This site is optimized with the Yoast SEO plugin v26.7 - https:\/\/yoast.com\/wordpress\/plugins\/seo\/ -->\n<title>St-Pierre, New Executive Chef | Qu\u00e9bec City Convention Centre<\/title>\n<meta name=\"description\" content=\"Qu\u00e9bec City Convention Centre and its partner Maestro Culinaire are pleased to welcome C\u00e9dric St-Pierre as their new Executive Chef.\" \/>\n<meta name=\"robots\" content=\"index, follow, max-snippet:-1, max-image-preview:large, max-video-preview:-1\" \/>\n<link rel=\"canonical\" href=\"https:\/\/www.convention.qc.ca\/en\/news\/cedric-stpierre-new-executive-chef-maestro-culinaire\/\" \/>\n<meta property=\"og:locale\" content=\"en_US\" \/>\n<meta property=\"og:type\" content=\"article\" \/>\n<meta property=\"og:title\" content=\"St-Pierre, New Executive Chef | Qu\u00e9bec City Convention Centre\" \/>\n<meta property=\"og:description\" content=\"Qu\u00e9bec City Convention Centre and its partner Maestro Culinaire are pleased to welcome C\u00e9dric St-Pierre as their new Executive Chef.\" \/>\n<meta property=\"og:url\" content=\"https:\/\/www.convention.qc.ca\/en\/news\/cedric-stpierre-new-executive-chef-maestro-culinaire\/\" \/>\n<meta property=\"og:site_name\" content=\"Qu\u00e9bec City Convention Centre\" \/>\n<meta property=\"article:publisher\" content=\"https:\/\/www.facebook.com\/congresquebec\/\" \/>\n<meta property=\"article:modified_time\" content=\"2025-11-12T19:49:14+00:00\" \/>\n<meta property=\"og:image\" content=\"https:\/\/www.convention.qc.ca\/wp-content\/uploads\/Chef-Cedric-StPierre-2025-vignette.jpg\" \/>\n\t<meta property=\"og:image:width\" content=\"1080\" \/>\n\t<meta property=\"og:image:height\" content=\"628\" \/>\n\t<meta property=\"og:image:type\" content=\"image\/jpeg\" \/>\n<meta name=\"twitter:card\" content=\"summary_large_image\" \/>\n<meta name=\"twitter:site\" content=\"@quebeccongres\" \/>\n<meta name=\"twitter:label1\" content=\"Est. reading time\" \/>\n\t<meta name=\"twitter:data1\" content=\"2 minutes\" \/>\n<script type=\"application\/ld+json\" class=\"yoast-schema-graph\">{\"@context\":\"https:\/\/schema.org\",\"@graph\":[{\"@type\":\"WebPage\",\"@id\":\"https:\/\/www.convention.qc.ca\/en\/news\/cedric-stpierre-new-executive-chef-maestro-culinaire\/\",\"url\":\"https:\/\/www.convention.qc.ca\/en\/news\/cedric-stpierre-new-executive-chef-maestro-culinaire\/\",\"name\":\"St-Pierre, New Executive Chef | Qu\u00e9bec City Convention Centre\",\"isPartOf\":{\"@id\":\"https:\/\/www.convention.qc.ca\/en\/#website\"},\"primaryImageOfPage\":{\"@id\":\"https:\/\/www.convention.qc.ca\/en\/news\/cedric-stpierre-new-executive-chef-maestro-culinaire\/#primaryimage\"},\"image\":{\"@id\":\"https:\/\/www.convention.qc.ca\/en\/news\/cedric-stpierre-new-executive-chef-maestro-culinaire\/#primaryimage\"},\"thumbnailUrl\":\"https:\/\/www.convention.qc.ca\/wp-content\/uploads\/Chef-Cedric-StPierre-2025-vignette.jpg\",\"datePublished\":\"2025-10-27T16:59:22+00:00\",\"dateModified\":\"2025-11-12T19:49:14+00:00\",\"description\":\"Qu\u00e9bec City Convention Centre and its partner Maestro Culinaire are pleased to welcome C\u00e9dric St-Pierre as their new Executive Chef.\",\"breadcrumb\":{\"@id\":\"https:\/\/www.convention.qc.ca\/en\/news\/cedric-stpierre-new-executive-chef-maestro-culinaire\/#breadcrumb\"},\"inLanguage\":\"en-US\",\"potentialAction\":[{\"@type\":\"ReadAction\",\"target\":[\"https:\/\/www.convention.qc.ca\/en\/news\/cedric-stpierre-new-executive-chef-maestro-culinaire\/\"]}]},{\"@type\":\"ImageObject\",\"inLanguage\":\"en-US\",\"@id\":\"https:\/\/www.convention.qc.ca\/en\/news\/cedric-stpierre-new-executive-chef-maestro-culinaire\/#primaryimage\",\"url\":\"https:\/\/www.convention.qc.ca\/wp-content\/uploads\/Chef-Cedric-StPierre-2025-vignette.jpg\",\"contentUrl\":\"https:\/\/www.convention.qc.ca\/wp-content\/uploads\/Chef-Cedric-StPierre-2025-vignette.jpg\",\"width\":1080,\"height\":628,\"caption\":\"Black-and-white portrait of C\u00e9dric St-Pierre, executive chef at Maestro Culinaire since November 2025.\"},{\"@type\":\"BreadcrumbList\",\"@id\":\"https:\/\/www.convention.qc.ca\/en\/news\/cedric-stpierre-new-executive-chef-maestro-culinaire\/#breadcrumb\",\"itemListElement\":[{\"@type\":\"ListItem\",\"position\":1,\"name\":\"Accueil\",\"item\":\"https:\/\/www.convention.qc.ca\/en\/\"},{\"@type\":\"ListItem\",\"position\":2,\"name\":\"Nouvelles\",\"item\":\"https:\/\/www.convention.qc.ca\/en\/news\/\"},{\"@type\":\"ListItem\",\"position\":3,\"name\":\"C\u00e9dric St-Pierre, New Executive Chef at Maestro Culinaire\"}]},{\"@type\":\"WebSite\",\"@id\":\"https:\/\/www.convention.qc.ca\/en\/#website\",\"url\":\"https:\/\/www.convention.qc.ca\/en\/\",\"name\":\"Centre des congr\u00e8s de Qu\u00e9bec\",\"description\":\"Convention and exhibition center in Quebec City\",\"publisher\":{\"@id\":\"https:\/\/www.convention.qc.ca\/en\/#organization\"},\"potentialAction\":[{\"@type\":\"SearchAction\",\"target\":{\"@type\":\"EntryPoint\",\"urlTemplate\":\"https:\/\/www.convention.qc.ca\/en\/?s={search_term_string}\"},\"query-input\":{\"@type\":\"PropertyValueSpecification\",\"valueRequired\":true,\"valueName\":\"search_term_string\"}}],\"inLanguage\":\"en-US\"},{\"@type\":\"Organization\",\"@id\":\"https:\/\/www.convention.qc.ca\/en\/#organization\",\"name\":\"Centre des congr\u00e8s de Qu\u00e9bec\",\"url\":\"https:\/\/www.convention.qc.ca\/en\/\",\"logo\":{\"@type\":\"ImageObject\",\"inLanguage\":\"en-US\",\"@id\":\"https:\/\/www.convention.qc.ca\/en\/#\/schema\/logo\/image\/\",\"url\":\"https:\/\/www.convention.qc.ca\/wp-content\/uploads\/poster.png\",\"contentUrl\":\"https:\/\/www.convention.qc.ca\/wp-content\/uploads\/poster.png\",\"width\":1200,\"height\":630,\"caption\":\"Centre des congr\u00e8s de Qu\u00e9bec\"},\"image\":{\"@id\":\"https:\/\/www.convention.qc.ca\/en\/#\/schema\/logo\/image\/\"},\"sameAs\":[\"https:\/\/www.facebook.com\/congresquebec\/\",\"https:\/\/x.com\/quebeccongres\",\"https:\/\/www.instagram.com\/quebeccongres\/\",\"https:\/\/www.linkedin.com\/company\/congresquebec\"]}]}<\/script>\n<!-- \/ Yoast SEO plugin. -->","yoast_head_json":{"title":"St-Pierre, New Executive Chef | Qu\u00e9bec City Convention Centre","description":"Qu\u00e9bec City Convention Centre and its partner Maestro Culinaire are pleased to welcome C\u00e9dric St-Pierre as their new Executive Chef.","robots":{"index":"index","follow":"follow","max-snippet":"max-snippet:-1","max-image-preview":"max-image-preview:large","max-video-preview":"max-video-preview:-1"},"canonical":"https:\/\/www.convention.qc.ca\/en\/news\/cedric-stpierre-new-executive-chef-maestro-culinaire\/","og_locale":"en_US","og_type":"article","og_title":"St-Pierre, New Executive Chef | Qu\u00e9bec City Convention Centre","og_description":"Qu\u00e9bec City Convention Centre and its partner Maestro Culinaire are pleased to welcome C\u00e9dric St-Pierre as their new Executive Chef.","og_url":"https:\/\/www.convention.qc.ca\/en\/news\/cedric-stpierre-new-executive-chef-maestro-culinaire\/","og_site_name":"Qu\u00e9bec City Convention Centre","article_publisher":"https:\/\/www.facebook.com\/congresquebec\/","article_modified_time":"2025-11-12T19:49:14+00:00","og_image":[{"width":1080,"height":628,"url":"https:\/\/www.convention.qc.ca\/wp-content\/uploads\/Chef-Cedric-StPierre-2025-vignette.jpg","type":"image\/jpeg"}],"twitter_card":"summary_large_image","twitter_site":"@quebeccongres","twitter_misc":{"Est. reading time":"2 minutes"},"schema":{"@context":"https:\/\/schema.org","@graph":[{"@type":"WebPage","@id":"https:\/\/www.convention.qc.ca\/en\/news\/cedric-stpierre-new-executive-chef-maestro-culinaire\/","url":"https:\/\/www.convention.qc.ca\/en\/news\/cedric-stpierre-new-executive-chef-maestro-culinaire\/","name":"St-Pierre, New Executive Chef | Qu\u00e9bec City Convention Centre","isPartOf":{"@id":"https:\/\/www.convention.qc.ca\/en\/#website"},"primaryImageOfPage":{"@id":"https:\/\/www.convention.qc.ca\/en\/news\/cedric-stpierre-new-executive-chef-maestro-culinaire\/#primaryimage"},"image":{"@id":"https:\/\/www.convention.qc.ca\/en\/news\/cedric-stpierre-new-executive-chef-maestro-culinaire\/#primaryimage"},"thumbnailUrl":"https:\/\/www.convention.qc.ca\/wp-content\/uploads\/Chef-Cedric-StPierre-2025-vignette.jpg","datePublished":"2025-10-27T16:59:22+00:00","dateModified":"2025-11-12T19:49:14+00:00","description":"Qu\u00e9bec City Convention Centre and its partner Maestro Culinaire are pleased to welcome C\u00e9dric St-Pierre as their new Executive Chef.","breadcrumb":{"@id":"https:\/\/www.convention.qc.ca\/en\/news\/cedric-stpierre-new-executive-chef-maestro-culinaire\/#breadcrumb"},"inLanguage":"en-US","potentialAction":[{"@type":"ReadAction","target":["https:\/\/www.convention.qc.ca\/en\/news\/cedric-stpierre-new-executive-chef-maestro-culinaire\/"]}]},{"@type":"ImageObject","inLanguage":"en-US","@id":"https:\/\/www.convention.qc.ca\/en\/news\/cedric-stpierre-new-executive-chef-maestro-culinaire\/#primaryimage","url":"https:\/\/www.convention.qc.ca\/wp-content\/uploads\/Chef-Cedric-StPierre-2025-vignette.jpg","contentUrl":"https:\/\/www.convention.qc.ca\/wp-content\/uploads\/Chef-Cedric-StPierre-2025-vignette.jpg","width":1080,"height":628,"caption":"Black-and-white portrait of C\u00e9dric St-Pierre, executive chef at Maestro Culinaire since November 2025."},{"@type":"BreadcrumbList","@id":"https:\/\/www.convention.qc.ca\/en\/news\/cedric-stpierre-new-executive-chef-maestro-culinaire\/#breadcrumb","itemListElement":[{"@type":"ListItem","position":1,"name":"Accueil","item":"https:\/\/www.convention.qc.ca\/en\/"},{"@type":"ListItem","position":2,"name":"Nouvelles","item":"https:\/\/www.convention.qc.ca\/en\/news\/"},{"@type":"ListItem","position":3,"name":"C\u00e9dric St-Pierre, New Executive Chef at Maestro Culinaire"}]},{"@type":"WebSite","@id":"https:\/\/www.convention.qc.ca\/en\/#website","url":"https:\/\/www.convention.qc.ca\/en\/","name":"Centre des congr\u00e8s de Qu\u00e9bec","description":"Convention and exhibition center in Quebec City","publisher":{"@id":"https:\/\/www.convention.qc.ca\/en\/#organization"},"potentialAction":[{"@type":"SearchAction","target":{"@type":"EntryPoint","urlTemplate":"https:\/\/www.convention.qc.ca\/en\/?s={search_term_string}"},"query-input":{"@type":"PropertyValueSpecification","valueRequired":true,"valueName":"search_term_string"}}],"inLanguage":"en-US"},{"@type":"Organization","@id":"https:\/\/www.convention.qc.ca\/en\/#organization","name":"Centre des congr\u00e8s de Qu\u00e9bec","url":"https:\/\/www.convention.qc.ca\/en\/","logo":{"@type":"ImageObject","inLanguage":"en-US","@id":"https:\/\/www.convention.qc.ca\/en\/#\/schema\/logo\/image\/","url":"https:\/\/www.convention.qc.ca\/wp-content\/uploads\/poster.png","contentUrl":"https:\/\/www.convention.qc.ca\/wp-content\/uploads\/poster.png","width":1200,"height":630,"caption":"Centre des congr\u00e8s de Qu\u00e9bec"},"image":{"@id":"https:\/\/www.convention.qc.ca\/en\/#\/schema\/logo\/image\/"},"sameAs":["https:\/\/www.facebook.com\/congresquebec\/","https:\/\/x.com\/quebeccongres","https:\/\/www.instagram.com\/quebeccongres\/","https:\/\/www.linkedin.com\/company\/congresquebec"]}]}},"_links":{"self":[{"href":"https:\/\/www.convention.qc.ca\/en\/wp-json\/wp\/v2\/communiques\/19557","targetHints":{"allow":["GET"]}}],"collection":[{"href":"https:\/\/www.convention.qc.ca\/en\/wp-json\/wp\/v2\/communiques"}],"about":[{"href":"https:\/\/www.convention.qc.ca\/en\/wp-json\/wp\/v2\/types\/communiques"}],"wp:featuredmedia":[{"embeddable":true,"href":"https:\/\/www.convention.qc.ca\/en\/wp-json\/wp\/v2\/media\/19627"}],"wp:attachment":[{"href":"https:\/\/www.convention.qc.ca\/en\/wp-json\/wp\/v2\/media?parent=19557"}],"wp:term":[{"taxonomy":"categorie-communiques","embeddable":true,"href":"https:\/\/www.convention.qc.ca\/en\/wp-json\/wp\/v2\/categorie-communiques?post=19557"}],"curies":[{"name":"wp","href":"https:\/\/api.w.org\/{rel}","templated":true}]}}