{"id":18886,"date":"2025-06-11T17:23:40","date_gmt":"2025-06-11T21:23:40","guid":{"rendered":"https:\/\/www.convention.qc.ca\/?post_type=communiques&#038;p=18886"},"modified":"2025-10-02T10:49:09","modified_gmt":"2025-10-02T14:49:09","slug":"luc-beaulieu-chu-ambassador-year-2024","status":"publish","type":"communiques","link":"https:\/\/www.convention.qc.ca\/en\/news\/luc-beaulieu-chu-ambassador-year-2024\/","title":{"rendered":"Luc Beaulieu, Ambassador of the Year and Leader in Radiation Oncology"},"content":{"rendered":"<div  class=\"item wysiwyg component-columns\"><div class=\"container\" >\n<div class=\"wp-block-columns is-layout-flex wp-container-core-columns-is-layout-9d6595d7 wp-block-columns-is-layout-flex\">\n<div class=\"wp-block-column is-vertically-aligned-center is-layout-flow wp-block-column-is-layout-flow\"><div  class=\"item wysiwyg component-paragraph component-no-padding \" ><div class=\"container\">\n<p>Each year, the Qu\u00e9bec City Convention Centre hosts major international scientific conferences organized by researchers, professors, and ambassadors who are deeply committed to advancing their fields and promoting the Qu\u00e9bec City region on the global stage!<br><br><a href=\"https:\/\/cercledesambassadeurs.com\/en\/ambassadors\/luc-beaulieu\/?utm_source=ccq&amp;utm_medium=nouvelle-juin-2025&amp;utm_campaign=collabo-chuchoteur&amp;utm_content=luc-beaulieu\" target=\"_blank\" rel=\"noreferrer noopener\">Luc Beaulieu<\/a>, a researcher in the Oncology axis at the CHU de Qu\u00e9bec Research Centre and professor at Universit\u00e9 Laval, is one of them. His significant contributions to the field of medical physics and his active involvement in organizing numerous scientific conferences over the years earned him the title of 2024 Ambassador of the Year, awarded by the <a href=\"https:\/\/cercledesambassadeurs.com\/en\/?utm_source=ccq&amp;utm_medium=nouvelle-juin-2025&amp;utm_campaign=collabo-chuchoteur&amp;utm_content=luc-beaulieu\" target=\"_blank\" rel=\"noreferrer noopener\">Qu\u00e9bec City Ambassadors\u2019 Club<\/a>. In July 2027, he will be part of the organizing committee for the 21st International Conference on the Use of Computers in Radiation Therapy (ICCR), which will be held at the Qu\u00e9bec City Convention Centre.<\/p>\n<\/div><\/div><\/div>\n\n\n\n<div class=\"wp-block-column is-vertically-aligned-center is-layout-flow wp-block-column-is-layout-flow\"><div  class=\"item wysiwyg component-image\"><div class=\"container\" >\n<figure class=\"wp-block-image size-full\"><img loading=\"lazy\" decoding=\"async\" width=\"954\" height=\"954\" src=\"https:\/\/www.convention.qc.ca\/wp-content\/uploads\/Ambassadeur-Annee-2024_Credit-Frederic-Lavoie.jpg\" alt=\"Ambassador and researcher Luc Beaulieu speaking at the microphone in front of a podium during the presentation of his \u201cAmbassador of the Year 2024\u201d award at the Hommage aux ambassadeurs evening.\" class=\"wp-image-18877\" srcset=\"https:\/\/www.convention.qc.ca\/wp-content\/uploads\/Ambassadeur-Annee-2024_Credit-Frederic-Lavoie.jpg 954w, https:\/\/www.convention.qc.ca\/wp-content\/uploads\/Ambassadeur-Annee-2024_Credit-Frederic-Lavoie-700x700.jpg 700w, https:\/\/www.convention.qc.ca\/wp-content\/uploads\/Ambassadeur-Annee-2024_Credit-Frederic-Lavoie-768x768.jpg 768w, https:\/\/www.convention.qc.ca\/wp-content\/uploads\/Ambassadeur-Annee-2024_Credit-Frederic-Lavoie-400x400.jpg 400w\" sizes=\"auto, (max-width: 954px) 100vw, 954px\" \/><figcaption class=\"wp-element-caption\">Photo: Fr\u00e9d\u00e9ric Lavoie<\/figcaption><\/figure>\n<\/div><\/div><\/div>\n\n\n\n<div class=\"wp-block-column is-layout-flow wp-block-column-is-layout-flow\"><div  class=\"item wysiwyg component-image\"><div class=\"container\" >\n<figure class=\"wp-block-image size-full\"><img loading=\"lazy\" decoding=\"async\" width=\"973\" height=\"973\" src=\"https:\/\/www.convention.qc.ca\/wp-content\/uploads\/Maire-et-Ambassadeur-Annee-2024_Credit-Frederic-Lavoie.jpg\" alt=\"Ambassador Luc Beaulieu holding his \u201cAmbassador of the Year 2024\u201d award, accompanied by the Mayor of Qu\u00e9bec City, Mr. Bruno Marchand.\" class=\"wp-image-18882\" srcset=\"https:\/\/www.convention.qc.ca\/wp-content\/uploads\/Maire-et-Ambassadeur-Annee-2024_Credit-Frederic-Lavoie.jpg 973w, https:\/\/www.convention.qc.ca\/wp-content\/uploads\/Maire-et-Ambassadeur-Annee-2024_Credit-Frederic-Lavoie-700x700.jpg 700w, https:\/\/www.convention.qc.ca\/wp-content\/uploads\/Maire-et-Ambassadeur-Annee-2024_Credit-Frederic-Lavoie-768x768.jpg 768w, https:\/\/www.convention.qc.ca\/wp-content\/uploads\/Maire-et-Ambassadeur-Annee-2024_Credit-Frederic-Lavoie-400x400.jpg 400w\" sizes=\"auto, (max-width: 973px) 100vw, 973px\" \/><figcaption class=\"wp-element-caption\">Photo: Fr\u00e9d\u00e9ric Lavoie<\/figcaption><\/figure>\n<\/div><\/div><\/div>\n<\/div>\n<\/div><\/div>\n\n\n<div  class=\"item component-cta-banner component-no-padding\">\n    <section class=\"block-cta-banner js-a11y-block-link block-cta-banner--is-reverse block-cta-banner--is-common block-cta-banner--is-dark\">\n        <div class=\"container\">\n            <div class=\"row\">\n                <div class=\"col-xs-12\">\n                    <div class=\"block-cta-banner__container\">\n                        <div class=\"block-cta-banner__content\">\n                                                        \n                                                            <div class=\"block-cta-banner__text\">\n                                    <p>In collaboration with his team, Professor Beaulieu recently contributed to the development of a new dosimetric optimization technology. This innovation could revolutionize the way treatments are planned and delivered in real time, ensuring greater safety and effectiveness for patients with cervical cancer.<\/p>\n                                <\/div>\n                            \n                                                            <a\n                                  class=\"block-cta-banner__link js-call-to-action-link\"\n                                  href=\"https:\/\/www.crchudequebec.ulaval.ca\/en\/new-technology-to-improve-brachytherapy-treatments\/\"\n                                  target=\"_blank\"\n                                  data-a11y-link\n                                  data-name=\"\"\n                                  data-label=\"Read the Full Article\"\n                                >\n                                    <span>Read the Full Article<\/span>\n                                    <svg width=\"14px\" height=\"15px\" aria-hidden=\"true\" focusable=\"false\"><use xlink:href=\"#ico-arrow-right\"><\/use><\/svg>\n                                <\/a>\n                                                    <\/div>\n                    <\/div>\n                    \n                                    <\/div>\n            <\/div>\n        <\/div>\n    <\/section>\n<\/div>\n\n<div  class=\"item wysiwyg component-heading component-no-padding \" ><div class=\"container\">\n<h2 class=\"wp-block-heading\"><strong>Promoting Medical Innovation\u2014and Qu\u00e9bec City!<\/strong><\/h2>\n<\/div><\/div>\n\n<div  class=\"item wysiwyg component-paragraph component-no-padding \" ><div class=\"container\">\n<p>Internationally recognized for his work in developing dosimeters and algorithms used in radiation therapy, Professor Beaulieu is a pioneer in the field of medical physics applied to cancer treatment. Over the past 20 years, he has also helped organize more than 30 scientific conferences worldwide, including several held in Qu\u00e9bec City\u2014from the <a href=\"https:\/\/comp-ocpm.ca\/\" target=\"_blank\" rel=\"noreferrer noopener\">COMP<\/a> conference in 2008 to the 12th edition of <a href=\"https:\/\/ic3ddose.phy.ulaval.ca\/\" target=\"_blank\" rel=\"noreferrer noopener\">IC3Ddose<\/a> in 2022.<\/p>\n<\/div><\/div>\n\n<div  class=\"item wysiwyg component-heading component-no-padding \" ><div class=\"container\">\n<h2 class=\"wp-block-heading\"><strong>A Strategic Network Supporting the Destination<\/strong><\/h2>\n<\/div><\/div>\n\n<div  class=\"item wysiwyg component-paragraph component-no-padding \" ><div class=\"container\">\n<p>The Qu\u00e9bec City Ambassadors\u2019 Club welcomes new members each year These professionals and researchers, in addition to their regular work, are dedicated to fostering regional development and supporting key industries by helping bring international conferences to Qu\u00e9bec City. With personalized support and guidance from the Ambassadors\u2019 Club team, this experience offers a valuable opportunity to increase your field\u2019s visibility and enhance the region\u2019s global influence.<\/p>\n<\/div><\/div>\n\n<div  class=\"item wysiwyg component-media-text\"><div class=\"container\" >\n<div class=\"wp-block-media-text is-stacked-on-mobile is-vertically-aligned-top\"><figure class=\"wp-block-media-text__media\"><img loading=\"lazy\" decoding=\"async\" width=\"1024\" height=\"576\" src=\"https:\/\/www.convention.qc.ca\/wp-content\/uploads\/Grand-RDV-Recherche-Ulaval-01_Credit-DanyVachon-e1749676898214-1024x576.jpg\" alt=\"A convention hosted by Universit\u00e9 Laval at the Qu\u00e9bec City Convention Centre. A speaker presents on stage to a large seated audience, with dual screens displaying visuals about permafrost as a circumpolar phenomenon. The presentation includes Earth imagery and research data, highlighting academic engagement in climate science.\" class=\"wp-image-18892 size-full\" srcset=\"https:\/\/www.convention.qc.ca\/wp-content\/uploads\/Grand-RDV-Recherche-Ulaval-01_Credit-DanyVachon-e1749676898214-1024x576.jpg 1024w, https:\/\/www.convention.qc.ca\/wp-content\/uploads\/Grand-RDV-Recherche-Ulaval-01_Credit-DanyVachon-e1749676898214-700x394.jpg 700w, https:\/\/www.convention.qc.ca\/wp-content\/uploads\/Grand-RDV-Recherche-Ulaval-01_Credit-DanyVachon-e1749676898214-768x432.jpg 768w, https:\/\/www.convention.qc.ca\/wp-content\/uploads\/Grand-RDV-Recherche-Ulaval-01_Credit-DanyVachon-e1749676898214-400x225.jpg 400w, https:\/\/www.convention.qc.ca\/wp-content\/uploads\/Grand-RDV-Recherche-Ulaval-01_Credit-DanyVachon-e1749676898214.jpg 1366w\" sizes=\"auto, (max-width: 1024px) 100vw, 1024px\" \/><figcaption class=\"wp-element-caption\">Photo: Dany Vachon (Universit\u00e9 Laval)<\/figcaption><\/figure><div class=\"wp-block-media-text__content\"><div  class=\"item wysiwyg component-heading component-no-padding \" ><div class=\"container\">\n<h2 class=\"wp-block-heading\"><strong>Plan Your First Conference<\/strong><\/h2>\n<\/div><\/div>\n\n<div  class=\"item wysiwyg component-paragraph component-no-padding \" ><div class=\"container\">\n<p>Are you an emerging researcher at Universit\u00e9 Laval looking to organize your first Canadian or international conference in Qu\u00e9bec City? The Qu\u00e9bec City Convention Centre is offering a unique opportunity: a <strong>$10,000 gran<\/strong>t to support the organization of a major scientific event. This initiative aims to highlight local research, generate real benefits for the community, and help you gain recognition on a national or international level.<\/p>\n<\/div><\/div>\n\n<div  class=\"item wysiwyg component-buttons component-no-padding \" ><div class=\"container\">\n<div class=\"wp-block-buttons is-layout-flex wp-block-buttons-is-layout-flex\">\n<div class=\"wp-block-button\"><a class=\"wp-block-button__link wp-element-button\" href=\"https:\/\/www.convention.qc.ca\/nouvelles\/bourse-universite-laval-chercheur-recherche\/\" target=\"_blank\" rel=\"noreferrer noopener\">Learn More<\/a><\/div>\n<\/div>\n<\/div><\/div><\/div><\/div>\n<\/div><\/div>\n\n<div  class=\"item wysiwyg component-heading component-no-padding \" ><div class=\"container\">\n<h2 class=\"wp-block-heading\"><strong>Contact Our Team<\/strong><\/h2>\n<\/div><\/div>\n\n<div  class=\"item wysiwyg component-paragraph component-no-padding \" ><div class=\"container\">\n<p>Interested in making an impact in your field and becoming a conference ambassador? Take the lead in bringing an international conference to Qu\u00e9bec City, and discover how our team can support you every step of the way.<\/p>\n<\/div><\/div>\n\n\n\n<section  class=\"item component-team-list\">\n    <div class=\"container\">\n        <div class=\"team-list\" role=\"list\">\n                            \n                <article role=\"listitem\" class=\"team-card js-a11y-block-link\">\n                    <div class=\"team-card__picture\">\n                        \n                                                    <a href=\"https:\/\/www.convention.qc.ca\/en\/team-member\/annie-st-yves\/\"><img loading=\"lazy\" decoding=\"async\" width=\"400\" height=\"400\" src=\"https:\/\/www.convention.qc.ca\/wp-content\/uploads\/Annie-St-Yves-2023-credits-Jonathan-Robert-400x400-1.jpg\" class=\"attachment-full size-full\" alt=\"Annie St-Yves, de l&#039;\u00e9quipe des ventes du Centre des congr\u00e8s de Qu\u00e9bec.\" \/><\/a>\n                                            <\/div>\n                    <div class=\"team-card__content\">\n                        <header class=\"team-card__header\">\n                                                            <h2 class=\"team-card__title\">\n                                    <a href=\"https:\/\/www.convention.qc.ca\/en\/team-member\/annie-st-yves\/\" data-a11y-link>\n                                        Annie St-Yves                                    <\/a>\n                                <\/h2>\n                            \n                            <p>Sales Manager<\/p>\n\n                            \n                            \n                                                            <p>American and International Market<\/p>\n                                                    <\/header>\n\n                                                    <footer class=\"team-card__footer\">\n                                                                    <p><a href=\"tel:+1418 649-7711 #4033\">418 649-7711, ext. 4033<\/a><\/p>\n                                \n                                                                    <p><a href=\"https:\/\/www.linkedin.com\/in\/annie-st-yves-72526024\/?originalSubdomain=ca\" target=\"_blank\" data-origin=\"listing\" class=\"js-bt-linked-in-profile\">LinkedIn Profile<\/a><\/p>\n                                \n                                                                    <a href=\"mailto:astyves@convention.qc.ca\" data-origin=\"listing\" class=\"team-card__button js-bt-contact-sale-team-member\">Contact Me<\/a>\n                                                            <\/footer>\n                                            <\/div>\n                <\/article>\n                    <\/div>\n    <\/div>\n<\/section>","protected":false},"excerpt":{"rendered":"Discover how hosting a scientific convention in Qu\u00e9bec can contribute to advancements in life sciences and in your field of research, thanks to the services of the Ambassadors\u2019 Club!","protected":false},"featured_media":18880,"parent":0,"template":"","categorie-communiques":[606,629],"class_list":["post-18886","communiques","type-communiques","status-publish","has-post-thumbnail","hentry","categorie-communiques-event-ambassadors","categorie-communiques-key-industries"],"acf":[],"yoast_head":"<!-- This site is optimized with the Yoast SEO plugin v26.7 - https:\/\/yoast.com\/wordpress\/plugins\/seo\/ -->\n<title>Luc Beaulieu, Ambassador of the Year and Leader in Radiation Oncology | Qu\u00e9bec City Convention Centre<\/title>\n<meta name=\"description\" content=\"Discover how hosting a scientific conference in Qu\u00e9bec City can drive advancements in your research field, with the help of the Qu\u00e9bec City Ambassadors\u2019 Club.\" \/>\n<meta name=\"robots\" content=\"index, follow, max-snippet:-1, max-image-preview:large, max-video-preview:-1\" \/>\n<link rel=\"canonical\" href=\"https:\/\/www.convention.qc.ca\/en\/news\/luc-beaulieu-chu-ambassador-year-2024\/\" \/>\n<meta property=\"og:locale\" content=\"en_US\" \/>\n<meta property=\"og:type\" content=\"article\" \/>\n<meta property=\"og:title\" content=\"Luc Beaulieu, Ambassador of the Year and Leader in Radiation Oncology | Qu\u00e9bec City Convention Centre\" \/>\n<meta property=\"og:description\" content=\"Discover how hosting a scientific conference in Qu\u00e9bec City can drive advancements in your research field, with the help of the Qu\u00e9bec City Ambassadors\u2019 Club.\" \/>\n<meta property=\"og:url\" content=\"https:\/\/www.convention.qc.ca\/en\/news\/luc-beaulieu-chu-ambassador-year-2024\/\" \/>\n<meta property=\"og:site_name\" content=\"Qu\u00e9bec City Convention Centre\" \/>\n<meta property=\"article:publisher\" content=\"https:\/\/www.facebook.com\/congresquebec\/\" \/>\n<meta property=\"article:modified_time\" content=\"2025-10-02T14:49:09+00:00\" \/>\n<meta property=\"og:image\" content=\"https:\/\/www.convention.qc.ca\/wp-content\/uploads\/LucBeaulieu_Credit_FondationCHUdeQuebec.jpg\" \/>\n\t<meta property=\"og:image:width\" content=\"1920\" \/>\n\t<meta property=\"og:image:height\" content=\"1080\" \/>\n\t<meta property=\"og:image:type\" content=\"image\/jpeg\" \/>\n<meta name=\"twitter:card\" content=\"summary_large_image\" \/>\n<meta name=\"twitter:site\" content=\"@quebeccongres\" \/>\n<meta name=\"twitter:label1\" content=\"Est. reading time\" \/>\n\t<meta name=\"twitter:data1\" content=\"3 minutes\" \/>\n<script type=\"application\/ld+json\" class=\"yoast-schema-graph\">{\"@context\":\"https:\/\/schema.org\",\"@graph\":[{\"@type\":\"WebPage\",\"@id\":\"https:\/\/www.convention.qc.ca\/en\/news\/luc-beaulieu-chu-ambassador-year-2024\/\",\"url\":\"https:\/\/www.convention.qc.ca\/en\/news\/luc-beaulieu-chu-ambassador-year-2024\/\",\"name\":\"Luc Beaulieu, Ambassador of the Year and Leader in Radiation Oncology | Qu\u00e9bec City Convention Centre\",\"isPartOf\":{\"@id\":\"https:\/\/www.convention.qc.ca\/en\/#website\"},\"primaryImageOfPage\":{\"@id\":\"https:\/\/www.convention.qc.ca\/en\/news\/luc-beaulieu-chu-ambassador-year-2024\/#primaryimage\"},\"image\":{\"@id\":\"https:\/\/www.convention.qc.ca\/en\/news\/luc-beaulieu-chu-ambassador-year-2024\/#primaryimage\"},\"thumbnailUrl\":\"https:\/\/www.convention.qc.ca\/wp-content\/uploads\/LucBeaulieu_Credit_FondationCHUdeQuebec.jpg\",\"datePublished\":\"2025-06-11T21:23:40+00:00\",\"dateModified\":\"2025-10-02T14:49:09+00:00\",\"description\":\"Discover how hosting a scientific conference in Qu\u00e9bec City can drive advancements in your research field, with the help of the Qu\u00e9bec City Ambassadors\u2019 Club.\",\"breadcrumb\":{\"@id\":\"https:\/\/www.convention.qc.ca\/en\/news\/luc-beaulieu-chu-ambassador-year-2024\/#breadcrumb\"},\"inLanguage\":\"en-US\",\"potentialAction\":[{\"@type\":\"ReadAction\",\"target\":[\"https:\/\/www.convention.qc.ca\/en\/news\/luc-beaulieu-chu-ambassador-year-2024\/\"]}]},{\"@type\":\"ImageObject\",\"inLanguage\":\"en-US\",\"@id\":\"https:\/\/www.convention.qc.ca\/en\/news\/luc-beaulieu-chu-ambassador-year-2024\/#primaryimage\",\"url\":\"https:\/\/www.convention.qc.ca\/wp-content\/uploads\/LucBeaulieu_Credit_FondationCHUdeQuebec.jpg\",\"contentUrl\":\"https:\/\/www.convention.qc.ca\/wp-content\/uploads\/LucBeaulieu_Credit_FondationCHUdeQuebec.jpg\",\"width\":1920,\"height\":1080,\"caption\":\"Researcher Luc Beaulieu standing in his laboratory at the CHU de Qu\u00e9bec Research Centre, while other researchers are working in the background.\"},{\"@type\":\"BreadcrumbList\",\"@id\":\"https:\/\/www.convention.qc.ca\/en\/news\/luc-beaulieu-chu-ambassador-year-2024\/#breadcrumb\",\"itemListElement\":[{\"@type\":\"ListItem\",\"position\":1,\"name\":\"Accueil\",\"item\":\"https:\/\/www.convention.qc.ca\/en\/\"},{\"@type\":\"ListItem\",\"position\":2,\"name\":\"Nouvelles\",\"item\":\"https:\/\/www.convention.qc.ca\/en\/news\/\"},{\"@type\":\"ListItem\",\"position\":3,\"name\":\"Luc Beaulieu, Ambassador of the Year and Leader in Radiation Oncology\"}]},{\"@type\":\"WebSite\",\"@id\":\"https:\/\/www.convention.qc.ca\/en\/#website\",\"url\":\"https:\/\/www.convention.qc.ca\/en\/\",\"name\":\"Centre des congr\u00e8s de Qu\u00e9bec\",\"description\":\"Convention and exhibition center in Quebec City\",\"publisher\":{\"@id\":\"https:\/\/www.convention.qc.ca\/en\/#organization\"},\"potentialAction\":[{\"@type\":\"SearchAction\",\"target\":{\"@type\":\"EntryPoint\",\"urlTemplate\":\"https:\/\/www.convention.qc.ca\/en\/?s={search_term_string}\"},\"query-input\":{\"@type\":\"PropertyValueSpecification\",\"valueRequired\":true,\"valueName\":\"search_term_string\"}}],\"inLanguage\":\"en-US\"},{\"@type\":\"Organization\",\"@id\":\"https:\/\/www.convention.qc.ca\/en\/#organization\",\"name\":\"Centre des congr\u00e8s de Qu\u00e9bec\",\"url\":\"https:\/\/www.convention.qc.ca\/en\/\",\"logo\":{\"@type\":\"ImageObject\",\"inLanguage\":\"en-US\",\"@id\":\"https:\/\/www.convention.qc.ca\/en\/#\/schema\/logo\/image\/\",\"url\":\"https:\/\/www.convention.qc.ca\/wp-content\/uploads\/poster.png\",\"contentUrl\":\"https:\/\/www.convention.qc.ca\/wp-content\/uploads\/poster.png\",\"width\":1200,\"height\":630,\"caption\":\"Centre des congr\u00e8s de Qu\u00e9bec\"},\"image\":{\"@id\":\"https:\/\/www.convention.qc.ca\/en\/#\/schema\/logo\/image\/\"},\"sameAs\":[\"https:\/\/www.facebook.com\/congresquebec\/\",\"https:\/\/x.com\/quebeccongres\",\"https:\/\/www.instagram.com\/quebeccongres\/\",\"https:\/\/www.linkedin.com\/company\/congresquebec\"]}]}<\/script>\n<!-- \/ Yoast SEO plugin. -->","yoast_head_json":{"title":"Luc Beaulieu, Ambassador of the Year and Leader in Radiation Oncology | Qu\u00e9bec City Convention Centre","description":"Discover how hosting a scientific conference in Qu\u00e9bec City can drive advancements in your research field, with the help of the Qu\u00e9bec City Ambassadors\u2019 Club.","robots":{"index":"index","follow":"follow","max-snippet":"max-snippet:-1","max-image-preview":"max-image-preview:large","max-video-preview":"max-video-preview:-1"},"canonical":"https:\/\/www.convention.qc.ca\/en\/news\/luc-beaulieu-chu-ambassador-year-2024\/","og_locale":"en_US","og_type":"article","og_title":"Luc Beaulieu, Ambassador of the Year and Leader in Radiation Oncology | Qu\u00e9bec City Convention Centre","og_description":"Discover how hosting a scientific conference in Qu\u00e9bec City can drive advancements in your research field, with the help of the Qu\u00e9bec City Ambassadors\u2019 Club.","og_url":"https:\/\/www.convention.qc.ca\/en\/news\/luc-beaulieu-chu-ambassador-year-2024\/","og_site_name":"Qu\u00e9bec City Convention Centre","article_publisher":"https:\/\/www.facebook.com\/congresquebec\/","article_modified_time":"2025-10-02T14:49:09+00:00","og_image":[{"width":1920,"height":1080,"url":"https:\/\/www.convention.qc.ca\/wp-content\/uploads\/LucBeaulieu_Credit_FondationCHUdeQuebec.jpg","type":"image\/jpeg"}],"twitter_card":"summary_large_image","twitter_site":"@quebeccongres","twitter_misc":{"Est. reading time":"3 minutes"},"schema":{"@context":"https:\/\/schema.org","@graph":[{"@type":"WebPage","@id":"https:\/\/www.convention.qc.ca\/en\/news\/luc-beaulieu-chu-ambassador-year-2024\/","url":"https:\/\/www.convention.qc.ca\/en\/news\/luc-beaulieu-chu-ambassador-year-2024\/","name":"Luc Beaulieu, Ambassador of the Year and Leader in Radiation Oncology | Qu\u00e9bec City Convention Centre","isPartOf":{"@id":"https:\/\/www.convention.qc.ca\/en\/#website"},"primaryImageOfPage":{"@id":"https:\/\/www.convention.qc.ca\/en\/news\/luc-beaulieu-chu-ambassador-year-2024\/#primaryimage"},"image":{"@id":"https:\/\/www.convention.qc.ca\/en\/news\/luc-beaulieu-chu-ambassador-year-2024\/#primaryimage"},"thumbnailUrl":"https:\/\/www.convention.qc.ca\/wp-content\/uploads\/LucBeaulieu_Credit_FondationCHUdeQuebec.jpg","datePublished":"2025-06-11T21:23:40+00:00","dateModified":"2025-10-02T14:49:09+00:00","description":"Discover how hosting a scientific conference in Qu\u00e9bec City can drive advancements in your research field, with the help of the Qu\u00e9bec City Ambassadors\u2019 Club.","breadcrumb":{"@id":"https:\/\/www.convention.qc.ca\/en\/news\/luc-beaulieu-chu-ambassador-year-2024\/#breadcrumb"},"inLanguage":"en-US","potentialAction":[{"@type":"ReadAction","target":["https:\/\/www.convention.qc.ca\/en\/news\/luc-beaulieu-chu-ambassador-year-2024\/"]}]},{"@type":"ImageObject","inLanguage":"en-US","@id":"https:\/\/www.convention.qc.ca\/en\/news\/luc-beaulieu-chu-ambassador-year-2024\/#primaryimage","url":"https:\/\/www.convention.qc.ca\/wp-content\/uploads\/LucBeaulieu_Credit_FondationCHUdeQuebec.jpg","contentUrl":"https:\/\/www.convention.qc.ca\/wp-content\/uploads\/LucBeaulieu_Credit_FondationCHUdeQuebec.jpg","width":1920,"height":1080,"caption":"Researcher Luc Beaulieu standing in his laboratory at the CHU de Qu\u00e9bec Research Centre, while other researchers are working in the background."},{"@type":"BreadcrumbList","@id":"https:\/\/www.convention.qc.ca\/en\/news\/luc-beaulieu-chu-ambassador-year-2024\/#breadcrumb","itemListElement":[{"@type":"ListItem","position":1,"name":"Accueil","item":"https:\/\/www.convention.qc.ca\/en\/"},{"@type":"ListItem","position":2,"name":"Nouvelles","item":"https:\/\/www.convention.qc.ca\/en\/news\/"},{"@type":"ListItem","position":3,"name":"Luc Beaulieu, Ambassador of the Year and Leader in Radiation Oncology"}]},{"@type":"WebSite","@id":"https:\/\/www.convention.qc.ca\/en\/#website","url":"https:\/\/www.convention.qc.ca\/en\/","name":"Centre des congr\u00e8s de Qu\u00e9bec","description":"Convention and exhibition center in Quebec City","publisher":{"@id":"https:\/\/www.convention.qc.ca\/en\/#organization"},"potentialAction":[{"@type":"SearchAction","target":{"@type":"EntryPoint","urlTemplate":"https:\/\/www.convention.qc.ca\/en\/?s={search_term_string}"},"query-input":{"@type":"PropertyValueSpecification","valueRequired":true,"valueName":"search_term_string"}}],"inLanguage":"en-US"},{"@type":"Organization","@id":"https:\/\/www.convention.qc.ca\/en\/#organization","name":"Centre des congr\u00e8s de Qu\u00e9bec","url":"https:\/\/www.convention.qc.ca\/en\/","logo":{"@type":"ImageObject","inLanguage":"en-US","@id":"https:\/\/www.convention.qc.ca\/en\/#\/schema\/logo\/image\/","url":"https:\/\/www.convention.qc.ca\/wp-content\/uploads\/poster.png","contentUrl":"https:\/\/www.convention.qc.ca\/wp-content\/uploads\/poster.png","width":1200,"height":630,"caption":"Centre des congr\u00e8s de Qu\u00e9bec"},"image":{"@id":"https:\/\/www.convention.qc.ca\/en\/#\/schema\/logo\/image\/"},"sameAs":["https:\/\/www.facebook.com\/congresquebec\/","https:\/\/x.com\/quebeccongres","https:\/\/www.instagram.com\/quebeccongres\/","https:\/\/www.linkedin.com\/company\/congresquebec"]}]}},"_links":{"self":[{"href":"https:\/\/www.convention.qc.ca\/en\/wp-json\/wp\/v2\/communiques\/18886","targetHints":{"allow":["GET"]}}],"collection":[{"href":"https:\/\/www.convention.qc.ca\/en\/wp-json\/wp\/v2\/communiques"}],"about":[{"href":"https:\/\/www.convention.qc.ca\/en\/wp-json\/wp\/v2\/types\/communiques"}],"wp:featuredmedia":[{"embeddable":true,"href":"https:\/\/www.convention.qc.ca\/en\/wp-json\/wp\/v2\/media\/18880"}],"wp:attachment":[{"href":"https:\/\/www.convention.qc.ca\/en\/wp-json\/wp\/v2\/media?parent=18886"}],"wp:term":[{"taxonomy":"categorie-communiques","embeddable":true,"href":"https:\/\/www.convention.qc.ca\/en\/wp-json\/wp\/v2\/categorie-communiques?post=18886"}],"curies":[{"name":"wp","href":"https:\/\/api.w.org\/{rel}","templated":true}]}}