{"id":14514,"date":"2024-01-12T13:17:45","date_gmt":"2024-01-12T18:17:45","guid":{"rendered":"https:\/\/www.convention.qc.ca\/?post_type=communiques&#038;p=14514"},"modified":"2024-01-12T13:44:02","modified_gmt":"2024-01-12T18:44:02","slug":"social-impact-community-involvement-2023","status":"publish","type":"communiques","link":"https:\/\/www.convention.qc.ca\/en\/news\/social-impact-community-involvement-2023\/","title":{"rendered":"Social Impact 2023: The Qu\u00e9bec City Convention Centre Stands Out"},"content":{"rendered":"<div  class=\"item wysiwyg component-heading component-no-padding \" ><div class=\"container\">\n<h2 class=\"wp-block-heading\"><strong>Supporting Intellectual Advances<\/strong><\/h2>\n<\/div><\/div>\n\n<div  class=\"item wysiwyg component-paragraph component-no-padding \" ><div class=\"container\">\n<p>Benefiting from privileged partnerships with the scientific community and active participation in events related to <a href=\"https:\/\/meetings.quebec-cite.com\/en\/key-industries-quebec-city\" target=\"_blank\" rel=\"noreferrer noopener\">Qu\u00e9bec City&#8217;s key industries<\/a>, the Qu\u00e9bec City Convention Centre takes pride in supporting local intellectual advances while fostering collective involvement.<\/p>\n<\/div><\/div>\n\n<div  class=\"item wysiwyg component-paragraph component-no-padding \" ><div class=\"container\">\n<p>During <a href=\"https:\/\/www.convention.qc.ca\/en\/news\/quebec-city-convention-centre-at-accesse23-american-conference-of-cesse\/\">ACCESSE23<\/a>, the Convention Centre team, on behalf of attendees, donated $1,000 to Le Pignon Bleu, accompanied by messages encouraging young people to stay in school. Thanks to this initiative, 2,000 local children received a morning snack at Le Pignon Bleu.<\/p>\n<\/div><\/div>\n\n<div  class=\"item wysiwyg component-paragraph component-no-padding \" ><div class=\"container\">\n<p>In October 2023, the Convention Centre was a Gold Partner of the 32<sup>nd<\/sup> edition of the Journ\u00e9es scientifiques de la recherche de l&#8217;Institut universitaire de cardiologie et de pneumologie de Qu\u00e9bec, awarding scholarships to two Universit\u00e9 Laval students.<\/p>\n<\/div><\/div>\n\n<div  class=\"item wysiwyg component-columns\"><div class=\"container\" >\n<div class=\"wp-block-columns is-layout-flex wp-container-core-columns-is-layout-9d6595d7 wp-block-columns-is-layout-flex\">\n<div class=\"wp-block-column is-layout-flow wp-block-column-is-layout-flow\"><div  class=\"item wysiwyg component-image\"><div class=\"container\" >\n<figure class=\"wp-block-image size-large\"><img loading=\"lazy\" decoding=\"async\" width=\"1024\" height=\"683\" src=\"https:\/\/www.convention.qc.ca\/wp-content\/uploads\/Pignon-Bleu-Remise-Don-1024x683.jpg\" alt=\"Jocelyn Guertin, sales representative for the Qu\u00e9bec City Convention Centre, holding a giant check with the director of Le Pignon Bleu.\" class=\"wp-image-13300\" srcset=\"https:\/\/www.convention.qc.ca\/wp-content\/uploads\/Pignon-Bleu-Remise-Don-1024x683.jpg 1024w, https:\/\/www.convention.qc.ca\/wp-content\/uploads\/Pignon-Bleu-Remise-Don-700x467.jpg 700w, https:\/\/www.convention.qc.ca\/wp-content\/uploads\/Pignon-Bleu-Remise-Don-768x512.jpg 768w, https:\/\/www.convention.qc.ca\/wp-content\/uploads\/Pignon-Bleu-Remise-Don-1536x1024.jpg 1536w, https:\/\/www.convention.qc.ca\/wp-content\/uploads\/Pignon-Bleu-Remise-Don-2048x1366.jpg 2048w, https:\/\/www.convention.qc.ca\/wp-content\/uploads\/Pignon-Bleu-Remise-Don-400x267.jpg 400w\" sizes=\"auto, (max-width: 1024px) 100vw, 1024px\" \/><figcaption class=\"wp-element-caption\">$1,000 donation to Le Pignon Bleu<\/figcaption><\/figure>\n<\/div><\/div><\/div>\n\n\n\n<div class=\"wp-block-column is-layout-flow wp-block-column-is-layout-flow\"><div  class=\"item wysiwyg component-image\"><div class=\"container\" >\n<figure class=\"wp-block-image size-large\"><img loading=\"lazy\" decoding=\"async\" width=\"1024\" height=\"678\" src=\"https:\/\/www.convention.qc.ca\/wp-content\/uploads\/Journees-scientifiques-IUCPQ-2023-1024x678.jpg\" alt=\"Sales representative Jocelyn Guertin, representing the Qu\u00e9bec City Convention Centre at the Journ\u00e9es scientifiques de l'IUCPQ in 2023. He is accompanied by the two Universit\u00e9 Laval students who received scholarships.\" class=\"wp-image-14513\" srcset=\"https:\/\/www.convention.qc.ca\/wp-content\/uploads\/Journees-scientifiques-IUCPQ-2023-1024x678.jpg 1024w, https:\/\/www.convention.qc.ca\/wp-content\/uploads\/Journees-scientifiques-IUCPQ-2023-700x463.jpg 700w, https:\/\/www.convention.qc.ca\/wp-content\/uploads\/Journees-scientifiques-IUCPQ-2023-768x508.jpg 768w, https:\/\/www.convention.qc.ca\/wp-content\/uploads\/Journees-scientifiques-IUCPQ-2023-1536x1017.jpg 1536w, https:\/\/www.convention.qc.ca\/wp-content\/uploads\/Journees-scientifiques-IUCPQ-2023-400x265.jpg 400w, https:\/\/www.convention.qc.ca\/wp-content\/uploads\/Journees-scientifiques-IUCPQ-2023.jpg 1740w\" sizes=\"auto, (max-width: 1024px) 100vw, 1024px\" \/><figcaption class=\"wp-element-caption\">Scholarships awarded to two Universit\u00e9 Laval students<\/figcaption><\/figure>\n<\/div><\/div><\/div>\n<\/div>\n<\/div><\/div>\n\n<div  class=\"item wysiwyg component-media-text\"><div class=\"container\" >\n<div class=\"wp-block-media-text has-media-on-the-right is-stacked-on-mobile\" style=\"grid-template-columns:auto 35%\"><div class=\"wp-block-media-text__content\"><div  class=\"item wysiwyg component-heading component-no-padding \" ><div class=\"container\">\n<h2 class=\"wp-block-heading\">Fighting Food Insecurity<\/h2>\n<\/div><\/div>\n\n<div  class=\"item wysiwyg component-paragraph component-no-padding \" ><div class=\"container\">\n<p>Food waste has always been a major concern for the Centre&#8217;s team and its exclusive food and beverage partner, Maestro Culinaire. Production surpluses are redistributed every year to local organizations to feed those in need. In 2023, this amounted to over 4,800 kg of food donated to organizations such as Lauberivi\u00e8re, Les enfants d&#8217;amour (Madame Brissette), Moisson Qu\u00e9bec, etc.<\/p>\n<\/div><\/div>\n\n<div  class=\"item wysiwyg component-paragraph component-no-padding \" ><div class=\"container\">\n<p>Last summer, harvests from the <a href=\"https:\/\/www.convention.qc.ca\/en\/news\/urban-garden-green-planters-promenade-desjardins\/\" target=\"_blank\" rel=\"noreferrer noopener\">urban garden<\/a> on Promenade Desjardins not only supplied Maestro Culinaire&#8217;s Executive Chef but also facilitated donations to various Qu\u00e9bec City food banks, in collaboration with Urbainculteurs.<\/p>\n<\/div><\/div><\/div><figure class=\"wp-block-media-text__media\"><img loading=\"lazy\" decoding=\"async\" width=\"1024\" height=\"683\" src=\"https:\/\/www.convention.qc.ca\/wp-content\/uploads\/Bacs-Plantation-2023-2-1024x683.jpg\" alt=\"Planters located on the Promenade Desjardins of the Quebec City Convention Centre\" class=\"wp-image-13423 size-full\" srcset=\"https:\/\/www.convention.qc.ca\/wp-content\/uploads\/Bacs-Plantation-2023-2-1024x683.jpg 1024w, https:\/\/www.convention.qc.ca\/wp-content\/uploads\/Bacs-Plantation-2023-2-700x467.jpg 700w, https:\/\/www.convention.qc.ca\/wp-content\/uploads\/Bacs-Plantation-2023-2-768x512.jpg 768w, https:\/\/www.convention.qc.ca\/wp-content\/uploads\/Bacs-Plantation-2023-2-1536x1024.jpg 1536w, https:\/\/www.convention.qc.ca\/wp-content\/uploads\/Bacs-Plantation-2023-2-2048x1365.jpg 2048w, https:\/\/www.convention.qc.ca\/wp-content\/uploads\/Bacs-Plantation-2023-2-400x267.jpg 400w\" sizes=\"auto, (max-width: 1024px) 100vw, 1024px\" \/><\/figure><\/div>\n<\/div><\/div>\n\n\n<div  class=\"item component-cta-banner component-no-padding\">\n    <section class=\"block-cta-banner   block-cta-banner--is-common block-cta-banner--is-light\">\n        <div class=\"container\">\n            <div class=\"row\">\n                <div class=\"col-xs-12\">\n                    <div class=\"block-cta-banner__container\">\n                        <div class=\"block-cta-banner__content\">\n                                                        \n                                                            <div class=\"block-cta-banner__text\">\n                                    <p>For the holiday season, the Qu\u00e9bec City Convention Centre translated the generosity of its customers and staff into action: through its traditional virtual greeting card, $2,500 was raised for Le Pignon Bleu, in addition to food and goods collected for Moisson Qu\u00e9bec during in-house festivities.<\/p>\n                                <\/div>\n                            \n                                                    <\/div>\n                    <\/div>\n                    \n                                    <\/div>\n            <\/div>\n        <\/div>\n    <\/section>\n<\/div>\n\n<div  class=\"item wysiwyg component-media-text\"><div class=\"container\" >\n<div class=\"wp-block-media-text is-stacked-on-mobile\" style=\"grid-template-columns:35% auto\"><figure class=\"wp-block-media-text__media\"><img loading=\"lazy\" decoding=\"async\" width=\"1024\" height=\"683\" src=\"https:\/\/www.convention.qc.ca\/wp-content\/uploads\/Montre-ton-badge-2023-02-WEB-1024x683.jpg\" alt=\"Close up on table with a woman's hand holding a phone and a coffee cup. Enjoy your badge sticker with glasses and cookies are resting on the table.\" class=\"wp-image-7935 size-full\" srcset=\"https:\/\/www.convention.qc.ca\/wp-content\/uploads\/Montre-ton-badge-2023-02-WEB-1024x683.jpg 1024w, https:\/\/www.convention.qc.ca\/wp-content\/uploads\/Montre-ton-badge-2023-02-WEB-700x467.jpg 700w, https:\/\/www.convention.qc.ca\/wp-content\/uploads\/Montre-ton-badge-2023-02-WEB-768x512.jpg 768w, https:\/\/www.convention.qc.ca\/wp-content\/uploads\/Montre-ton-badge-2023-02-WEB-1536x1024.jpg 1536w, https:\/\/www.convention.qc.ca\/wp-content\/uploads\/Montre-ton-badge-2023-02-WEB-2048x1366.jpg 2048w, https:\/\/www.convention.qc.ca\/wp-content\/uploads\/Montre-ton-badge-2023-02-WEB-400x267.jpg 400w\" sizes=\"auto, (max-width: 1024px) 100vw, 1024px\" \/><\/figure><div class=\"wp-block-media-text__content\"><div  class=\"item wysiwyg component-heading component-no-padding \" ><div class=\"container\">\n<h2 class=\"wp-block-heading\"><strong>Encouraging Local Economy<\/strong><\/h2>\n<\/div><\/div>\n\n<div  class=\"item wysiwyg component-paragraph component-no-padding \" ><div class=\"container\">\n<p>In 2023, the <a href=\"https:\/\/www.convention.qc.ca\/en\/plan-visit\/enjoy-your-badge-program\/\" target=\"_blank\" rel=\"noreferrer noopener\">Enjoy your badge<\/a> program was back in full force, with around 30 participating companies. Since 2018, this initiative by the Qu\u00e9bec City Convention Centre has aimed to encourage the local economy while enhancing the experience of event attendees in Qu\u00e9bec City. With over 200,000 visitors each year, the Convention Centre&#8217;s presence in the heart of lively Old Qu\u00e9bec, filled with shops and restaurants, stimulates the local economy from the outset.<\/p>\n<\/div><\/div><\/div><\/div>\n<\/div><\/div>\n\n\n<div  class=\"item component-cta-banner component-no-padding\">\n    <section class=\"block-cta-banner js-a11y-block-link block-cta-banner--is-reverse block-cta-banner--is-common block-cta-banner--is-dark\">\n        <div class=\"container\">\n            <div class=\"row\">\n                <div class=\"col-xs-12\">\n                    <div class=\"block-cta-banner__container\">\n                        <div class=\"block-cta-banner__content\">\n                                                            <h2 class=\"block-cta-banner__title\">Community Involvement<\/h2>\n                                                        \n                                                            <div class=\"block-cta-banner__text\">\n                                    <p>Learn more about the Qu\u00e9bec City Convention Centre\u2019s role as an economic and social catalyst in the region.<\/p>\n                                <\/div>\n                            \n                                                            <a\n                                  class=\"block-cta-banner__link js-call-to-action-link\"\n                                  href=\"https:\/\/www.convention.qc.ca\/en\/about\/contributing-community\/\"\n                                  target=\"\"\n                                  data-a11y-link\n                                  data-name=\"Community Involvement\"\n                                  data-label=\"Read More\"\n                                >\n                                    <span>Read More<\/span>\n                                    <svg width=\"14px\" height=\"15px\" aria-hidden=\"true\" focusable=\"false\"><use xlink:href=\"#ico-arrow-right\"><\/use><\/svg>\n                                <\/a>\n                                                    <\/div>\n                    <\/div>\n                    \n                                    <\/div>\n            <\/div>\n        <\/div>\n    <\/section>\n<\/div>","protected":false},"excerpt":{"rendered":"Throughout 2023, the Qu\u00e9bec City Convention Centre focused on maximizing its positive social impact in the region.","protected":false},"featured_media":8077,"parent":0,"template":"","categorie-communiques":[624,614],"class_list":["post-14514","communiques","type-communiques","status-publish","has-post-thumbnail","hentry","categorie-communiques-community","categorie-communiques-sustainability"],"acf":[],"yoast_head":"<!-- This site is optimized with the Yoast SEO plugin v26.7 - https:\/\/yoast.com\/wordpress\/plugins\/seo\/ -->\n<title>A Look Back at Our Social Involvement in 2023 | Qu\u00e9bec City Convention Centre<\/title>\n<meta name=\"description\" content=\"Throughout 2023, the Qu\u00e9bec City Convention Centre focused on maximizing its positive social impact in the region.\" \/>\n<meta name=\"robots\" content=\"index, follow, max-snippet:-1, max-image-preview:large, max-video-preview:-1\" \/>\n<link rel=\"canonical\" href=\"https:\/\/www.convention.qc.ca\/en\/news\/social-impact-community-involvement-2023\/\" \/>\n<meta property=\"og:locale\" content=\"en_US\" \/>\n<meta property=\"og:type\" content=\"article\" \/>\n<meta property=\"og:title\" content=\"A Look Back at Our Social Involvement in 2023 | Qu\u00e9bec City Convention Centre\" \/>\n<meta property=\"og:description\" content=\"Throughout 2023, the Qu\u00e9bec City Convention Centre focused on maximizing its positive social impact in the region.\" \/>\n<meta property=\"og:url\" content=\"https:\/\/www.convention.qc.ca\/en\/news\/social-impact-community-involvement-2023\/\" \/>\n<meta property=\"og:site_name\" content=\"Qu\u00e9bec City Convention Centre\" \/>\n<meta property=\"article:publisher\" content=\"https:\/\/www.facebook.com\/congresquebec\/\" \/>\n<meta property=\"article:modified_time\" content=\"2024-01-12T18:44:02+00:00\" \/>\n<meta property=\"og:image\" content=\"https:\/\/www.convention.qc.ca\/wp-content\/uploads\/CentreDesCongres_Salles-figurants-salle309.jpg\" \/>\n\t<meta property=\"og:image:width\" content=\"1024\" \/>\n\t<meta property=\"og:image:height\" content=\"683\" \/>\n\t<meta property=\"og:image:type\" content=\"image\/jpeg\" \/>\n<meta name=\"twitter:card\" content=\"summary_large_image\" \/>\n<meta name=\"twitter:site\" content=\"@quebeccongres\" \/>\n<meta name=\"twitter:label1\" content=\"Est. reading time\" \/>\n\t<meta name=\"twitter:data1\" content=\"3 minutes\" \/>\n<script type=\"application\/ld+json\" class=\"yoast-schema-graph\">{\"@context\":\"https:\/\/schema.org\",\"@graph\":[{\"@type\":\"WebPage\",\"@id\":\"https:\/\/www.convention.qc.ca\/en\/news\/social-impact-community-involvement-2023\/\",\"url\":\"https:\/\/www.convention.qc.ca\/en\/news\/social-impact-community-involvement-2023\/\",\"name\":\"A Look Back at Our Social Involvement in 2023 | Qu\u00e9bec City Convention Centre\",\"isPartOf\":{\"@id\":\"https:\/\/www.convention.qc.ca\/en\/#website\"},\"primaryImageOfPage\":{\"@id\":\"https:\/\/www.convention.qc.ca\/en\/news\/social-impact-community-involvement-2023\/#primaryimage\"},\"image\":{\"@id\":\"https:\/\/www.convention.qc.ca\/en\/news\/social-impact-community-involvement-2023\/#primaryimage\"},\"thumbnailUrl\":\"https:\/\/www.convention.qc.ca\/wp-content\/uploads\/CentreDesCongres_Salles-figurants-salle309.jpg\",\"datePublished\":\"2024-01-12T18:17:45+00:00\",\"dateModified\":\"2024-01-12T18:44:02+00:00\",\"description\":\"Throughout 2023, the Qu\u00e9bec City Convention Centre focused on maximizing its positive social impact in the region.\",\"breadcrumb\":{\"@id\":\"https:\/\/www.convention.qc.ca\/en\/news\/social-impact-community-involvement-2023\/#breadcrumb\"},\"inLanguage\":\"en-US\",\"potentialAction\":[{\"@type\":\"ReadAction\",\"target\":[\"https:\/\/www.convention.qc.ca\/en\/news\/social-impact-community-involvement-2023\/\"]}]},{\"@type\":\"ImageObject\",\"inLanguage\":\"en-US\",\"@id\":\"https:\/\/www.convention.qc.ca\/en\/news\/social-impact-community-involvement-2023\/#primaryimage\",\"url\":\"https:\/\/www.convention.qc.ca\/wp-content\/uploads\/CentreDesCongres_Salles-figurants-salle309.jpg\",\"contentUrl\":\"https:\/\/www.convention.qc.ca\/wp-content\/uploads\/CentreDesCongres_Salles-figurants-salle309.jpg\",\"width\":1024,\"height\":683,\"caption\":\"A team of delegates in room 309, sitting on balance ball chairs with smiles on their faces. Behind them, another team is writing their ideas on walls decorated with colorful triangle shapes.\"},{\"@type\":\"BreadcrumbList\",\"@id\":\"https:\/\/www.convention.qc.ca\/en\/news\/social-impact-community-involvement-2023\/#breadcrumb\",\"itemListElement\":[{\"@type\":\"ListItem\",\"position\":1,\"name\":\"Accueil\",\"item\":\"https:\/\/www.convention.qc.ca\/en\/\"},{\"@type\":\"ListItem\",\"position\":2,\"name\":\"Nouvelles\",\"item\":\"https:\/\/www.convention.qc.ca\/en\/news\/\"},{\"@type\":\"ListItem\",\"position\":3,\"name\":\"Social Impact 2023: The Qu\u00e9bec City Convention Centre Stands Out\"}]},{\"@type\":\"WebSite\",\"@id\":\"https:\/\/www.convention.qc.ca\/en\/#website\",\"url\":\"https:\/\/www.convention.qc.ca\/en\/\",\"name\":\"Centre des congr\u00e8s de Qu\u00e9bec\",\"description\":\"Convention and exhibition center in Quebec City\",\"publisher\":{\"@id\":\"https:\/\/www.convention.qc.ca\/en\/#organization\"},\"potentialAction\":[{\"@type\":\"SearchAction\",\"target\":{\"@type\":\"EntryPoint\",\"urlTemplate\":\"https:\/\/www.convention.qc.ca\/en\/?s={search_term_string}\"},\"query-input\":{\"@type\":\"PropertyValueSpecification\",\"valueRequired\":true,\"valueName\":\"search_term_string\"}}],\"inLanguage\":\"en-US\"},{\"@type\":\"Organization\",\"@id\":\"https:\/\/www.convention.qc.ca\/en\/#organization\",\"name\":\"Centre des congr\u00e8s de Qu\u00e9bec\",\"url\":\"https:\/\/www.convention.qc.ca\/en\/\",\"logo\":{\"@type\":\"ImageObject\",\"inLanguage\":\"en-US\",\"@id\":\"https:\/\/www.convention.qc.ca\/en\/#\/schema\/logo\/image\/\",\"url\":\"https:\/\/www.convention.qc.ca\/wp-content\/uploads\/poster.png\",\"contentUrl\":\"https:\/\/www.convention.qc.ca\/wp-content\/uploads\/poster.png\",\"width\":1200,\"height\":630,\"caption\":\"Centre des congr\u00e8s de Qu\u00e9bec\"},\"image\":{\"@id\":\"https:\/\/www.convention.qc.ca\/en\/#\/schema\/logo\/image\/\"},\"sameAs\":[\"https:\/\/www.facebook.com\/congresquebec\/\",\"https:\/\/x.com\/quebeccongres\",\"https:\/\/www.instagram.com\/quebeccongres\/\",\"https:\/\/www.linkedin.com\/company\/congresquebec\"]}]}<\/script>\n<!-- \/ Yoast SEO plugin. -->","yoast_head_json":{"title":"A Look Back at Our Social Involvement in 2023 | Qu\u00e9bec City Convention Centre","description":"Throughout 2023, the Qu\u00e9bec City Convention Centre focused on maximizing its positive social impact in the region.","robots":{"index":"index","follow":"follow","max-snippet":"max-snippet:-1","max-image-preview":"max-image-preview:large","max-video-preview":"max-video-preview:-1"},"canonical":"https:\/\/www.convention.qc.ca\/en\/news\/social-impact-community-involvement-2023\/","og_locale":"en_US","og_type":"article","og_title":"A Look Back at Our Social Involvement in 2023 | Qu\u00e9bec City Convention Centre","og_description":"Throughout 2023, the Qu\u00e9bec City Convention Centre focused on maximizing its positive social impact in the region.","og_url":"https:\/\/www.convention.qc.ca\/en\/news\/social-impact-community-involvement-2023\/","og_site_name":"Qu\u00e9bec City Convention Centre","article_publisher":"https:\/\/www.facebook.com\/congresquebec\/","article_modified_time":"2024-01-12T18:44:02+00:00","og_image":[{"width":1024,"height":683,"url":"https:\/\/www.convention.qc.ca\/wp-content\/uploads\/CentreDesCongres_Salles-figurants-salle309.jpg","type":"image\/jpeg"}],"twitter_card":"summary_large_image","twitter_site":"@quebeccongres","twitter_misc":{"Est. reading time":"3 minutes"},"schema":{"@context":"https:\/\/schema.org","@graph":[{"@type":"WebPage","@id":"https:\/\/www.convention.qc.ca\/en\/news\/social-impact-community-involvement-2023\/","url":"https:\/\/www.convention.qc.ca\/en\/news\/social-impact-community-involvement-2023\/","name":"A Look Back at Our Social Involvement in 2023 | Qu\u00e9bec City Convention Centre","isPartOf":{"@id":"https:\/\/www.convention.qc.ca\/en\/#website"},"primaryImageOfPage":{"@id":"https:\/\/www.convention.qc.ca\/en\/news\/social-impact-community-involvement-2023\/#primaryimage"},"image":{"@id":"https:\/\/www.convention.qc.ca\/en\/news\/social-impact-community-involvement-2023\/#primaryimage"},"thumbnailUrl":"https:\/\/www.convention.qc.ca\/wp-content\/uploads\/CentreDesCongres_Salles-figurants-salle309.jpg","datePublished":"2024-01-12T18:17:45+00:00","dateModified":"2024-01-12T18:44:02+00:00","description":"Throughout 2023, the Qu\u00e9bec City Convention Centre focused on maximizing its positive social impact in the region.","breadcrumb":{"@id":"https:\/\/www.convention.qc.ca\/en\/news\/social-impact-community-involvement-2023\/#breadcrumb"},"inLanguage":"en-US","potentialAction":[{"@type":"ReadAction","target":["https:\/\/www.convention.qc.ca\/en\/news\/social-impact-community-involvement-2023\/"]}]},{"@type":"ImageObject","inLanguage":"en-US","@id":"https:\/\/www.convention.qc.ca\/en\/news\/social-impact-community-involvement-2023\/#primaryimage","url":"https:\/\/www.convention.qc.ca\/wp-content\/uploads\/CentreDesCongres_Salles-figurants-salle309.jpg","contentUrl":"https:\/\/www.convention.qc.ca\/wp-content\/uploads\/CentreDesCongres_Salles-figurants-salle309.jpg","width":1024,"height":683,"caption":"A team of delegates in room 309, sitting on balance ball chairs with smiles on their faces. Behind them, another team is writing their ideas on walls decorated with colorful triangle shapes."},{"@type":"BreadcrumbList","@id":"https:\/\/www.convention.qc.ca\/en\/news\/social-impact-community-involvement-2023\/#breadcrumb","itemListElement":[{"@type":"ListItem","position":1,"name":"Accueil","item":"https:\/\/www.convention.qc.ca\/en\/"},{"@type":"ListItem","position":2,"name":"Nouvelles","item":"https:\/\/www.convention.qc.ca\/en\/news\/"},{"@type":"ListItem","position":3,"name":"Social Impact 2023: The Qu\u00e9bec City Convention Centre Stands Out"}]},{"@type":"WebSite","@id":"https:\/\/www.convention.qc.ca\/en\/#website","url":"https:\/\/www.convention.qc.ca\/en\/","name":"Centre des congr\u00e8s de Qu\u00e9bec","description":"Convention and exhibition center in Quebec City","publisher":{"@id":"https:\/\/www.convention.qc.ca\/en\/#organization"},"potentialAction":[{"@type":"SearchAction","target":{"@type":"EntryPoint","urlTemplate":"https:\/\/www.convention.qc.ca\/en\/?s={search_term_string}"},"query-input":{"@type":"PropertyValueSpecification","valueRequired":true,"valueName":"search_term_string"}}],"inLanguage":"en-US"},{"@type":"Organization","@id":"https:\/\/www.convention.qc.ca\/en\/#organization","name":"Centre des congr\u00e8s de Qu\u00e9bec","url":"https:\/\/www.convention.qc.ca\/en\/","logo":{"@type":"ImageObject","inLanguage":"en-US","@id":"https:\/\/www.convention.qc.ca\/en\/#\/schema\/logo\/image\/","url":"https:\/\/www.convention.qc.ca\/wp-content\/uploads\/poster.png","contentUrl":"https:\/\/www.convention.qc.ca\/wp-content\/uploads\/poster.png","width":1200,"height":630,"caption":"Centre des congr\u00e8s de Qu\u00e9bec"},"image":{"@id":"https:\/\/www.convention.qc.ca\/en\/#\/schema\/logo\/image\/"},"sameAs":["https:\/\/www.facebook.com\/congresquebec\/","https:\/\/x.com\/quebeccongres","https:\/\/www.instagram.com\/quebeccongres\/","https:\/\/www.linkedin.com\/company\/congresquebec"]}]}},"_links":{"self":[{"href":"https:\/\/www.convention.qc.ca\/en\/wp-json\/wp\/v2\/communiques\/14514","targetHints":{"allow":["GET"]}}],"collection":[{"href":"https:\/\/www.convention.qc.ca\/en\/wp-json\/wp\/v2\/communiques"}],"about":[{"href":"https:\/\/www.convention.qc.ca\/en\/wp-json\/wp\/v2\/types\/communiques"}],"wp:featuredmedia":[{"embeddable":true,"href":"https:\/\/www.convention.qc.ca\/en\/wp-json\/wp\/v2\/media\/8077"}],"wp:attachment":[{"href":"https:\/\/www.convention.qc.ca\/en\/wp-json\/wp\/v2\/media?parent=14514"}],"wp:term":[{"taxonomy":"categorie-communiques","embeddable":true,"href":"https:\/\/www.convention.qc.ca\/en\/wp-json\/wp\/v2\/categorie-communiques?post=14514"}],"curies":[{"name":"wp","href":"https:\/\/api.w.org\/{rel}","templated":true}]}}