{"id":10066,"date":"2022-11-28T14:26:08","date_gmt":"2022-11-28T19:26:08","guid":{"rendered":"https:\/\/www.convention.qc.ca\/nouvelles\/15th-international-conference-confirmed-quebec-inalco-2023-aluminum\/"},"modified":"2023-04-13T09:44:02","modified_gmt":"2023-04-13T13:44:02","slug":"15th-international-conference-confirmed-quebec-inalco-2023-aluminum","status":"publish","type":"communiques","link":"https:\/\/www.convention.qc.ca\/en\/news\/15th-international-conference-confirmed-quebec-inalco-2023-aluminum\/","title":{"rendered":"INALCO 2023 Organizing Committee chooses Qu\u00e9bec City Convention Centre for its 15th international conference"},"content":{"rendered":"<div  class=\"item wysiwyg component-paragraph component-no-padding \" ><div class=\"container\">\n<p>The Qu\u00e9bec City Convention Centre is pleased to confirm that the <a href=\"https:\/\/www.convention.qc.ca\/en\/events\/inalco-2023\/\" target=\"_blank\" rel=\"noreferrer noopener\">INALCO International Conference<\/a> will be held in October 2023. This 15th edition will be held in Qu\u00e9bec City for the first time; the most recent editions were held in Tokyo (2019), Naples (2016), and Montr\u00e9al (2013).<\/p>\n<\/div><\/div>\n\n<div  class=\"item wysiwyg component-paragraph component-no-padding \" ><div class=\"container\">\n<p>For the occasion, a network of more than 300 experts, researchers and aluminum industry professionals will be on hand to discuss recent research findings from around the world in the fields of construction, transportation and sustainability.<\/p>\n<\/div><\/div>\n\n<div  class=\"item wysiwyg component-paragraph component-no-padding \" ><div class=\"container\">\n<p>Two members of the <a class=\"\" href=\"https:\/\/cercledesambassadeurs.com\/en\/\" target=\"_blank\" rel=\"noreferrer noopener\">Qu\u00e9bec City Ambassadors\u2019 Club<\/a> are behind this international event in the National Capital. They are Mr. <a class=\"\" href=\"https:\/\/cercledesambassadeurs.com\/en\/ambassadors\/houshang-alamdari\/\" target=\"_blank\" rel=\"noreferrer noopener\">Houshang Alamdari<\/a>, director of REGAL, the strategic group and research centre on aluminum at Universit\u00e9 Laval, and Mr. <a class=\"\" href=\"https:\/\/cercledesambassadeurs.com\/en\/ambassadors\/nicolas-boissonnade\/\" target=\"_blank\" rel=\"noreferrer noopener\">Nicolas Boissonnade<\/a>, full professor at Universit\u00e9 Laval (Department of Civil and Water Engineering).<\/p>\n<\/div><\/div>\n\n<div  class=\"item wysiwyg component-media-text\"><div class=\"container\" >\n<div class=\"wp-block-media-text alignwide is-stacked-on-mobile\" style=\"grid-template-columns:30% auto\"><figure class=\"wp-block-media-text__media\"><img loading=\"lazy\" decoding=\"async\" width=\"500\" height=\"420\" src=\"https:\/\/www.convention.qc.ca\/wp-content\/uploads\/Ambassadeur-Houshang-Alamdari-500x420-1.jpg\" alt=\"\" class=\"wp-image-10097 size-full\" srcset=\"https:\/\/www.convention.qc.ca\/wp-content\/uploads\/Ambassadeur-Houshang-Alamdari-500x420-1.jpg 500w, https:\/\/www.convention.qc.ca\/wp-content\/uploads\/Ambassadeur-Houshang-Alamdari-500x420-1-400x336.jpg 400w\" sizes=\"auto, (max-width: 500px) 100vw, 500px\" \/><\/figure><div class=\"wp-block-media-text__content\"><div  class=\"item wysiwyg component-paragraph component-no-padding \" ><div class=\"container\">\n<p>Two members of the <a class=\"\" href=\"https:\/\/cercledesambassadeurs.com\/en\/\" target=\"_blank\" rel=\"noreferrer noopener\">Qu\u00e9bec City Ambassadors\u2019 Club<\/a> are behind this international event in the National Capital. They are Mr. <a class=\"\" href=\"https:\/\/cercledesambassadeurs.com\/en\/ambassadors\/houshang-alamdari\/\" target=\"_blank\" rel=\"noreferrer noopener\">Houshang Alamdari<\/a>, director of REGAL, the strategic group and research centre on aluminum at Universit\u00e9 Laval, and Mr. <a class=\"\" href=\"https:\/\/cercledesambassadeurs.com\/en\/ambassadors\/nicolas-boissonnade\/\" target=\"_blank\" rel=\"noreferrer noopener\">Nicolas Boissonnade<\/a>, full professor at Universit\u00e9 Laval (Department of Civil and Water Engineering).<\/p>\n<\/div><\/div><\/div><\/div>\n<\/div><\/div>\n\n<div  class=\"item wysiwyg component-media-text\"><div class=\"container\" >\n<div class=\"wp-block-media-text alignwide has-media-on-the-right is-stacked-on-mobile\" style=\"grid-template-columns:auto 30%\"><div class=\"wp-block-media-text__content\"><div  class=\"item wysiwyg component-paragraph component-no-padding \" ><div class=\"container\">\n<p>On several occasions, AluQu\u00e9bec and REGAL have collaborated to attract major conferences to Qu\u00e9bec, such as the 16th &nbsp;International Conference on Aluminum Alloys in Montr\u00e9al and the 12th &nbsp;International Symposium on Friction Stir Welding in Chicoutimi. Also, Universit\u00e9 Laval has been REGAL\u2019s home institution since its foundation. It was, therefore, natural to welcome INALCO to Qu\u00e9bec City.<\/p>\n<\/div><\/div>\n\n<div  class=\"item wysiwyg component-paragraph component-no-padding \" ><div class=\"container\">\n<p><em>\u201cQu\u00e9bec produces 90% of Canada\u2019s aluminum, which is considered the greenest in the world because of the hydroelectric energy used to manufacture it. Green aluminum in the field of infrastructure and transportation, whether land, sea or air, is a niche of the future for the province and offers a strong potential for economic and social benefits,\u201d<\/em> explained Mr. Boissonnade.<\/p>\n<\/div><\/div><\/div><figure class=\"wp-block-media-text__media\"><img loading=\"lazy\" decoding=\"async\" width=\"406\" height=\"313\" src=\"https:\/\/www.convention.qc.ca\/wp-content\/uploads\/Ambassadeur-Nicolas-Boissonnade-e1669323519916.jpg\" alt=\"\" class=\"wp-image-10120 size-full\" srcset=\"https:\/\/www.convention.qc.ca\/wp-content\/uploads\/Ambassadeur-Nicolas-Boissonnade-e1669323519916.jpg 406w, https:\/\/www.convention.qc.ca\/wp-content\/uploads\/Ambassadeur-Nicolas-Boissonnade-e1669323519916-400x308.jpg 400w\" sizes=\"auto, (max-width: 406px) 100vw, 406px\" \/><\/figure><\/div>\n<\/div><\/div>\n\n<div  class=\"item wysiwyg component-paragraph component-no-padding \" ><div class=\"container\">\n<p>Indeed, the aluminum sector, made up of world-class companies, is one of the main economic pillars of Qu\u00e9bec. The province\u2019s specialized OEMs and suppliers make it a reference for the rest of the world, ensuring a presence and customized solutions for aluminum smelters and casting centres.<\/p>\n<\/div><\/div>\n\n<div  class=\"item wysiwyg component-paragraph component-no-padding \" ><div class=\"container\">\n<p><em>\u201cOne example is the Arvida Bridge in Jonqui\u00e8re, the first aluminum road bridge in the world. Built in 1950, it was classified as an outstanding civil engineering structure by the Canadian Society for Civil Engineering and is known worldwide by professionals in our industry,\u201d<\/em> Mr. Boissonnade pointed out.<\/p>\n<\/div><\/div>\n\n<div  class=\"item wysiwyg component-paragraph component-no-padding \" ><div class=\"container\">\n<p>Certainly, INALCO 2023 promises to be rich in discoveries and learning for the participants gathered in Qu\u00e9bec City!<\/p>\n<\/div><\/div>","protected":false},"excerpt":{"rendered":"The Qu\u00e9bec City Convention Centre is pleased to confirm that the 15th INALCO International Conference will be held in October 2023.","protected":false},"featured_media":10099,"parent":0,"template":"","categorie-communiques":[606,607,629],"class_list":["post-10066","communiques","type-communiques","status-publish","has-post-thumbnail","hentry","categorie-communiques-event-ambassadors","categorie-communiques-events","categorie-communiques-key-industries"],"acf":[],"yoast_head":"<!-- This site is optimized with the Yoast SEO plugin v26.7 - https:\/\/yoast.com\/wordpress\/plugins\/seo\/ -->\n<title>INALCO in Qu\u00e9bec city in 2023 | Qu\u00e9bec City Convention Centre<\/title>\n<meta name=\"description\" content=\"The Qu\u00e9bec City Convention Centre is pleased to confirm that the 15th INALCO International Conference will be held in October 2023.\" \/>\n<meta name=\"robots\" content=\"index, follow, max-snippet:-1, max-image-preview:large, max-video-preview:-1\" \/>\n<link rel=\"canonical\" href=\"https:\/\/www.convention.qc.ca\/en\/news\/15th-international-conference-confirmed-quebec-inalco-2023-aluminum\/\" \/>\n<meta property=\"og:locale\" content=\"en_US\" \/>\n<meta property=\"og:type\" content=\"article\" \/>\n<meta property=\"og:title\" content=\"INALCO in Qu\u00e9bec city in 2023 | Qu\u00e9bec City Convention Centre\" \/>\n<meta property=\"og:description\" content=\"The Qu\u00e9bec City Convention Centre is pleased to confirm that the 15th INALCO International Conference will be held in October 2023.\" \/>\n<meta property=\"og:url\" content=\"https:\/\/www.convention.qc.ca\/en\/news\/15th-international-conference-confirmed-quebec-inalco-2023-aluminum\/\" \/>\n<meta property=\"og:site_name\" content=\"Qu\u00e9bec City Convention Centre\" \/>\n<meta property=\"article:publisher\" content=\"https:\/\/www.facebook.com\/congresquebec\/\" \/>\n<meta property=\"article:modified_time\" content=\"2023-04-13T13:44:02+00:00\" \/>\n<meta property=\"og:image\" content=\"https:\/\/www.convention.qc.ca\/wp-content\/uploads\/INALCO2023-REGAL-aluminium-1536x1024-1.jpg\" \/>\n\t<meta property=\"og:image:width\" content=\"1536\" \/>\n\t<meta property=\"og:image:height\" content=\"1024\" \/>\n\t<meta property=\"og:image:type\" content=\"image\/jpeg\" \/>\n<meta name=\"twitter:card\" content=\"summary_large_image\" \/>\n<meta name=\"twitter:site\" content=\"@quebeccongres\" \/>\n<meta name=\"twitter:label1\" content=\"Est. reading time\" \/>\n\t<meta name=\"twitter:data1\" content=\"3 minutes\" \/>\n<script type=\"application\/ld+json\" class=\"yoast-schema-graph\">{\"@context\":\"https:\/\/schema.org\",\"@graph\":[{\"@type\":\"WebPage\",\"@id\":\"https:\/\/www.convention.qc.ca\/en\/news\/15th-international-conference-confirmed-quebec-inalco-2023-aluminum\/\",\"url\":\"https:\/\/www.convention.qc.ca\/en\/news\/15th-international-conference-confirmed-quebec-inalco-2023-aluminum\/\",\"name\":\"INALCO in Qu\u00e9bec city in 2023 | Qu\u00e9bec City Convention Centre\",\"isPartOf\":{\"@id\":\"https:\/\/www.convention.qc.ca\/en\/#website\"},\"primaryImageOfPage\":{\"@id\":\"https:\/\/www.convention.qc.ca\/en\/news\/15th-international-conference-confirmed-quebec-inalco-2023-aluminum\/#primaryimage\"},\"image\":{\"@id\":\"https:\/\/www.convention.qc.ca\/en\/news\/15th-international-conference-confirmed-quebec-inalco-2023-aluminum\/#primaryimage\"},\"thumbnailUrl\":\"https:\/\/www.convention.qc.ca\/wp-content\/uploads\/INALCO2023-REGAL-aluminium-1536x1024-1.jpg\",\"datePublished\":\"2022-11-28T19:26:08+00:00\",\"dateModified\":\"2023-04-13T13:44:02+00:00\",\"description\":\"The Qu\u00e9bec City Convention Centre is pleased to confirm that the 15th INALCO International Conference will be held in October 2023.\",\"breadcrumb\":{\"@id\":\"https:\/\/www.convention.qc.ca\/en\/news\/15th-international-conference-confirmed-quebec-inalco-2023-aluminum\/#breadcrumb\"},\"inLanguage\":\"en-US\",\"potentialAction\":[{\"@type\":\"ReadAction\",\"target\":[\"https:\/\/www.convention.qc.ca\/en\/news\/15th-international-conference-confirmed-quebec-inalco-2023-aluminum\/\"]}]},{\"@type\":\"ImageObject\",\"inLanguage\":\"en-US\",\"@id\":\"https:\/\/www.convention.qc.ca\/en\/news\/15th-international-conference-confirmed-quebec-inalco-2023-aluminum\/#primaryimage\",\"url\":\"https:\/\/www.convention.qc.ca\/wp-content\/uploads\/INALCO2023-REGAL-aluminium-1536x1024-1.jpg\",\"contentUrl\":\"https:\/\/www.convention.qc.ca\/wp-content\/uploads\/INALCO2023-REGAL-aluminium-1536x1024-1.jpg\",\"width\":1536,\"height\":1024},{\"@type\":\"BreadcrumbList\",\"@id\":\"https:\/\/www.convention.qc.ca\/en\/news\/15th-international-conference-confirmed-quebec-inalco-2023-aluminum\/#breadcrumb\",\"itemListElement\":[{\"@type\":\"ListItem\",\"position\":1,\"name\":\"Accueil\",\"item\":\"https:\/\/www.convention.qc.ca\/en\/\"},{\"@type\":\"ListItem\",\"position\":2,\"name\":\"Nouvelles\",\"item\":\"https:\/\/www.convention.qc.ca\/en\/news\/\"},{\"@type\":\"ListItem\",\"position\":3,\"name\":\"INALCO 2023 Organizing Committee chooses Qu\u00e9bec City Convention Centre for its 15th international conference\"}]},{\"@type\":\"WebSite\",\"@id\":\"https:\/\/www.convention.qc.ca\/en\/#website\",\"url\":\"https:\/\/www.convention.qc.ca\/en\/\",\"name\":\"Centre des congr\u00e8s de Qu\u00e9bec\",\"description\":\"Convention and exhibition center in Quebec City\",\"publisher\":{\"@id\":\"https:\/\/www.convention.qc.ca\/en\/#organization\"},\"potentialAction\":[{\"@type\":\"SearchAction\",\"target\":{\"@type\":\"EntryPoint\",\"urlTemplate\":\"https:\/\/www.convention.qc.ca\/en\/?s={search_term_string}\"},\"query-input\":{\"@type\":\"PropertyValueSpecification\",\"valueRequired\":true,\"valueName\":\"search_term_string\"}}],\"inLanguage\":\"en-US\"},{\"@type\":\"Organization\",\"@id\":\"https:\/\/www.convention.qc.ca\/en\/#organization\",\"name\":\"Centre des congr\u00e8s de Qu\u00e9bec\",\"url\":\"https:\/\/www.convention.qc.ca\/en\/\",\"logo\":{\"@type\":\"ImageObject\",\"inLanguage\":\"en-US\",\"@id\":\"https:\/\/www.convention.qc.ca\/en\/#\/schema\/logo\/image\/\",\"url\":\"https:\/\/www.convention.qc.ca\/wp-content\/uploads\/poster.png\",\"contentUrl\":\"https:\/\/www.convention.qc.ca\/wp-content\/uploads\/poster.png\",\"width\":1200,\"height\":630,\"caption\":\"Centre des congr\u00e8s de Qu\u00e9bec\"},\"image\":{\"@id\":\"https:\/\/www.convention.qc.ca\/en\/#\/schema\/logo\/image\/\"},\"sameAs\":[\"https:\/\/www.facebook.com\/congresquebec\/\",\"https:\/\/x.com\/quebeccongres\",\"https:\/\/www.instagram.com\/quebeccongres\/\",\"https:\/\/www.linkedin.com\/company\/congresquebec\"]}]}<\/script>\n<!-- \/ Yoast SEO plugin. -->","yoast_head_json":{"title":"INALCO in Qu\u00e9bec city in 2023 | Qu\u00e9bec City Convention Centre","description":"The Qu\u00e9bec City Convention Centre is pleased to confirm that the 15th INALCO International Conference will be held in October 2023.","robots":{"index":"index","follow":"follow","max-snippet":"max-snippet:-1","max-image-preview":"max-image-preview:large","max-video-preview":"max-video-preview:-1"},"canonical":"https:\/\/www.convention.qc.ca\/en\/news\/15th-international-conference-confirmed-quebec-inalco-2023-aluminum\/","og_locale":"en_US","og_type":"article","og_title":"INALCO in Qu\u00e9bec city in 2023 | Qu\u00e9bec City Convention Centre","og_description":"The Qu\u00e9bec City Convention Centre is pleased to confirm that the 15th INALCO International Conference will be held in October 2023.","og_url":"https:\/\/www.convention.qc.ca\/en\/news\/15th-international-conference-confirmed-quebec-inalco-2023-aluminum\/","og_site_name":"Qu\u00e9bec City Convention Centre","article_publisher":"https:\/\/www.facebook.com\/congresquebec\/","article_modified_time":"2023-04-13T13:44:02+00:00","og_image":[{"width":1536,"height":1024,"url":"https:\/\/www.convention.qc.ca\/wp-content\/uploads\/INALCO2023-REGAL-aluminium-1536x1024-1.jpg","type":"image\/jpeg"}],"twitter_card":"summary_large_image","twitter_site":"@quebeccongres","twitter_misc":{"Est. reading time":"3 minutes"},"schema":{"@context":"https:\/\/schema.org","@graph":[{"@type":"WebPage","@id":"https:\/\/www.convention.qc.ca\/en\/news\/15th-international-conference-confirmed-quebec-inalco-2023-aluminum\/","url":"https:\/\/www.convention.qc.ca\/en\/news\/15th-international-conference-confirmed-quebec-inalco-2023-aluminum\/","name":"INALCO in Qu\u00e9bec city in 2023 | Qu\u00e9bec City Convention Centre","isPartOf":{"@id":"https:\/\/www.convention.qc.ca\/en\/#website"},"primaryImageOfPage":{"@id":"https:\/\/www.convention.qc.ca\/en\/news\/15th-international-conference-confirmed-quebec-inalco-2023-aluminum\/#primaryimage"},"image":{"@id":"https:\/\/www.convention.qc.ca\/en\/news\/15th-international-conference-confirmed-quebec-inalco-2023-aluminum\/#primaryimage"},"thumbnailUrl":"https:\/\/www.convention.qc.ca\/wp-content\/uploads\/INALCO2023-REGAL-aluminium-1536x1024-1.jpg","datePublished":"2022-11-28T19:26:08+00:00","dateModified":"2023-04-13T13:44:02+00:00","description":"The Qu\u00e9bec City Convention Centre is pleased to confirm that the 15th INALCO International Conference will be held in October 2023.","breadcrumb":{"@id":"https:\/\/www.convention.qc.ca\/en\/news\/15th-international-conference-confirmed-quebec-inalco-2023-aluminum\/#breadcrumb"},"inLanguage":"en-US","potentialAction":[{"@type":"ReadAction","target":["https:\/\/www.convention.qc.ca\/en\/news\/15th-international-conference-confirmed-quebec-inalco-2023-aluminum\/"]}]},{"@type":"ImageObject","inLanguage":"en-US","@id":"https:\/\/www.convention.qc.ca\/en\/news\/15th-international-conference-confirmed-quebec-inalco-2023-aluminum\/#primaryimage","url":"https:\/\/www.convention.qc.ca\/wp-content\/uploads\/INALCO2023-REGAL-aluminium-1536x1024-1.jpg","contentUrl":"https:\/\/www.convention.qc.ca\/wp-content\/uploads\/INALCO2023-REGAL-aluminium-1536x1024-1.jpg","width":1536,"height":1024},{"@type":"BreadcrumbList","@id":"https:\/\/www.convention.qc.ca\/en\/news\/15th-international-conference-confirmed-quebec-inalco-2023-aluminum\/#breadcrumb","itemListElement":[{"@type":"ListItem","position":1,"name":"Accueil","item":"https:\/\/www.convention.qc.ca\/en\/"},{"@type":"ListItem","position":2,"name":"Nouvelles","item":"https:\/\/www.convention.qc.ca\/en\/news\/"},{"@type":"ListItem","position":3,"name":"INALCO 2023 Organizing Committee chooses Qu\u00e9bec City Convention Centre for its 15th international conference"}]},{"@type":"WebSite","@id":"https:\/\/www.convention.qc.ca\/en\/#website","url":"https:\/\/www.convention.qc.ca\/en\/","name":"Centre des congr\u00e8s de Qu\u00e9bec","description":"Convention and exhibition center in Quebec City","publisher":{"@id":"https:\/\/www.convention.qc.ca\/en\/#organization"},"potentialAction":[{"@type":"SearchAction","target":{"@type":"EntryPoint","urlTemplate":"https:\/\/www.convention.qc.ca\/en\/?s={search_term_string}"},"query-input":{"@type":"PropertyValueSpecification","valueRequired":true,"valueName":"search_term_string"}}],"inLanguage":"en-US"},{"@type":"Organization","@id":"https:\/\/www.convention.qc.ca\/en\/#organization","name":"Centre des congr\u00e8s de Qu\u00e9bec","url":"https:\/\/www.convention.qc.ca\/en\/","logo":{"@type":"ImageObject","inLanguage":"en-US","@id":"https:\/\/www.convention.qc.ca\/en\/#\/schema\/logo\/image\/","url":"https:\/\/www.convention.qc.ca\/wp-content\/uploads\/poster.png","contentUrl":"https:\/\/www.convention.qc.ca\/wp-content\/uploads\/poster.png","width":1200,"height":630,"caption":"Centre des congr\u00e8s de Qu\u00e9bec"},"image":{"@id":"https:\/\/www.convention.qc.ca\/en\/#\/schema\/logo\/image\/"},"sameAs":["https:\/\/www.facebook.com\/congresquebec\/","https:\/\/x.com\/quebeccongres","https:\/\/www.instagram.com\/quebeccongres\/","https:\/\/www.linkedin.com\/company\/congresquebec"]}]}},"_links":{"self":[{"href":"https:\/\/www.convention.qc.ca\/en\/wp-json\/wp\/v2\/communiques\/10066","targetHints":{"allow":["GET"]}}],"collection":[{"href":"https:\/\/www.convention.qc.ca\/en\/wp-json\/wp\/v2\/communiques"}],"about":[{"href":"https:\/\/www.convention.qc.ca\/en\/wp-json\/wp\/v2\/types\/communiques"}],"wp:featuredmedia":[{"embeddable":true,"href":"https:\/\/www.convention.qc.ca\/en\/wp-json\/wp\/v2\/media\/10099"}],"wp:attachment":[{"href":"https:\/\/www.convention.qc.ca\/en\/wp-json\/wp\/v2\/media?parent=10066"}],"wp:term":[{"taxonomy":"categorie-communiques","embeddable":true,"href":"https:\/\/www.convention.qc.ca\/en\/wp-json\/wp\/v2\/categorie-communiques?post=10066"}],"curies":[{"name":"wp","href":"https:\/\/api.w.org\/{rel}","templated":true}]}}