{"id":10019,"date":"2019-02-11T18:36:08","date_gmt":"2019-02-11T23:36:08","guid":{"rendered":"https:\/\/www.convention.qc.ca\/nouvelles\/marc-poirier-appointed-chair-boma-quebec-metropolitan-committe\/"},"modified":"2023-04-12T16:02:45","modified_gmt":"2023-04-12T20:02:45","slug":"marc-poirier-appointed-chair-boma-quebec-metropolitan-committe","status":"publish","type":"communiques","link":"https:\/\/www.convention.qc.ca\/en\/news\/marc-poirier-appointed-chair-boma-quebec-metropolitan-committe\/","title":{"rendered":"Marc Poirier appointed chair of Boma Qu\u00e9bec\u2019s Metropolitan Qu\u00e9bec Committee"},"content":{"rendered":"<div  class=\"item wysiwyg component-media-text\"><div class=\"container\" >\n<div class=\"wp-block-media-text alignwide is-stacked-on-mobile\" style=\"grid-template-columns:40% auto\"><figure class=\"wp-block-media-text__media\"><img loading=\"lazy\" decoding=\"async\" width=\"500\" height=\"420\" src=\"https:\/\/www.convention.qc.ca\/wp-content\/uploads\/MarcPoirier_1260x1070px-500x420-1.jpg\" alt=\"\" class=\"wp-image-10738 size-full\" srcset=\"https:\/\/www.convention.qc.ca\/wp-content\/uploads\/MarcPoirier_1260x1070px-500x420-1.jpg 500w, https:\/\/www.convention.qc.ca\/wp-content\/uploads\/MarcPoirier_1260x1070px-500x420-1-400x336.jpg 400w\" sizes=\"auto, (max-width: 500px) 100vw, 500px\" \/><\/figure><div class=\"wp-block-media-text__content\"><div  class=\"item wysiwyg component-paragraph component-no-padding \" ><div class=\"container\">\n<p>The Qu\u00e9bec City Convention Centre is pleased to announce the appointment of Marc Poirier, its Director of Building Management and Event Support, as <a href=\"https:\/\/www.boma-quebec.org\/quebec-comite-conseil-quebec-metropolitain\" target=\"_blank\" rel=\"noreferrer noopener\">chair of Boma Qu\u00e9bec\u2019s Metropolitan Qu\u00e9bec Committee<\/a> for a two-year term.<br><br>\u201cI am extremely proud to take up this position and very pleased to be able to represent the Convention Centre in my role as chair of the Metropolitan Qu\u00e9bec Committee. I have been active in the association since 2006, and this appointment is the result of my ongoing involvement,\u201d commented Mr. Poirier.<\/p>\n<\/div><\/div>\n\n<div  class=\"item wysiwyg component-paragraph component-no-padding \" ><div class=\"container\">\n<p>Learn more about experienced property manager Marc Poirier in this <a class=\"\" href=\"https:\/\/issuu.com\/jbcom\/docs\/rencontre_avec_marc_poirier\" target=\"_blank\" rel=\"noreferrer noopener\">interview for <em>Maintenance immobili\u00e8re<\/em> magazine<\/a>. (French only).<br><br>Boma Qu\u00e9bec is the province\u2019s largest association of commercial property owners and managers. The committee\u2019s mandate for the Qu\u00e9bec City area includes planning and organizing a calendar of training and networking activities as well as promoting recruitment.<\/p>\n<\/div><\/div><\/div><\/div>\n<\/div><\/div>","protected":false},"excerpt":{"rendered":"Marc Poirier will represent the Qu\u00e9bec City Convention Centre through his role as President of the Boma Qu\u00e9bec Metropolitan Committee for 2 years.","protected":false},"featured_media":10738,"parent":0,"template":"","categorie-communiques":[614],"class_list":["post-10019","communiques","type-communiques","status-publish","has-post-thumbnail","hentry","categorie-communiques-sustainability"],"acf":[],"yoast_head":"<!-- This site is optimized with the Yoast SEO plugin v26.7 - https:\/\/yoast.com\/wordpress\/plugins\/seo\/ -->\n<title>Marc Poirier appointed chair of Boma Qu\u00e9bec\u2019s Metropolitan Qu\u00e9bec Committee | Qu\u00e9bec City Convention Centre<\/title>\n<meta name=\"description\" content=\"Marc Poirier will represent the Qu\u00e9bec City Convention Centre through his role as President of the Boma Qu\u00e9bec Metropolitan Committee for 2 years.\" \/>\n<meta name=\"robots\" content=\"index, follow, max-snippet:-1, max-image-preview:large, max-video-preview:-1\" \/>\n<link rel=\"canonical\" href=\"https:\/\/www.convention.qc.ca\/en\/news\/marc-poirier-appointed-chair-boma-quebec-metropolitan-committe\/\" \/>\n<meta property=\"og:locale\" content=\"en_US\" \/>\n<meta property=\"og:type\" content=\"article\" \/>\n<meta property=\"og:title\" content=\"Marc Poirier appointed chair of Boma Qu\u00e9bec\u2019s Metropolitan Qu\u00e9bec Committee | Qu\u00e9bec City Convention Centre\" \/>\n<meta property=\"og:description\" content=\"Marc Poirier will represent the Qu\u00e9bec City Convention Centre through his role as President of the Boma Qu\u00e9bec Metropolitan Committee for 2 years.\" \/>\n<meta property=\"og:url\" content=\"https:\/\/www.convention.qc.ca\/en\/news\/marc-poirier-appointed-chair-boma-quebec-metropolitan-committe\/\" \/>\n<meta property=\"og:site_name\" content=\"Qu\u00e9bec City Convention Centre\" \/>\n<meta property=\"article:publisher\" content=\"https:\/\/www.facebook.com\/congresquebec\/\" \/>\n<meta property=\"article:modified_time\" content=\"2023-04-12T20:02:45+00:00\" \/>\n<meta property=\"og:image\" content=\"https:\/\/www.convention.qc.ca\/wp-content\/uploads\/MarcPoirier_1260x1070px-500x420-1.jpg\" \/>\n\t<meta property=\"og:image:width\" content=\"500\" \/>\n\t<meta property=\"og:image:height\" content=\"420\" \/>\n\t<meta property=\"og:image:type\" content=\"image\/jpeg\" \/>\n<meta name=\"twitter:card\" content=\"summary_large_image\" \/>\n<meta name=\"twitter:site\" content=\"@quebeccongres\" \/>\n<meta name=\"twitter:label1\" content=\"Est. reading time\" \/>\n\t<meta name=\"twitter:data1\" content=\"1 minute\" \/>\n<script type=\"application\/ld+json\" class=\"yoast-schema-graph\">{\"@context\":\"https:\/\/schema.org\",\"@graph\":[{\"@type\":\"WebPage\",\"@id\":\"https:\/\/www.convention.qc.ca\/en\/news\/marc-poirier-appointed-chair-boma-quebec-metropolitan-committe\/\",\"url\":\"https:\/\/www.convention.qc.ca\/en\/news\/marc-poirier-appointed-chair-boma-quebec-metropolitan-committe\/\",\"name\":\"Marc Poirier appointed chair of Boma Qu\u00e9bec\u2019s Metropolitan Qu\u00e9bec Committee | Qu\u00e9bec City Convention Centre\",\"isPartOf\":{\"@id\":\"https:\/\/www.convention.qc.ca\/en\/#website\"},\"primaryImageOfPage\":{\"@id\":\"https:\/\/www.convention.qc.ca\/en\/news\/marc-poirier-appointed-chair-boma-quebec-metropolitan-committe\/#primaryimage\"},\"image\":{\"@id\":\"https:\/\/www.convention.qc.ca\/en\/news\/marc-poirier-appointed-chair-boma-quebec-metropolitan-committe\/#primaryimage\"},\"thumbnailUrl\":\"https:\/\/www.convention.qc.ca\/wp-content\/uploads\/MarcPoirier_1260x1070px-500x420-1.jpg\",\"datePublished\":\"2019-02-11T23:36:08+00:00\",\"dateModified\":\"2023-04-12T20:02:45+00:00\",\"description\":\"Marc Poirier will represent the Qu\u00e9bec City Convention Centre through his role as President of the Boma Qu\u00e9bec Metropolitan Committee for 2 years.\",\"breadcrumb\":{\"@id\":\"https:\/\/www.convention.qc.ca\/en\/news\/marc-poirier-appointed-chair-boma-quebec-metropolitan-committe\/#breadcrumb\"},\"inLanguage\":\"en-US\",\"potentialAction\":[{\"@type\":\"ReadAction\",\"target\":[\"https:\/\/www.convention.qc.ca\/en\/news\/marc-poirier-appointed-chair-boma-quebec-metropolitan-committe\/\"]}]},{\"@type\":\"ImageObject\",\"inLanguage\":\"en-US\",\"@id\":\"https:\/\/www.convention.qc.ca\/en\/news\/marc-poirier-appointed-chair-boma-quebec-metropolitan-committe\/#primaryimage\",\"url\":\"https:\/\/www.convention.qc.ca\/wp-content\/uploads\/MarcPoirier_1260x1070px-500x420-1.jpg\",\"contentUrl\":\"https:\/\/www.convention.qc.ca\/wp-content\/uploads\/MarcPoirier_1260x1070px-500x420-1.jpg\",\"width\":500,\"height\":420,\"caption\":\"Man in suit sitting and smiling at the camera.\"},{\"@type\":\"BreadcrumbList\",\"@id\":\"https:\/\/www.convention.qc.ca\/en\/news\/marc-poirier-appointed-chair-boma-quebec-metropolitan-committe\/#breadcrumb\",\"itemListElement\":[{\"@type\":\"ListItem\",\"position\":1,\"name\":\"Accueil\",\"item\":\"https:\/\/www.convention.qc.ca\/en\/\"},{\"@type\":\"ListItem\",\"position\":2,\"name\":\"Nouvelles\",\"item\":\"https:\/\/www.convention.qc.ca\/en\/news\/\"},{\"@type\":\"ListItem\",\"position\":3,\"name\":\"Marc Poirier appointed chair of Boma Qu\u00e9bec\u2019s Metropolitan Qu\u00e9bec Committee\"}]},{\"@type\":\"WebSite\",\"@id\":\"https:\/\/www.convention.qc.ca\/en\/#website\",\"url\":\"https:\/\/www.convention.qc.ca\/en\/\",\"name\":\"Centre des congr\u00e8s de Qu\u00e9bec\",\"description\":\"Convention and exhibition center in Quebec City\",\"publisher\":{\"@id\":\"https:\/\/www.convention.qc.ca\/en\/#organization\"},\"potentialAction\":[{\"@type\":\"SearchAction\",\"target\":{\"@type\":\"EntryPoint\",\"urlTemplate\":\"https:\/\/www.convention.qc.ca\/en\/?s={search_term_string}\"},\"query-input\":{\"@type\":\"PropertyValueSpecification\",\"valueRequired\":true,\"valueName\":\"search_term_string\"}}],\"inLanguage\":\"en-US\"},{\"@type\":\"Organization\",\"@id\":\"https:\/\/www.convention.qc.ca\/en\/#organization\",\"name\":\"Centre des congr\u00e8s de Qu\u00e9bec\",\"url\":\"https:\/\/www.convention.qc.ca\/en\/\",\"logo\":{\"@type\":\"ImageObject\",\"inLanguage\":\"en-US\",\"@id\":\"https:\/\/www.convention.qc.ca\/en\/#\/schema\/logo\/image\/\",\"url\":\"https:\/\/www.convention.qc.ca\/wp-content\/uploads\/poster.png\",\"contentUrl\":\"https:\/\/www.convention.qc.ca\/wp-content\/uploads\/poster.png\",\"width\":1200,\"height\":630,\"caption\":\"Centre des congr\u00e8s de Qu\u00e9bec\"},\"image\":{\"@id\":\"https:\/\/www.convention.qc.ca\/en\/#\/schema\/logo\/image\/\"},\"sameAs\":[\"https:\/\/www.facebook.com\/congresquebec\/\",\"https:\/\/x.com\/quebeccongres\",\"https:\/\/www.instagram.com\/quebeccongres\/\",\"https:\/\/www.linkedin.com\/company\/congresquebec\"]}]}<\/script>\n<!-- \/ Yoast SEO plugin. -->","yoast_head_json":{"title":"Marc Poirier appointed chair of Boma Qu\u00e9bec\u2019s Metropolitan Qu\u00e9bec Committee | Qu\u00e9bec City Convention Centre","description":"Marc Poirier will represent the Qu\u00e9bec City Convention Centre through his role as President of the Boma Qu\u00e9bec Metropolitan Committee for 2 years.","robots":{"index":"index","follow":"follow","max-snippet":"max-snippet:-1","max-image-preview":"max-image-preview:large","max-video-preview":"max-video-preview:-1"},"canonical":"https:\/\/www.convention.qc.ca\/en\/news\/marc-poirier-appointed-chair-boma-quebec-metropolitan-committe\/","og_locale":"en_US","og_type":"article","og_title":"Marc Poirier appointed chair of Boma Qu\u00e9bec\u2019s Metropolitan Qu\u00e9bec Committee | Qu\u00e9bec City Convention Centre","og_description":"Marc Poirier will represent the Qu\u00e9bec City Convention Centre through his role as President of the Boma Qu\u00e9bec Metropolitan Committee for 2 years.","og_url":"https:\/\/www.convention.qc.ca\/en\/news\/marc-poirier-appointed-chair-boma-quebec-metropolitan-committe\/","og_site_name":"Qu\u00e9bec City Convention Centre","article_publisher":"https:\/\/www.facebook.com\/congresquebec\/","article_modified_time":"2023-04-12T20:02:45+00:00","og_image":[{"width":500,"height":420,"url":"https:\/\/www.convention.qc.ca\/wp-content\/uploads\/MarcPoirier_1260x1070px-500x420-1.jpg","type":"image\/jpeg"}],"twitter_card":"summary_large_image","twitter_site":"@quebeccongres","twitter_misc":{"Est. reading time":"1 minute"},"schema":{"@context":"https:\/\/schema.org","@graph":[{"@type":"WebPage","@id":"https:\/\/www.convention.qc.ca\/en\/news\/marc-poirier-appointed-chair-boma-quebec-metropolitan-committe\/","url":"https:\/\/www.convention.qc.ca\/en\/news\/marc-poirier-appointed-chair-boma-quebec-metropolitan-committe\/","name":"Marc Poirier appointed chair of Boma Qu\u00e9bec\u2019s Metropolitan Qu\u00e9bec Committee | Qu\u00e9bec City Convention Centre","isPartOf":{"@id":"https:\/\/www.convention.qc.ca\/en\/#website"},"primaryImageOfPage":{"@id":"https:\/\/www.convention.qc.ca\/en\/news\/marc-poirier-appointed-chair-boma-quebec-metropolitan-committe\/#primaryimage"},"image":{"@id":"https:\/\/www.convention.qc.ca\/en\/news\/marc-poirier-appointed-chair-boma-quebec-metropolitan-committe\/#primaryimage"},"thumbnailUrl":"https:\/\/www.convention.qc.ca\/wp-content\/uploads\/MarcPoirier_1260x1070px-500x420-1.jpg","datePublished":"2019-02-11T23:36:08+00:00","dateModified":"2023-04-12T20:02:45+00:00","description":"Marc Poirier will represent the Qu\u00e9bec City Convention Centre through his role as President of the Boma Qu\u00e9bec Metropolitan Committee for 2 years.","breadcrumb":{"@id":"https:\/\/www.convention.qc.ca\/en\/news\/marc-poirier-appointed-chair-boma-quebec-metropolitan-committe\/#breadcrumb"},"inLanguage":"en-US","potentialAction":[{"@type":"ReadAction","target":["https:\/\/www.convention.qc.ca\/en\/news\/marc-poirier-appointed-chair-boma-quebec-metropolitan-committe\/"]}]},{"@type":"ImageObject","inLanguage":"en-US","@id":"https:\/\/www.convention.qc.ca\/en\/news\/marc-poirier-appointed-chair-boma-quebec-metropolitan-committe\/#primaryimage","url":"https:\/\/www.convention.qc.ca\/wp-content\/uploads\/MarcPoirier_1260x1070px-500x420-1.jpg","contentUrl":"https:\/\/www.convention.qc.ca\/wp-content\/uploads\/MarcPoirier_1260x1070px-500x420-1.jpg","width":500,"height":420,"caption":"Man in suit sitting and smiling at the camera."},{"@type":"BreadcrumbList","@id":"https:\/\/www.convention.qc.ca\/en\/news\/marc-poirier-appointed-chair-boma-quebec-metropolitan-committe\/#breadcrumb","itemListElement":[{"@type":"ListItem","position":1,"name":"Accueil","item":"https:\/\/www.convention.qc.ca\/en\/"},{"@type":"ListItem","position":2,"name":"Nouvelles","item":"https:\/\/www.convention.qc.ca\/en\/news\/"},{"@type":"ListItem","position":3,"name":"Marc Poirier appointed chair of Boma Qu\u00e9bec\u2019s Metropolitan Qu\u00e9bec Committee"}]},{"@type":"WebSite","@id":"https:\/\/www.convention.qc.ca\/en\/#website","url":"https:\/\/www.convention.qc.ca\/en\/","name":"Centre des congr\u00e8s de Qu\u00e9bec","description":"Convention and exhibition center in Quebec City","publisher":{"@id":"https:\/\/www.convention.qc.ca\/en\/#organization"},"potentialAction":[{"@type":"SearchAction","target":{"@type":"EntryPoint","urlTemplate":"https:\/\/www.convention.qc.ca\/en\/?s={search_term_string}"},"query-input":{"@type":"PropertyValueSpecification","valueRequired":true,"valueName":"search_term_string"}}],"inLanguage":"en-US"},{"@type":"Organization","@id":"https:\/\/www.convention.qc.ca\/en\/#organization","name":"Centre des congr\u00e8s de Qu\u00e9bec","url":"https:\/\/www.convention.qc.ca\/en\/","logo":{"@type":"ImageObject","inLanguage":"en-US","@id":"https:\/\/www.convention.qc.ca\/en\/#\/schema\/logo\/image\/","url":"https:\/\/www.convention.qc.ca\/wp-content\/uploads\/poster.png","contentUrl":"https:\/\/www.convention.qc.ca\/wp-content\/uploads\/poster.png","width":1200,"height":630,"caption":"Centre des congr\u00e8s de Qu\u00e9bec"},"image":{"@id":"https:\/\/www.convention.qc.ca\/en\/#\/schema\/logo\/image\/"},"sameAs":["https:\/\/www.facebook.com\/congresquebec\/","https:\/\/x.com\/quebeccongres","https:\/\/www.instagram.com\/quebeccongres\/","https:\/\/www.linkedin.com\/company\/congresquebec"]}]}},"_links":{"self":[{"href":"https:\/\/www.convention.qc.ca\/en\/wp-json\/wp\/v2\/communiques\/10019","targetHints":{"allow":["GET"]}}],"collection":[{"href":"https:\/\/www.convention.qc.ca\/en\/wp-json\/wp\/v2\/communiques"}],"about":[{"href":"https:\/\/www.convention.qc.ca\/en\/wp-json\/wp\/v2\/types\/communiques"}],"wp:featuredmedia":[{"embeddable":true,"href":"https:\/\/www.convention.qc.ca\/en\/wp-json\/wp\/v2\/media\/10738"}],"wp:attachment":[{"href":"https:\/\/www.convention.qc.ca\/en\/wp-json\/wp\/v2\/media?parent=10019"}],"wp:term":[{"taxonomy":"categorie-communiques","embeddable":true,"href":"https:\/\/www.convention.qc.ca\/en\/wp-json\/wp\/v2\/categorie-communiques?post=10019"}],"curies":[{"name":"wp","href":"https:\/\/api.w.org\/{rel}","templated":true}]}}