{"id":10018,"date":"2019-01-25T19:23:34","date_gmt":"2019-01-26T00:23:34","guid":{"rendered":"https:\/\/www.convention.qc.ca\/nouvelles\/ambassadors-contribute-international-events-quebec-city-convention-centre\/"},"modified":"2023-04-12T14:16:08","modified_gmt":"2023-04-12T18:16:08","slug":"ambassadors-contribute-international-events-quebec-city-convention-centre","status":"publish","type":"communiques","link":"https:\/\/www.convention.qc.ca\/en\/news\/ambassadors-contribute-international-events-quebec-city-convention-centre\/","title":{"rendered":"Ambassadors contribute to international events at the Qu\u00e9bec City Convention Centre"},"content":{"rendered":"<div  class=\"item wysiwyg component-paragraph component-no-padding \" ><div class=\"container\">\n<p>The Qu\u00e9bec City Convention Centre congratulates the event ambassadors who were honoured for putting their city in the international spotlight, at the Ambassadors Recognition Gala organized by the Qu\u00e9bec City\u2019s Ambassadors\u2019 Club, which took place at the Voltigeurs de Qu\u00e9bec Armoury on January 24, 2019.<\/p>\n<\/div><\/div>\n\n<div  class=\"item wysiwyg component-media-text\"><div class=\"container\" >\n<div class=\"wp-block-media-text alignwide is-stacked-on-mobile\"><figure class=\"wp-block-media-text__media\"><img loading=\"lazy\" decoding=\"async\" width=\"1000\" height=\"667\" src=\"https:\/\/www.convention.qc.ca\/wp-content\/uploads\/Hommage-Ambassadeurs-2019-2.jpg\" alt=\"A group of ambassadors holding the award they received at the Soir\u00e9e Hommage aux ambassadeurs 2019.\" class=\"wp-image-12266 size-full\" srcset=\"https:\/\/www.convention.qc.ca\/wp-content\/uploads\/Hommage-Ambassadeurs-2019-2.jpg 1000w, https:\/\/www.convention.qc.ca\/wp-content\/uploads\/Hommage-Ambassadeurs-2019-2-700x467.jpg 700w, https:\/\/www.convention.qc.ca\/wp-content\/uploads\/Hommage-Ambassadeurs-2019-2-768x512.jpg 768w, https:\/\/www.convention.qc.ca\/wp-content\/uploads\/Hommage-Ambassadeurs-2019-2-400x267.jpg 400w\" sizes=\"auto, (max-width: 1000px) 100vw, 1000px\" \/><\/figure><div class=\"wp-block-media-text__content\"><div  class=\"item wysiwyg component-paragraph component-no-padding \" ><div class=\"container\">\n<p>Two full professors from Universit\u00e9 Laval particularly stood out.&nbsp;<strong>Normand Voyer<\/strong>, from the Chemistry Department, was named 2018 Ambassador of the Year for his overall involvement in the holding and organization of events, and <strong>Matthew Hatvany<\/strong>, from the Geography Department, received the 2018 Event of the Year award for the combined International Geographical Union Regional Conference, Canadian Association of Geographers Annual Meeting, and National Council for Geographic Education Annual Conference. The event drew 1,300 attendees to the Qu\u00e9bec City Convention Centre and generated economic spinoffs of $3.3 million in the region.<\/p>\n<\/div><\/div>\n\n<div  class=\"item wysiwyg component-paragraph component-no-padding \" ><div class=\"container\">\n<p>Of the 16 international events held in 2018 in the Qu\u00e9bec City area thanks to the involvement of the event ambassadors, 10 were held at the Qu\u00e9bec City Convention Centre.<\/p>\n<\/div><\/div><\/div><\/div>\n<\/div><\/div>","protected":false},"excerpt":{"rendered":"The Qu\u00e9bec City Convention Centre congratulates the ambassadors honored at the Soir\u00e9e Hommage aux ambassadeurs on January 24, 2019.","protected":false},"featured_media":12266,"parent":0,"template":"","categorie-communiques":[606],"class_list":["post-10018","communiques","type-communiques","status-publish","has-post-thumbnail","hentry","categorie-communiques-event-ambassadors"],"acf":[],"yoast_head":"<!-- This site is optimized with the Yoast SEO plugin v26.7 - https:\/\/yoast.com\/wordpress\/plugins\/seo\/ -->\n<title>Ambassadors contribute to international events at the Qu\u00e9bec City Convention Centre | Qu\u00e9bec City Convention Centre<\/title>\n<meta name=\"description\" content=\"The Qu\u00e9bec City Convention Centre congratulates the ambassadors honored at the Soir\u00e9e Hommage aux ambassadeurs on January 24, 2019.\" \/>\n<meta name=\"robots\" content=\"index, follow, max-snippet:-1, max-image-preview:large, max-video-preview:-1\" \/>\n<link rel=\"canonical\" href=\"https:\/\/www.convention.qc.ca\/en\/news\/ambassadors-contribute-international-events-quebec-city-convention-centre\/\" \/>\n<meta property=\"og:locale\" content=\"en_US\" \/>\n<meta property=\"og:type\" content=\"article\" \/>\n<meta property=\"og:title\" content=\"Ambassadors contribute to international events at the Qu\u00e9bec City Convention Centre | Qu\u00e9bec City Convention Centre\" \/>\n<meta property=\"og:description\" content=\"The Qu\u00e9bec City Convention Centre congratulates the ambassadors honored at the Soir\u00e9e Hommage aux ambassadeurs on January 24, 2019.\" \/>\n<meta property=\"og:url\" content=\"https:\/\/www.convention.qc.ca\/en\/news\/ambassadors-contribute-international-events-quebec-city-convention-centre\/\" \/>\n<meta property=\"og:site_name\" content=\"Qu\u00e9bec City Convention Centre\" \/>\n<meta property=\"article:publisher\" content=\"https:\/\/www.facebook.com\/congresquebec\/\" \/>\n<meta property=\"article:modified_time\" content=\"2023-04-12T18:16:08+00:00\" \/>\n<meta property=\"og:image\" content=\"https:\/\/www.convention.qc.ca\/wp-content\/uploads\/Hommage-Ambassadeurs-2019-2.jpg\" \/>\n\t<meta property=\"og:image:width\" content=\"1000\" \/>\n\t<meta property=\"og:image:height\" content=\"667\" \/>\n\t<meta property=\"og:image:type\" content=\"image\/jpeg\" \/>\n<meta name=\"twitter:card\" content=\"summary_large_image\" \/>\n<meta name=\"twitter:site\" content=\"@quebeccongres\" \/>\n<meta name=\"twitter:label1\" content=\"Est. reading time\" \/>\n\t<meta name=\"twitter:data1\" content=\"2 minutes\" \/>\n<script type=\"application\/ld+json\" class=\"yoast-schema-graph\">{\"@context\":\"https:\/\/schema.org\",\"@graph\":[{\"@type\":\"WebPage\",\"@id\":\"https:\/\/www.convention.qc.ca\/en\/news\/ambassadors-contribute-international-events-quebec-city-convention-centre\/\",\"url\":\"https:\/\/www.convention.qc.ca\/en\/news\/ambassadors-contribute-international-events-quebec-city-convention-centre\/\",\"name\":\"Ambassadors contribute to international events at the Qu\u00e9bec City Convention Centre | Qu\u00e9bec City Convention Centre\",\"isPartOf\":{\"@id\":\"https:\/\/www.convention.qc.ca\/en\/#website\"},\"primaryImageOfPage\":{\"@id\":\"https:\/\/www.convention.qc.ca\/en\/news\/ambassadors-contribute-international-events-quebec-city-convention-centre\/#primaryimage\"},\"image\":{\"@id\":\"https:\/\/www.convention.qc.ca\/en\/news\/ambassadors-contribute-international-events-quebec-city-convention-centre\/#primaryimage\"},\"thumbnailUrl\":\"https:\/\/www.convention.qc.ca\/wp-content\/uploads\/Hommage-Ambassadeurs-2019-2.jpg\",\"datePublished\":\"2019-01-26T00:23:34+00:00\",\"dateModified\":\"2023-04-12T18:16:08+00:00\",\"description\":\"The Qu\u00e9bec City Convention Centre congratulates the ambassadors honored at the Soir\u00e9e Hommage aux ambassadeurs on January 24, 2019.\",\"breadcrumb\":{\"@id\":\"https:\/\/www.convention.qc.ca\/en\/news\/ambassadors-contribute-international-events-quebec-city-convention-centre\/#breadcrumb\"},\"inLanguage\":\"en-US\",\"potentialAction\":[{\"@type\":\"ReadAction\",\"target\":[\"https:\/\/www.convention.qc.ca\/en\/news\/ambassadors-contribute-international-events-quebec-city-convention-centre\/\"]}]},{\"@type\":\"ImageObject\",\"inLanguage\":\"en-US\",\"@id\":\"https:\/\/www.convention.qc.ca\/en\/news\/ambassadors-contribute-international-events-quebec-city-convention-centre\/#primaryimage\",\"url\":\"https:\/\/www.convention.qc.ca\/wp-content\/uploads\/Hommage-Ambassadeurs-2019-2.jpg\",\"contentUrl\":\"https:\/\/www.convention.qc.ca\/wp-content\/uploads\/Hommage-Ambassadeurs-2019-2.jpg\",\"width\":1000,\"height\":667,\"caption\":\"A group of ambassadors holding the award they received at the Soir\u00e9e Hommage aux ambassadeurs 2019.\"},{\"@type\":\"BreadcrumbList\",\"@id\":\"https:\/\/www.convention.qc.ca\/en\/news\/ambassadors-contribute-international-events-quebec-city-convention-centre\/#breadcrumb\",\"itemListElement\":[{\"@type\":\"ListItem\",\"position\":1,\"name\":\"Accueil\",\"item\":\"https:\/\/www.convention.qc.ca\/en\/\"},{\"@type\":\"ListItem\",\"position\":2,\"name\":\"Nouvelles\",\"item\":\"https:\/\/www.convention.qc.ca\/en\/news\/\"},{\"@type\":\"ListItem\",\"position\":3,\"name\":\"Ambassadors contribute to international events at the Qu\u00e9bec City Convention Centre\"}]},{\"@type\":\"WebSite\",\"@id\":\"https:\/\/www.convention.qc.ca\/en\/#website\",\"url\":\"https:\/\/www.convention.qc.ca\/en\/\",\"name\":\"Centre des congr\u00e8s de Qu\u00e9bec\",\"description\":\"Convention and exhibition center in Quebec City\",\"publisher\":{\"@id\":\"https:\/\/www.convention.qc.ca\/en\/#organization\"},\"potentialAction\":[{\"@type\":\"SearchAction\",\"target\":{\"@type\":\"EntryPoint\",\"urlTemplate\":\"https:\/\/www.convention.qc.ca\/en\/?s={search_term_string}\"},\"query-input\":{\"@type\":\"PropertyValueSpecification\",\"valueRequired\":true,\"valueName\":\"search_term_string\"}}],\"inLanguage\":\"en-US\"},{\"@type\":\"Organization\",\"@id\":\"https:\/\/www.convention.qc.ca\/en\/#organization\",\"name\":\"Centre des congr\u00e8s de Qu\u00e9bec\",\"url\":\"https:\/\/www.convention.qc.ca\/en\/\",\"logo\":{\"@type\":\"ImageObject\",\"inLanguage\":\"en-US\",\"@id\":\"https:\/\/www.convention.qc.ca\/en\/#\/schema\/logo\/image\/\",\"url\":\"https:\/\/www.convention.qc.ca\/wp-content\/uploads\/poster.png\",\"contentUrl\":\"https:\/\/www.convention.qc.ca\/wp-content\/uploads\/poster.png\",\"width\":1200,\"height\":630,\"caption\":\"Centre des congr\u00e8s de Qu\u00e9bec\"},\"image\":{\"@id\":\"https:\/\/www.convention.qc.ca\/en\/#\/schema\/logo\/image\/\"},\"sameAs\":[\"https:\/\/www.facebook.com\/congresquebec\/\",\"https:\/\/x.com\/quebeccongres\",\"https:\/\/www.instagram.com\/quebeccongres\/\",\"https:\/\/www.linkedin.com\/company\/congresquebec\"]}]}<\/script>\n<!-- \/ Yoast SEO plugin. -->","yoast_head_json":{"title":"Ambassadors contribute to international events at the Qu\u00e9bec City Convention Centre | Qu\u00e9bec City Convention Centre","description":"The Qu\u00e9bec City Convention Centre congratulates the ambassadors honored at the Soir\u00e9e Hommage aux ambassadeurs on January 24, 2019.","robots":{"index":"index","follow":"follow","max-snippet":"max-snippet:-1","max-image-preview":"max-image-preview:large","max-video-preview":"max-video-preview:-1"},"canonical":"https:\/\/www.convention.qc.ca\/en\/news\/ambassadors-contribute-international-events-quebec-city-convention-centre\/","og_locale":"en_US","og_type":"article","og_title":"Ambassadors contribute to international events at the Qu\u00e9bec City Convention Centre | Qu\u00e9bec City Convention Centre","og_description":"The Qu\u00e9bec City Convention Centre congratulates the ambassadors honored at the Soir\u00e9e Hommage aux ambassadeurs on January 24, 2019.","og_url":"https:\/\/www.convention.qc.ca\/en\/news\/ambassadors-contribute-international-events-quebec-city-convention-centre\/","og_site_name":"Qu\u00e9bec City Convention Centre","article_publisher":"https:\/\/www.facebook.com\/congresquebec\/","article_modified_time":"2023-04-12T18:16:08+00:00","og_image":[{"width":1000,"height":667,"url":"https:\/\/www.convention.qc.ca\/wp-content\/uploads\/Hommage-Ambassadeurs-2019-2.jpg","type":"image\/jpeg"}],"twitter_card":"summary_large_image","twitter_site":"@quebeccongres","twitter_misc":{"Est. reading time":"2 minutes"},"schema":{"@context":"https:\/\/schema.org","@graph":[{"@type":"WebPage","@id":"https:\/\/www.convention.qc.ca\/en\/news\/ambassadors-contribute-international-events-quebec-city-convention-centre\/","url":"https:\/\/www.convention.qc.ca\/en\/news\/ambassadors-contribute-international-events-quebec-city-convention-centre\/","name":"Ambassadors contribute to international events at the Qu\u00e9bec City Convention Centre | Qu\u00e9bec City Convention Centre","isPartOf":{"@id":"https:\/\/www.convention.qc.ca\/en\/#website"},"primaryImageOfPage":{"@id":"https:\/\/www.convention.qc.ca\/en\/news\/ambassadors-contribute-international-events-quebec-city-convention-centre\/#primaryimage"},"image":{"@id":"https:\/\/www.convention.qc.ca\/en\/news\/ambassadors-contribute-international-events-quebec-city-convention-centre\/#primaryimage"},"thumbnailUrl":"https:\/\/www.convention.qc.ca\/wp-content\/uploads\/Hommage-Ambassadeurs-2019-2.jpg","datePublished":"2019-01-26T00:23:34+00:00","dateModified":"2023-04-12T18:16:08+00:00","description":"The Qu\u00e9bec City Convention Centre congratulates the ambassadors honored at the Soir\u00e9e Hommage aux ambassadeurs on January 24, 2019.","breadcrumb":{"@id":"https:\/\/www.convention.qc.ca\/en\/news\/ambassadors-contribute-international-events-quebec-city-convention-centre\/#breadcrumb"},"inLanguage":"en-US","potentialAction":[{"@type":"ReadAction","target":["https:\/\/www.convention.qc.ca\/en\/news\/ambassadors-contribute-international-events-quebec-city-convention-centre\/"]}]},{"@type":"ImageObject","inLanguage":"en-US","@id":"https:\/\/www.convention.qc.ca\/en\/news\/ambassadors-contribute-international-events-quebec-city-convention-centre\/#primaryimage","url":"https:\/\/www.convention.qc.ca\/wp-content\/uploads\/Hommage-Ambassadeurs-2019-2.jpg","contentUrl":"https:\/\/www.convention.qc.ca\/wp-content\/uploads\/Hommage-Ambassadeurs-2019-2.jpg","width":1000,"height":667,"caption":"A group of ambassadors holding the award they received at the Soir\u00e9e Hommage aux ambassadeurs 2019."},{"@type":"BreadcrumbList","@id":"https:\/\/www.convention.qc.ca\/en\/news\/ambassadors-contribute-international-events-quebec-city-convention-centre\/#breadcrumb","itemListElement":[{"@type":"ListItem","position":1,"name":"Accueil","item":"https:\/\/www.convention.qc.ca\/en\/"},{"@type":"ListItem","position":2,"name":"Nouvelles","item":"https:\/\/www.convention.qc.ca\/en\/news\/"},{"@type":"ListItem","position":3,"name":"Ambassadors contribute to international events at the Qu\u00e9bec City Convention Centre"}]},{"@type":"WebSite","@id":"https:\/\/www.convention.qc.ca\/en\/#website","url":"https:\/\/www.convention.qc.ca\/en\/","name":"Centre des congr\u00e8s de Qu\u00e9bec","description":"Convention and exhibition center in Quebec City","publisher":{"@id":"https:\/\/www.convention.qc.ca\/en\/#organization"},"potentialAction":[{"@type":"SearchAction","target":{"@type":"EntryPoint","urlTemplate":"https:\/\/www.convention.qc.ca\/en\/?s={search_term_string}"},"query-input":{"@type":"PropertyValueSpecification","valueRequired":true,"valueName":"search_term_string"}}],"inLanguage":"en-US"},{"@type":"Organization","@id":"https:\/\/www.convention.qc.ca\/en\/#organization","name":"Centre des congr\u00e8s de Qu\u00e9bec","url":"https:\/\/www.convention.qc.ca\/en\/","logo":{"@type":"ImageObject","inLanguage":"en-US","@id":"https:\/\/www.convention.qc.ca\/en\/#\/schema\/logo\/image\/","url":"https:\/\/www.convention.qc.ca\/wp-content\/uploads\/poster.png","contentUrl":"https:\/\/www.convention.qc.ca\/wp-content\/uploads\/poster.png","width":1200,"height":630,"caption":"Centre des congr\u00e8s de Qu\u00e9bec"},"image":{"@id":"https:\/\/www.convention.qc.ca\/en\/#\/schema\/logo\/image\/"},"sameAs":["https:\/\/www.facebook.com\/congresquebec\/","https:\/\/x.com\/quebeccongres","https:\/\/www.instagram.com\/quebeccongres\/","https:\/\/www.linkedin.com\/company\/congresquebec"]}]}},"_links":{"self":[{"href":"https:\/\/www.convention.qc.ca\/en\/wp-json\/wp\/v2\/communiques\/10018","targetHints":{"allow":["GET"]}}],"collection":[{"href":"https:\/\/www.convention.qc.ca\/en\/wp-json\/wp\/v2\/communiques"}],"about":[{"href":"https:\/\/www.convention.qc.ca\/en\/wp-json\/wp\/v2\/types\/communiques"}],"wp:featuredmedia":[{"embeddable":true,"href":"https:\/\/www.convention.qc.ca\/en\/wp-json\/wp\/v2\/media\/12266"}],"wp:attachment":[{"href":"https:\/\/www.convention.qc.ca\/en\/wp-json\/wp\/v2\/media?parent=10018"}],"wp:term":[{"taxonomy":"categorie-communiques","embeddable":true,"href":"https:\/\/www.convention.qc.ca\/en\/wp-json\/wp\/v2\/categorie-communiques?post=10018"}],"curies":[{"name":"wp","href":"https:\/\/api.w.org\/{rel}","templated":true}]}}